{"id":6869,"date":"2016-12-18T21:18:57","date_gmt":"2016-12-18T20:18:57","guid":{"rendered":"http:\/\/www.immamestre.com\/?post_type=project&#038;p=6869\/"},"modified":"2016-12-29T12:01:52","modified_gmt":"2016-12-29T11:01:52","slug":"navidad-en-viladecans","status":"publish","type":"project","link":"https:\/\/old.immamestre.com\/es\/project\/navidad-en-viladecans\/","title":{"rendered":"Navidad en Viladecans"},"content":{"rendered":"<p>[et_pb_section admin_label=\u00bbsection\u00bb][et_pb_row admin_label=\u00bbFila\u00bb][et_pb_column type=\u00bb4_4&#8243;][et_pb_text admin_label=\u00bbTexto\u00bb background_layout=\u00bblight\u00bb text_orientation=\u00bbleft\u00bb header_font=\u00bbOpen Sans||||\u00bb header_text_color=\u00bb#707173&#8243; text_font=\u00bbOpen Sans|on|||\u00bb text_text_color=\u00bb#707173&#8243; background_color=\u00bb#ffffff\u00bb use_border_color=\u00bboff\u00bb border_color=\u00bb#ffffff\u00bb border_style=\u00bbsolid\u00bb text_font_size=\u00bb25&#8243;]<\/p>\n<p>Campa\u00f1a de Navidad para el Punto de Comercio y el Ayuntamiento de Viladecans<\/p>\n<p>[\/et_pb_text][\/et_pb_column][\/et_pb_row][et_pb_row admin_label=\u00bbrow\u00bb][et_pb_column type=\u00bb4_4&#8243;][et_pb_gallery admin_label=\u00bbGaler\u00eda\u00bb gallery_ids=\u00bb6892,6886,6887,6873,6878,6877,6870,6885,6884,6872,6882,6875,6881,6891,6879,6874,6871,6876&#8243; fullwidth=\u00bbon\u00bb show_title_and_caption=\u00bboff\u00bb show_pagination=\u00bbon\u00bb background_layout=\u00bblight\u00bb auto=\u00bbon\u00bb hover_overlay_color=\u00bbrgba(255,255,255,0.9)\u00bb caption_all_caps=\u00bboff\u00bb use_border_color=\u00bboff\u00bb border_color=\u00bb#ffffff\u00bb border_style=\u00bbsolid\u00bb posts_number=\u00bb10&#8243; auto_speed=\u00bb3000&#8243;] [\/et_pb_gallery][\/et_pb_column][\/et_pb_row][et_pb_row admin_label=\u00bbFila\u00bb][et_pb_column type=\u00bb2_3&#8243;][et_pb_text admin_label=\u00bbTexto\u00bb background_layout=\u00bblight\u00bb text_orientation=\u00bbleft\u00bb header_font=\u00bbOpen Sans||||\u00bb header_text_color=\u00bb#707173&#8243; text_font=\u00bbOpen Sans||||\u00bb text_text_color=\u00bb#707173&#8243; use_border_color=\u00bboff\u00bb border_color=\u00bb#ffffff\u00bb border_style=\u00bbsolid\u00bb text_font_size=\u00bb16&#8243;]<\/p>\n<p>Ilustraciones para la campa\u00f1a de Navidad del Punto de Comercio y el Ayuntamiento de Viladecans. La gr\u00e1fica y direcci\u00f3n de arte de la campa\u00f1a est\u00e1 dise\u00f1ada por\u00a0la Agencia\u00a0<a href=\"http:\/\/www.how-agency.com\" target=\"_blank\">How Creative&amp;Strategic Communication<\/a>.<\/p>\n<p>El <strong>lema<\/strong> de la campa\u00f1a era <em><strong>\u00abTorna la il\u00b7lusi\u00f3 del Nadal\u00bb<\/strong><\/em> (Vuelve la ilusi\u00f3n de la Navidad) en la que se ten\u00eda que describir tres escenas donde\u00a0se vieran a un abuelo, un padre y una madre disfrutando de la Navidad como si fueran ni\u00f1os.<\/p>\n<p>Tambi\u00e9n se desarrollaron las ilustraciones para la carta a los Reyes Magos que se reparte desde el Ayuntamiento y una ilustraci\u00f3n para publicitar la 1\u00aa Cursa de los Pap\u00e1 Noel de Viladecans.<\/p>\n<p>[\/et_pb_text][\/et_pb_column][et_pb_column type=\u00bb1_3&#8243;][et_pb_text admin_label=\u00bbTexto\u00bb background_layout=\u00bblight\u00bb text_orientation=\u00bbleft\u00bb header_font=\u00bbOpen Sans||||\u00bb header_text_color=\u00bb#707173&#8243; text_font=\u00bbOpen Sans||||\u00bb text_text_color=\u00bb#707173&#8243; use_border_color=\u00bboff\u00bb border_color=\u00bb#ffffff\u00bb border_style=\u00bbsolid\u00bb text_font_size=\u00bb16&#8243;]<\/p>\n<p><strong>Cliente: <\/strong><a href=\"http:\/\/www.how-agency.com\" target=\"_blank\">How-agency<\/a> para el Ayuntamiento de Viladecans<strong><br \/>\n<\/strong><\/p>\n<p><strong>A\u00f1o:<\/strong>\u00a0Diciembre de 2016<\/p>\n<p><strong>T\u00e9cnica:<\/strong>\u00a0Ilustraci\u00f3n digital en formato vectorial.<\/p>\n<p>[\/et_pb_text][\/et_pb_column][\/et_pb_row][\/et_pb_section]<\/p>\n","protected":false},"excerpt":{"rendered":"<p>Campa\u00f1a de Navidad para el Punto de Comercio y el Ayuntamiento de Viladecans Ilustraciones para la campa\u00f1a de Navidad del Punto de Comercio y el Ayuntamiento de Viladecans. La gr\u00e1fica y direcci\u00f3n de arte de la campa\u00f1a est\u00e1 dise\u00f1ada por\u00a0la Agencia\u00a0How Creative&amp;Strategic Communication. El lema de la campa\u00f1a era \u00abTorna la il\u00b7lusi\u00f3 del Nadal\u00bb (Vuelve [&hellip;]<\/p>\n","protected":false},"author":1,"featured_media":6883,"comment_status":"open","ping_status":"closed","template":"","meta":{"_et_pb_use_builder":"on","_et_pb_old_content":"","_et_gb_content_width":"","_monsterinsights_skip_tracking":false,"_monsterinsights_sitenote_active":false,"_monsterinsights_sitenote_note":"","_monsterinsights_sitenote_category":0,"footnotes":""},"project_category":[384],"project_tag":[532,465],"class_list":["post-6869","project","type-project","status-publish","has-post-thumbnail","hentry","project_category-publicidad","project_tag-ilustracion","project_tag-navidad"],"yoast_head":"<!-- This site is optimized with the Yoast SEO plugin v26.1.1 - https:\/\/yoast.com\/wordpress\/plugins\/seo\/ -->\n<title>Navidad en Viladecans - Imma Mestre | Ilustraci\u00f3n<\/title>\n<meta name=\"description\" content=\"Ilustraciones para la Campa\u00f1a de Navidad dise\u00f1ada por How-agency, para el punto comercial de Viladecans y el Ayuntamiento de Viladecans.\" \/>\n<meta name=\"robots\" content=\"index, follow, max-snippet:-1, max-image-preview:large, max-video-preview:-1\" \/>\n<link rel=\"canonical\" href=\"https:\/\/old.immamestre.com\/project\/navidad-en-viladecans\/\" \/>\n<meta property=\"og:locale\" content=\"es_ES\" \/>\n<meta property=\"og:type\" content=\"article\" \/>\n<meta property=\"og:title\" content=\"Navidad en Viladecans - Imma Mestre | Ilustraci\u00f3n\" \/>\n<meta property=\"og:description\" content=\"Ilustraciones para la Campa\u00f1a de Navidad dise\u00f1ada por How-agency, para el punto comercial de Viladecans y el Ayuntamiento de Viladecans.\" \/>\n<meta property=\"og:url\" content=\"https:\/\/old.immamestre.com\/project\/navidad-en-viladecans\/\" \/>\n<meta property=\"og:site_name\" content=\"Imma Mestre | Ilustraci\u00f3n\" \/>\n<meta property=\"article:modified_time\" content=\"2016-12-29T11:01:52+00:00\" \/>\n<meta property=\"og:image\" content=\"https:\/\/old.immamestre.com\/wp-content\/uploads\/2016\/12\/IL_Nadal-Viladecans_Feature-image.jpg\" \/>\n\t<meta property=\"og:image:width\" content=\"275\" \/>\n\t<meta property=\"og:image:height\" content=\"200\" \/>\n\t<meta property=\"og:image:type\" content=\"image\/jpeg\" \/>\n<meta name=\"twitter:label1\" content=\"Tiempo de lectura\" \/>\n\t<meta name=\"twitter:data1\" content=\"2 minutos\" \/>\n<script type=\"application\/ld+json\" class=\"yoast-schema-graph\">{\"@context\":\"https:\/\/schema.org\",\"@graph\":[{\"@type\":\"WebPage\",\"@id\":\"https:\/\/old.immamestre.com\/project\/navidad-en-viladecans\/\",\"url\":\"https:\/\/old.immamestre.com\/project\/navidad-en-viladecans\/\",\"name\":\"Navidad en Viladecans - Imma Mestre | Ilustraci\u00f3n\",\"isPartOf\":{\"@id\":\"https:\/\/old.immamestre.com\/#website\"},\"primaryImageOfPage\":{\"@id\":\"https:\/\/old.immamestre.com\/project\/navidad-en-viladecans\/#primaryimage\"},\"image\":{\"@id\":\"https:\/\/old.immamestre.com\/project\/navidad-en-viladecans\/#primaryimage\"},\"thumbnailUrl\":\"https:\/\/old.immamestre.com\/wp-content\/uploads\/2016\/12\/IL_Nadal-Viladecans_Feature-image.jpg\",\"datePublished\":\"2016-12-18T20:18:57+00:00\",\"dateModified\":\"2016-12-29T11:01:52+00:00\",\"description\":\"Ilustraciones para la Campa\u00f1a de Navidad dise\u00f1ada por How-agency, para el punto comercial de Viladecans y el Ayuntamiento de Viladecans.\",\"breadcrumb\":{\"@id\":\"https:\/\/old.immamestre.com\/project\/navidad-en-viladecans\/#breadcrumb\"},\"inLanguage\":\"es\",\"potentialAction\":[{\"@type\":\"ReadAction\",\"target\":[\"https:\/\/old.immamestre.com\/project\/navidad-en-viladecans\/\"]}]},{\"@type\":\"ImageObject\",\"inLanguage\":\"es\",\"@id\":\"https:\/\/old.immamestre.com\/project\/navidad-en-viladecans\/#primaryimage\",\"url\":\"https:\/\/old.immamestre.com\/wp-content\/uploads\/2016\/12\/IL_Nadal-Viladecans_Feature-image.jpg\",\"contentUrl\":\"https:\/\/old.immamestre.com\/wp-content\/uploads\/2016\/12\/IL_Nadal-Viladecans_Feature-image.jpg\",\"width\":275,\"height\":200},{\"@type\":\"BreadcrumbList\",\"@id\":\"https:\/\/old.immamestre.com\/project\/navidad-en-viladecans\/#breadcrumb\",\"itemListElement\":[{\"@type\":\"ListItem\",\"position\":1,\"name\":\"Home\",\"item\":\"https:\/\/old.immamestre.com\/\"},{\"@type\":\"ListItem\",\"position\":2,\"name\":\"Projects\",\"item\":\"https:\/\/old.immamestre.com\/project\/\"},{\"@type\":\"ListItem\",\"position\":3,\"name\":\"Navidad en Viladecans\"}]},{\"@type\":\"WebSite\",\"@id\":\"https:\/\/old.immamestre.com\/#website\",\"url\":\"https:\/\/old.immamestre.com\/\",\"name\":\"Imma Mestre | Ilustraci\u00f3n\",\"description\":\"ilustraci\u00f3n\",\"publisher\":{\"@id\":\"https:\/\/old.immamestre.com\/#\/schema\/person\/f649c9039586af566b698906bc9da076\"},\"potentialAction\":[{\"@type\":\"SearchAction\",\"target\":{\"@type\":\"EntryPoint\",\"urlTemplate\":\"https:\/\/old.immamestre.com\/?s={search_term_string}\"},\"query-input\":{\"@type\":\"PropertyValueSpecification\",\"valueRequired\":true,\"valueName\":\"search_term_string\"}}],\"inLanguage\":\"es\"},{\"@type\":[\"Person\",\"Organization\"],\"@id\":\"https:\/\/old.immamestre.com\/#\/schema\/person\/f649c9039586af566b698906bc9da076\",\"name\":\"Imma Mestre\",\"image\":{\"@type\":\"ImageObject\",\"inLanguage\":\"es\",\"@id\":\"https:\/\/old.immamestre.com\/#\/schema\/person\/image\/\",\"url\":\"https:\/\/secure.gravatar.com\/avatar\/fe9530742331fb8e4cb4de875d82303426947d472e41eb783b6dc62694aa6aff?s=96&d=mm&r=g\",\"contentUrl\":\"https:\/\/secure.gravatar.com\/avatar\/fe9530742331fb8e4cb4de875d82303426947d472e41eb783b6dc62694aa6aff?s=96&d=mm&r=g\",\"caption\":\"Imma Mestre\"},\"logo\":{\"@id\":\"https:\/\/old.immamestre.com\/#\/schema\/person\/image\/\"},\"description\":\"Hola soy Imma. Ilustradora. Hablo a trav\u00e9s de ilustraciones. Dame un l\u00e1piz y pinto tu mundo con historias ilustradas que te har\u00e1n despuntar.\",\"sameAs\":[\"https:\/\/www.immamestre.com\"]}]}<\/script>\n<!-- \/ Yoast SEO plugin. -->","yoast_head_json":{"title":"Navidad en Viladecans - Imma Mestre | Ilustraci\u00f3n","description":"Ilustraciones para la Campa\u00f1a de Navidad dise\u00f1ada por How-agency, para el punto comercial de Viladecans y el Ayuntamiento de Viladecans.","robots":{"index":"index","follow":"follow","max-snippet":"max-snippet:-1","max-image-preview":"max-image-preview:large","max-video-preview":"max-video-preview:-1"},"canonical":"https:\/\/old.immamestre.com\/project\/navidad-en-viladecans\/","og_locale":"es_ES","og_type":"article","og_title":"Navidad en Viladecans - Imma Mestre | Ilustraci\u00f3n","og_description":"Ilustraciones para la Campa\u00f1a de Navidad dise\u00f1ada por How-agency, para el punto comercial de Viladecans y el Ayuntamiento de Viladecans.","og_url":"https:\/\/old.immamestre.com\/project\/navidad-en-viladecans\/","og_site_name":"Imma Mestre | Ilustraci\u00f3n","article_modified_time":"2016-12-29T11:01:52+00:00","og_image":[{"width":275,"height":200,"url":"https:\/\/old.immamestre.com\/wp-content\/uploads\/2016\/12\/IL_Nadal-Viladecans_Feature-image.jpg","type":"image\/jpeg"}],"twitter_misc":{"Tiempo de lectura":"2 minutos"},"schema":{"@context":"https:\/\/schema.org","@graph":[{"@type":"WebPage","@id":"https:\/\/old.immamestre.com\/project\/navidad-en-viladecans\/","url":"https:\/\/old.immamestre.com\/project\/navidad-en-viladecans\/","name":"Navidad en Viladecans - Imma Mestre | Ilustraci\u00f3n","isPartOf":{"@id":"https:\/\/old.immamestre.com\/#website"},"primaryImageOfPage":{"@id":"https:\/\/old.immamestre.com\/project\/navidad-en-viladecans\/#primaryimage"},"image":{"@id":"https:\/\/old.immamestre.com\/project\/navidad-en-viladecans\/#primaryimage"},"thumbnailUrl":"https:\/\/old.immamestre.com\/wp-content\/uploads\/2016\/12\/IL_Nadal-Viladecans_Feature-image.jpg","datePublished":"2016-12-18T20:18:57+00:00","dateModified":"2016-12-29T11:01:52+00:00","description":"Ilustraciones para la Campa\u00f1a de Navidad dise\u00f1ada por How-agency, para el punto comercial de Viladecans y el Ayuntamiento de Viladecans.","breadcrumb":{"@id":"https:\/\/old.immamestre.com\/project\/navidad-en-viladecans\/#breadcrumb"},"inLanguage":"es","potentialAction":[{"@type":"ReadAction","target":["https:\/\/old.immamestre.com\/project\/navidad-en-viladecans\/"]}]},{"@type":"ImageObject","inLanguage":"es","@id":"https:\/\/old.immamestre.com\/project\/navidad-en-viladecans\/#primaryimage","url":"https:\/\/old.immamestre.com\/wp-content\/uploads\/2016\/12\/IL_Nadal-Viladecans_Feature-image.jpg","contentUrl":"https:\/\/old.immamestre.com\/wp-content\/uploads\/2016\/12\/IL_Nadal-Viladecans_Feature-image.jpg","width":275,"height":200},{"@type":"BreadcrumbList","@id":"https:\/\/old.immamestre.com\/project\/navidad-en-viladecans\/#breadcrumb","itemListElement":[{"@type":"ListItem","position":1,"name":"Home","item":"https:\/\/old.immamestre.com\/"},{"@type":"ListItem","position":2,"name":"Projects","item":"https:\/\/old.immamestre.com\/project\/"},{"@type":"ListItem","position":3,"name":"Navidad en Viladecans"}]},{"@type":"WebSite","@id":"https:\/\/old.immamestre.com\/#website","url":"https:\/\/old.immamestre.com\/","name":"Imma Mestre | Ilustraci\u00f3n","description":"ilustraci\u00f3n","publisher":{"@id":"https:\/\/old.immamestre.com\/#\/schema\/person\/f649c9039586af566b698906bc9da076"},"potentialAction":[{"@type":"SearchAction","target":{"@type":"EntryPoint","urlTemplate":"https:\/\/old.immamestre.com\/?s={search_term_string}"},"query-input":{"@type":"PropertyValueSpecification","valueRequired":true,"valueName":"search_term_string"}}],"inLanguage":"es"},{"@type":["Person","Organization"],"@id":"https:\/\/old.immamestre.com\/#\/schema\/person\/f649c9039586af566b698906bc9da076","name":"Imma Mestre","image":{"@type":"ImageObject","inLanguage":"es","@id":"https:\/\/old.immamestre.com\/#\/schema\/person\/image\/","url":"https:\/\/secure.gravatar.com\/avatar\/fe9530742331fb8e4cb4de875d82303426947d472e41eb783b6dc62694aa6aff?s=96&d=mm&r=g","contentUrl":"https:\/\/secure.gravatar.com\/avatar\/fe9530742331fb8e4cb4de875d82303426947d472e41eb783b6dc62694aa6aff?s=96&d=mm&r=g","caption":"Imma Mestre"},"logo":{"@id":"https:\/\/old.immamestre.com\/#\/schema\/person\/image\/"},"description":"Hola soy Imma. Ilustradora. Hablo a trav\u00e9s de ilustraciones. Dame un l\u00e1piz y pinto tu mundo con historias ilustradas que te har\u00e1n despuntar.","sameAs":["https:\/\/www.immamestre.com"]}]}},"_links":{"self":[{"href":"https:\/\/old.immamestre.com\/es\/wp-json\/wp\/v2\/project\/6869","targetHints":{"allow":["GET"]}}],"collection":[{"href":"https:\/\/old.immamestre.com\/es\/wp-json\/wp\/v2\/project"}],"about":[{"href":"https:\/\/old.immamestre.com\/es\/wp-json\/wp\/v2\/types\/project"}],"author":[{"embeddable":true,"href":"https:\/\/old.immamestre.com\/es\/wp-json\/wp\/v2\/users\/1"}],"replies":[{"embeddable":true,"href":"https:\/\/old.immamestre.com\/es\/wp-json\/wp\/v2\/comments?post=6869"}],"version-history":[{"count":6,"href":"https:\/\/old.immamestre.com\/es\/wp-json\/wp\/v2\/project\/6869\/revisions"}],"predecessor-version":[{"id":7864,"href":"https:\/\/old.immamestre.com\/es\/wp-json\/wp\/v2\/project\/6869\/revisions\/7864"}],"wp:featuredmedia":[{"embeddable":true,"href":"https:\/\/old.immamestre.com\/es\/wp-json\/wp\/v2\/media\/6883"}],"wp:attachment":[{"href":"https:\/\/old.immamestre.com\/es\/wp-json\/wp\/v2\/media?parent=6869"}],"wp:term":[{"taxonomy":"project_category","embeddable":true,"href":"https:\/\/old.immamestre.com\/es\/wp-json\/wp\/v2\/project_category?post=6869"},{"taxonomy":"project_tag","embeddable":true,"href":"https:\/\/old.immamestre.com\/es\/wp-json\/wp\/v2\/project_tag?post=6869"}],"curies":[{"name":"wp","href":"https:\/\/api.w.org\/{rel}","templated":true}]}}