{"id":6627,"date":"2016-11-14T22:06:12","date_gmt":"2016-11-14T21:06:12","guid":{"rendered":"http:\/\/www.immamestre.com\/?post_type=project&#038;p=6627"},"modified":"2022-04-14T15:25:53","modified_gmt":"2022-04-14T13:25:53","slug":"un-hivern-de-colors","status":"publish","type":"project","link":"https:\/\/old.immamestre.com\/es\/project\/un-hivern-de-colors\/","title":{"rendered":"Un hivern de colors"},"content":{"rendered":"<p>[et_pb_section fb_built=\u00bb1&#8243; admin_label=\u00bbsection\u00bb _builder_version=\u00bb4.16&#8243; global_colors_info=\u00bb{}\u00bb][et_pb_row admin_label=\u00bbFila\u00bb _builder_version=\u00bb4.16&#8243; background_size=\u00bbinitial\u00bb background_position=\u00bbtop_left\u00bb background_repeat=\u00bbrepeat\u00bb global_colors_info=\u00bb{}\u00bb][et_pb_column type=\u00bb4_4&#8243; _builder_version=\u00bb4.16&#8243; custom_padding=\u00bb|||\u00bb global_colors_info=\u00bb{}\u00bb custom_padding__hover=\u00bb|||\u00bb][et_pb_text admin_label=\u00bbTexto\u00bb _builder_version=\u00bb4.16&#8243; text_font=\u00bbOpen Sans|on|||\u00bb text_text_color=\u00bb#707173&#8243; text_font_size=\u00bb25&#8243; header_font=\u00bbOpen Sans||||\u00bb header_text_color=\u00bb#707173&#8243; background_color=\u00bb#ffffff\u00bb background_size=\u00bbinitial\u00bb background_position=\u00bbtop_left\u00bb background_repeat=\u00bbrepeat\u00bb use_border_color=\u00bboff\u00bb border_color=\u00bb#ffffff\u00bb border_style=\u00bbsolid\u00bb global_colors_info=\u00bb{}\u00bb]Un hivern de colors<br \/>\n[\/et_pb_text][\/et_pb_column][\/et_pb_row][et_pb_row admin_label=\u00bbrow\u00bb _builder_version=\u00bb4.16&#8243; background_size=\u00bbinitial\u00bb background_position=\u00bbtop_left\u00bb background_repeat=\u00bbrepeat\u00bb global_colors_info=\u00bb{}\u00bb][et_pb_column type=\u00bb4_4&#8243; _builder_version=\u00bb4.16&#8243; custom_padding=\u00bb|||\u00bb global_colors_info=\u00bb{}\u00bb custom_padding__hover=\u00bb|||\u00bb][et_pb_gallery gallery_ids=\u00bb6617,6618,6624,6629,6630&#8243; fullwidth=\u00bbon\u00bb admin_label=\u00bbGaler\u00eda\u00bb _builder_version=\u00bb4.16&#8243; caption_all_caps=\u00bboff\u00bb auto=\u00bbon\u00bb auto_speed=\u00bb3000&#8243; use_border_color=\u00bboff\u00bb border_color=\u00bb#ffffff\u00bb border_style=\u00bbsolid\u00bb global_colors_info=\u00bb{}\u00bb] [\/et_pb_gallery][\/et_pb_column][\/et_pb_row][et_pb_row admin_label=\u00bbFila\u00bb _builder_version=\u00bb4.16&#8243; background_size=\u00bbinitial\u00bb background_position=\u00bbtop_left\u00bb background_repeat=\u00bbrepeat\u00bb global_colors_info=\u00bb{}\u00bb column_structure=\u00bb2_3,1_3&#8243;][et_pb_column type=\u00bb2_3&#8243; _builder_version=\u00bb4.16&#8243; custom_padding=\u00bb|||\u00bb global_colors_info=\u00bb{}\u00bb custom_padding__hover=\u00bb|||\u00bb][et_pb_text admin_label=\u00bbTexto\u00bb _builder_version=\u00bb4.16&#8243; text_font=\u00bbOpen Sans||||\u00bb text_text_color=\u00bb#707173&#8243; text_font_size=\u00bb16&#8243; header_font=\u00bbOpen Sans||||\u00bb header_text_color=\u00bb#707173&#8243; background_size=\u00bbinitial\u00bb background_position=\u00bbtop_left\u00bb background_repeat=\u00bbrepeat\u00bb use_border_color=\u00bboff\u00bb border_color=\u00bb#ffffff\u00bb border_style=\u00bbsolid\u00bb global_colors_info=\u00bb{}\u00bb]Dise\u00f1o del \u00e1lbum de canciones de Navidad e invierno\u00a0<em>Un hivern de colors<\/em>,\u00a0compuesto por Xavi Gonz\u00e1lez Cabr\u00e9 y Anna Llopart Mestres.\u00a0Ilustraciones de las 14 canciones que componen el cd y maquetaci\u00f3n del librito donde se encuentra la letra de cada tema.<\/p>\n<p>&nbsp;<br \/>\n[\/et_pb_text][\/et_pb_column][et_pb_column type=\u00bb1_3&#8243; _builder_version=\u00bb4.16&#8243; custom_padding=\u00bb|||\u00bb global_colors_info=\u00bb{}\u00bb custom_padding__hover=\u00bb|||\u00bb][et_pb_text admin_label=\u00bbTexto\u00bb _builder_version=\u00bb4.16&#8243; text_font=\u00bbOpen Sans||||\u00bb text_text_color=\u00bb#707173&#8243; text_font_size=\u00bb16&#8243; header_font=\u00bbOpen Sans||||\u00bb header_text_color=\u00bb#707173&#8243; background_size=\u00bbinitial\u00bb background_position=\u00bbtop_left\u00bb background_repeat=\u00bbrepeat\u00bb use_border_color=\u00bboff\u00bb border_color=\u00bb#ffffff\u00bb border_style=\u00bbsolid\u00bb global_colors_info=\u00bb{}\u00bb]<strong>Cliente: <\/strong>Anna Llopart y Xavi Gonz\u00e1lez Cabr\u00e9<strong><br \/>\n<\/strong><\/p>\n<p><strong>A\u00f1o:<\/strong>\u00a0octubre del 2016<\/p>\n<p><strong>T\u00e9cnica:<\/strong>\u00a0l\u00e1piz y digital.<br \/>\n[\/et_pb_text][\/et_pb_column][\/et_pb_row][\/et_pb_section][et_pb_section fb_built=\u00bb1&#8243; admin_label=\u00bbsection\u00bb _builder_version=\u00bb4.16&#8243; global_colors_info=\u00bb{}\u00bb][et_pb_row admin_label=\u00bbrow\u00bb _builder_version=\u00bb4.16&#8243; background_size=\u00bbinitial\u00bb background_position=\u00bbtop_left\u00bb background_repeat=\u00bbrepeat\u00bb global_colors_info=\u00bb{}\u00bb][\/et_pb_row][\/et_pb_section]<\/p>\n","protected":false},"excerpt":{"rendered":"<p>Un hivern de colors Dise\u00f1o del \u00e1lbum de canciones de Navidad e invierno\u00a0Un hivern de colors,\u00a0compuesto por Xavi Gonz\u00e1lez Cabr\u00e9 y Anna Llopart Mestres.\u00a0Ilustraciones de las 14 canciones que componen el cd y maquetaci\u00f3n del librito donde se encuentra la letra de cada tema. &nbsp; Cliente: Anna Llopart y Xavi Gonz\u00e1lez Cabr\u00e9 A\u00f1o:\u00a0octubre del 2016 [&hellip;]<\/p>\n","protected":false},"author":1,"featured_media":6632,"comment_status":"open","ping_status":"closed","template":"","meta":{"_et_pb_use_builder":"on","_et_pb_old_content":"","_et_gb_content_width":"","_monsterinsights_skip_tracking":false,"_monsterinsights_sitenote_active":false,"_monsterinsights_sitenote_note":"","_monsterinsights_sitenote_category":0,"footnotes":""},"project_category":[385],"project_tag":[467,465,466],"class_list":["post-6627","project","type-project","status-publish","has-post-thumbnail","hentry","project_category-diseno-grafico","project_tag-canciones","project_tag-navidad","project_tag-villancicos"],"yoast_head":"<!-- This site is optimized with the Yoast SEO plugin v26.1.1 - https:\/\/yoast.com\/wordpress\/plugins\/seo\/ -->\n<title>Un hivern de colors - Imma Mestre | Ilustraci\u00f3n<\/title>\n<meta name=\"description\" content=\"Dise\u00f1o, maquetaci\u00f3n e ilustraciones para el \u00e1lbum de canciones de Navidad e invierno Un hivern de colors, compuesto por Xavi G. Cabr\u00e9 y Anna Llopart.\" \/>\n<meta name=\"robots\" content=\"index, follow, max-snippet:-1, max-image-preview:large, max-video-preview:-1\" \/>\n<link rel=\"canonical\" href=\"https:\/\/old.immamestre.com\/project\/un-hivern-de-colors\/\" \/>\n<meta property=\"og:locale\" content=\"es_ES\" \/>\n<meta property=\"og:type\" content=\"article\" \/>\n<meta property=\"og:title\" content=\"Un hivern de colors - Imma Mestre | Ilustraci\u00f3n\" \/>\n<meta property=\"og:description\" content=\"Dise\u00f1o, maquetaci\u00f3n e ilustraciones para el \u00e1lbum de canciones de Navidad e invierno Un hivern de colors, compuesto por Xavi G. Cabr\u00e9 y Anna Llopart.\" \/>\n<meta property=\"og:url\" content=\"https:\/\/old.immamestre.com\/project\/un-hivern-de-colors\/\" \/>\n<meta property=\"og:site_name\" content=\"Imma Mestre | Ilustraci\u00f3n\" \/>\n<meta property=\"article:modified_time\" content=\"2022-04-14T13:25:53+00:00\" \/>\n<meta property=\"og:image\" content=\"https:\/\/old.immamestre.com\/wp-content\/uploads\/2016\/11\/DG-IL_Un-hivern-de-colors_Featured-image_ImmaMestre.jpg\" \/>\n\t<meta property=\"og:image:width\" content=\"890\" \/>\n\t<meta property=\"og:image:height\" content=\"592\" \/>\n\t<meta property=\"og:image:type\" content=\"image\/jpeg\" \/>\n<meta name=\"twitter:label1\" content=\"Tiempo de lectura\" \/>\n\t<meta name=\"twitter:data1\" content=\"2 minutos\" \/>\n<script type=\"application\/ld+json\" class=\"yoast-schema-graph\">{\"@context\":\"https:\/\/schema.org\",\"@graph\":[{\"@type\":\"WebPage\",\"@id\":\"https:\/\/old.immamestre.com\/project\/un-hivern-de-colors\/\",\"url\":\"https:\/\/old.immamestre.com\/project\/un-hivern-de-colors\/\",\"name\":\"Un hivern de colors - Imma Mestre | Ilustraci\u00f3n\",\"isPartOf\":{\"@id\":\"https:\/\/old.immamestre.com\/#website\"},\"primaryImageOfPage\":{\"@id\":\"https:\/\/old.immamestre.com\/project\/un-hivern-de-colors\/#primaryimage\"},\"image\":{\"@id\":\"https:\/\/old.immamestre.com\/project\/un-hivern-de-colors\/#primaryimage\"},\"thumbnailUrl\":\"https:\/\/old.immamestre.com\/wp-content\/uploads\/2016\/11\/DG-IL_Un-hivern-de-colors_Featured-image_ImmaMestre.jpg\",\"datePublished\":\"2016-11-14T21:06:12+00:00\",\"dateModified\":\"2022-04-14T13:25:53+00:00\",\"description\":\"Dise\u00f1o, maquetaci\u00f3n e ilustraciones para el \u00e1lbum de canciones de Navidad e invierno Un hivern de colors, compuesto por Xavi G. Cabr\u00e9 y Anna Llopart.\",\"breadcrumb\":{\"@id\":\"https:\/\/old.immamestre.com\/project\/un-hivern-de-colors\/#breadcrumb\"},\"inLanguage\":\"es\",\"potentialAction\":[{\"@type\":\"ReadAction\",\"target\":[\"https:\/\/old.immamestre.com\/project\/un-hivern-de-colors\/\"]}]},{\"@type\":\"ImageObject\",\"inLanguage\":\"es\",\"@id\":\"https:\/\/old.immamestre.com\/project\/un-hivern-de-colors\/#primaryimage\",\"url\":\"https:\/\/old.immamestre.com\/wp-content\/uploads\/2016\/11\/DG-IL_Un-hivern-de-colors_Featured-image_ImmaMestre.jpg\",\"contentUrl\":\"https:\/\/old.immamestre.com\/wp-content\/uploads\/2016\/11\/DG-IL_Un-hivern-de-colors_Featured-image_ImmaMestre.jpg\",\"width\":890,\"height\":592},{\"@type\":\"BreadcrumbList\",\"@id\":\"https:\/\/old.immamestre.com\/project\/un-hivern-de-colors\/#breadcrumb\",\"itemListElement\":[{\"@type\":\"ListItem\",\"position\":1,\"name\":\"Home\",\"item\":\"https:\/\/old.immamestre.com\/\"},{\"@type\":\"ListItem\",\"position\":2,\"name\":\"Projects\",\"item\":\"https:\/\/old.immamestre.com\/project\/\"},{\"@type\":\"ListItem\",\"position\":3,\"name\":\"Un hivern de colors\"}]},{\"@type\":\"WebSite\",\"@id\":\"https:\/\/old.immamestre.com\/#website\",\"url\":\"https:\/\/old.immamestre.com\/\",\"name\":\"Imma Mestre | Ilustraci\u00f3n\",\"description\":\"ilustraci\u00f3n\",\"publisher\":{\"@id\":\"https:\/\/old.immamestre.com\/#\/schema\/person\/f649c9039586af566b698906bc9da076\"},\"potentialAction\":[{\"@type\":\"SearchAction\",\"target\":{\"@type\":\"EntryPoint\",\"urlTemplate\":\"https:\/\/old.immamestre.com\/?s={search_term_string}\"},\"query-input\":{\"@type\":\"PropertyValueSpecification\",\"valueRequired\":true,\"valueName\":\"search_term_string\"}}],\"inLanguage\":\"es\"},{\"@type\":[\"Person\",\"Organization\"],\"@id\":\"https:\/\/old.immamestre.com\/#\/schema\/person\/f649c9039586af566b698906bc9da076\",\"name\":\"Imma Mestre\",\"image\":{\"@type\":\"ImageObject\",\"inLanguage\":\"es\",\"@id\":\"https:\/\/old.immamestre.com\/#\/schema\/person\/image\/\",\"url\":\"https:\/\/secure.gravatar.com\/avatar\/fe9530742331fb8e4cb4de875d82303426947d472e41eb783b6dc62694aa6aff?s=96&d=mm&r=g\",\"contentUrl\":\"https:\/\/secure.gravatar.com\/avatar\/fe9530742331fb8e4cb4de875d82303426947d472e41eb783b6dc62694aa6aff?s=96&d=mm&r=g\",\"caption\":\"Imma Mestre\"},\"logo\":{\"@id\":\"https:\/\/old.immamestre.com\/#\/schema\/person\/image\/\"},\"description\":\"Hola soy Imma. Ilustradora. Hablo a trav\u00e9s de ilustraciones. Dame un l\u00e1piz y pinto tu mundo con historias ilustradas que te har\u00e1n despuntar.\",\"sameAs\":[\"https:\/\/www.immamestre.com\"]}]}<\/script>\n<!-- \/ Yoast SEO plugin. -->","yoast_head_json":{"title":"Un hivern de colors - Imma Mestre | Ilustraci\u00f3n","description":"Dise\u00f1o, maquetaci\u00f3n e ilustraciones para el \u00e1lbum de canciones de Navidad e invierno Un hivern de colors, compuesto por Xavi G. Cabr\u00e9 y Anna Llopart.","robots":{"index":"index","follow":"follow","max-snippet":"max-snippet:-1","max-image-preview":"max-image-preview:large","max-video-preview":"max-video-preview:-1"},"canonical":"https:\/\/old.immamestre.com\/project\/un-hivern-de-colors\/","og_locale":"es_ES","og_type":"article","og_title":"Un hivern de colors - Imma Mestre | Ilustraci\u00f3n","og_description":"Dise\u00f1o, maquetaci\u00f3n e ilustraciones para el \u00e1lbum de canciones de Navidad e invierno Un hivern de colors, compuesto por Xavi G. Cabr\u00e9 y Anna Llopart.","og_url":"https:\/\/old.immamestre.com\/project\/un-hivern-de-colors\/","og_site_name":"Imma Mestre | Ilustraci\u00f3n","article_modified_time":"2022-04-14T13:25:53+00:00","og_image":[{"width":890,"height":592,"url":"https:\/\/old.immamestre.com\/wp-content\/uploads\/2016\/11\/DG-IL_Un-hivern-de-colors_Featured-image_ImmaMestre.jpg","type":"image\/jpeg"}],"twitter_misc":{"Tiempo de lectura":"2 minutos"},"schema":{"@context":"https:\/\/schema.org","@graph":[{"@type":"WebPage","@id":"https:\/\/old.immamestre.com\/project\/un-hivern-de-colors\/","url":"https:\/\/old.immamestre.com\/project\/un-hivern-de-colors\/","name":"Un hivern de colors - Imma Mestre | Ilustraci\u00f3n","isPartOf":{"@id":"https:\/\/old.immamestre.com\/#website"},"primaryImageOfPage":{"@id":"https:\/\/old.immamestre.com\/project\/un-hivern-de-colors\/#primaryimage"},"image":{"@id":"https:\/\/old.immamestre.com\/project\/un-hivern-de-colors\/#primaryimage"},"thumbnailUrl":"https:\/\/old.immamestre.com\/wp-content\/uploads\/2016\/11\/DG-IL_Un-hivern-de-colors_Featured-image_ImmaMestre.jpg","datePublished":"2016-11-14T21:06:12+00:00","dateModified":"2022-04-14T13:25:53+00:00","description":"Dise\u00f1o, maquetaci\u00f3n e ilustraciones para el \u00e1lbum de canciones de Navidad e invierno Un hivern de colors, compuesto por Xavi G. Cabr\u00e9 y Anna Llopart.","breadcrumb":{"@id":"https:\/\/old.immamestre.com\/project\/un-hivern-de-colors\/#breadcrumb"},"inLanguage":"es","potentialAction":[{"@type":"ReadAction","target":["https:\/\/old.immamestre.com\/project\/un-hivern-de-colors\/"]}]},{"@type":"ImageObject","inLanguage":"es","@id":"https:\/\/old.immamestre.com\/project\/un-hivern-de-colors\/#primaryimage","url":"https:\/\/old.immamestre.com\/wp-content\/uploads\/2016\/11\/DG-IL_Un-hivern-de-colors_Featured-image_ImmaMestre.jpg","contentUrl":"https:\/\/old.immamestre.com\/wp-content\/uploads\/2016\/11\/DG-IL_Un-hivern-de-colors_Featured-image_ImmaMestre.jpg","width":890,"height":592},{"@type":"BreadcrumbList","@id":"https:\/\/old.immamestre.com\/project\/un-hivern-de-colors\/#breadcrumb","itemListElement":[{"@type":"ListItem","position":1,"name":"Home","item":"https:\/\/old.immamestre.com\/"},{"@type":"ListItem","position":2,"name":"Projects","item":"https:\/\/old.immamestre.com\/project\/"},{"@type":"ListItem","position":3,"name":"Un hivern de colors"}]},{"@type":"WebSite","@id":"https:\/\/old.immamestre.com\/#website","url":"https:\/\/old.immamestre.com\/","name":"Imma Mestre | Ilustraci\u00f3n","description":"ilustraci\u00f3n","publisher":{"@id":"https:\/\/old.immamestre.com\/#\/schema\/person\/f649c9039586af566b698906bc9da076"},"potentialAction":[{"@type":"SearchAction","target":{"@type":"EntryPoint","urlTemplate":"https:\/\/old.immamestre.com\/?s={search_term_string}"},"query-input":{"@type":"PropertyValueSpecification","valueRequired":true,"valueName":"search_term_string"}}],"inLanguage":"es"},{"@type":["Person","Organization"],"@id":"https:\/\/old.immamestre.com\/#\/schema\/person\/f649c9039586af566b698906bc9da076","name":"Imma Mestre","image":{"@type":"ImageObject","inLanguage":"es","@id":"https:\/\/old.immamestre.com\/#\/schema\/person\/image\/","url":"https:\/\/secure.gravatar.com\/avatar\/fe9530742331fb8e4cb4de875d82303426947d472e41eb783b6dc62694aa6aff?s=96&d=mm&r=g","contentUrl":"https:\/\/secure.gravatar.com\/avatar\/fe9530742331fb8e4cb4de875d82303426947d472e41eb783b6dc62694aa6aff?s=96&d=mm&r=g","caption":"Imma Mestre"},"logo":{"@id":"https:\/\/old.immamestre.com\/#\/schema\/person\/image\/"},"description":"Hola soy Imma. Ilustradora. Hablo a trav\u00e9s de ilustraciones. Dame un l\u00e1piz y pinto tu mundo con historias ilustradas que te har\u00e1n despuntar.","sameAs":["https:\/\/www.immamestre.com"]}]}},"_links":{"self":[{"href":"https:\/\/old.immamestre.com\/es\/wp-json\/wp\/v2\/project\/6627","targetHints":{"allow":["GET"]}}],"collection":[{"href":"https:\/\/old.immamestre.com\/es\/wp-json\/wp\/v2\/project"}],"about":[{"href":"https:\/\/old.immamestre.com\/es\/wp-json\/wp\/v2\/types\/project"}],"author":[{"embeddable":true,"href":"https:\/\/old.immamestre.com\/es\/wp-json\/wp\/v2\/users\/1"}],"replies":[{"embeddable":true,"href":"https:\/\/old.immamestre.com\/es\/wp-json\/wp\/v2\/comments?post=6627"}],"version-history":[{"count":3,"href":"https:\/\/old.immamestre.com\/es\/wp-json\/wp\/v2\/project\/6627\/revisions"}],"predecessor-version":[{"id":13657,"href":"https:\/\/old.immamestre.com\/es\/wp-json\/wp\/v2\/project\/6627\/revisions\/13657"}],"wp:featuredmedia":[{"embeddable":true,"href":"https:\/\/old.immamestre.com\/es\/wp-json\/wp\/v2\/media\/6632"}],"wp:attachment":[{"href":"https:\/\/old.immamestre.com\/es\/wp-json\/wp\/v2\/media?parent=6627"}],"wp:term":[{"taxonomy":"project_category","embeddable":true,"href":"https:\/\/old.immamestre.com\/es\/wp-json\/wp\/v2\/project_category?post=6627"},{"taxonomy":"project_tag","embeddable":true,"href":"https:\/\/old.immamestre.com\/es\/wp-json\/wp\/v2\/project_tag?post=6627"}],"curies":[{"name":"wp","href":"https:\/\/api.w.org\/{rel}","templated":true}]}}