{"id":14555,"date":"2023-08-14T14:56:13","date_gmt":"2023-08-14T12:56:13","guid":{"rendered":"https:\/\/www.immamestre.com\/project\/revista-namaka\/"},"modified":"2024-03-06T12:55:59","modified_gmt":"2024-03-06T11:55:59","slug":"revista-namaka","status":"publish","type":"project","link":"https:\/\/old.immamestre.com\/es\/project\/revista-namaka\/","title":{"rendered":"Namaka \u00abReducir, reciclar, reutilitzar\u00bb"},"content":{"rendered":"<p>[et_pb_section fb_built=\u00bb1&#8243; _builder_version=\u00bb4.16&#8243; global_colors_info=\u00bb{}\u00bb][et_pb_row _builder_version=\u00bb4.22.0&#8243; background_size=\u00bbinitial\u00bb background_position=\u00bbtop_left\u00bb background_repeat=\u00bbrepeat\u00bb custom_margin=\u00bb||4px||false|false\u00bb custom_padding=\u00bb||0px||false|false\u00bb global_colors_info=\u00bb{}\u00bb][et_pb_column type=\u00bb4_4&#8243; _builder_version=\u00bb4.16&#8243; custom_padding=\u00bb|||\u00bb global_colors_info=\u00bb{}\u00bb custom_padding__hover=\u00bb|||\u00bb][et_pb_text _builder_version=\u00bb4.22.0&#8243; global_colors_info=\u00bb{}\u00bb]<\/p>\n<h1>Revista Namaka<\/h1>\n<p>[\/et_pb_text][et_pb_image src=\u00bbhttps:\/\/old.immamestre.com\/wp-content\/uploads\/2023\/08\/IL_Namaka38-01_ImmaMestre.jpg\u00bb title_text=\u00bbIL_Namaka38-01_ImmaMestre\u00bb align_tablet=\u00bbcenter\u00bb align_phone=\u00bb\u00bb align_last_edited=\u00bbon|desktop\u00bb _builder_version=\u00bb4.22.0&#8243; always_center_on_mobile=\u00bbon\u00bb global_colors_info=\u00bb{}\u00bb][\/et_pb_image][et_pb_gallery gallery_ids=\u00bb14538,14540,14542,14544&#8243; _builder_version=\u00bb4.22.0&#8243; _module_preset=\u00bbdefault\u00bb title_font_size=\u00bb0px\u00bb caption_font=\u00bbOpen Sans||||||||\u00bb caption_text_color=\u00bb#3E3E3E\u00bb custom_margin=\u00bb||||false|false\u00bb custom_padding=\u00bb||||false|false\u00bb global_colors_info=\u00bb{}\u00bb][\/et_pb_gallery][\/et_pb_column][\/et_pb_row][et_pb_row column_structure=\u00bb2_3,1_3&#8243; _builder_version=\u00bb4.16&#8243; background_size=\u00bbinitial\u00bb background_position=\u00bbtop_left\u00bb background_repeat=\u00bbrepeat\u00bb global_colors_info=\u00bb{}\u00bb][et_pb_column type=\u00bb2_3&#8243; _builder_version=\u00bb4.16&#8243; custom_padding=\u00bb|||\u00bb global_colors_info=\u00bb{}\u00bb custom_padding__hover=\u00bb|||\u00bb][et_pb_text _builder_version=\u00bb4.22.0&#8243; global_colors_info=\u00bb{}\u00bb]<\/p>\n<div class=\"et_pb_text_inner\">\n<p class=\"p1\"><span class=\"s1\">Ilustraciones para el cuento que abre el n\u00famero 38 de la revista infantil <em>Namaka<\/em>. En el cuento se narra la historia de Martina, una ni\u00f1a que coge sus viejos pies de pato para ir al mercado de intercambio que hay en su pueblo.<\/span><\/p>\n<p><span class=\"s1\">La revista se edita en catal\u00e1n y va dirigido a personas intr\u00e9pidas y curiosas de 6 a 11 a\u00f1os. <\/span> El n\u00famero 38, habla sobre Reducir, Reciclar y Reutilizar y est\u00e1 escrita en colaboraci\u00f3n con la organizaci\u00f3n <em>Usar&amp;Reusar<\/em>.<\/p>\n<p>El cuento est\u00e1 escrito por Dora Cantero y tambi\u00e9n se puede escuchar como audiocuento en el Spotify de la revista <em>Namaka<\/em>.<\/p>\n<\/div>\n<p>[\/et_pb_text][\/et_pb_column][et_pb_column type=\u00bb1_3&#8243; _builder_version=\u00bb4.16&#8243; custom_padding=\u00bb|||\u00bb global_colors_info=\u00bb{}\u00bb custom_padding__hover=\u00bb|||\u00bb][et_pb_text _builder_version=\u00bb4.22.0&#8243; global_colors_info=\u00bb{}\u00bb]<\/p>\n<p><strong>Cliente:<\/strong> Revista Namaka.<strong><br \/><\/strong><\/p>\n<p><strong>Formato:<\/strong> 21&#215;29,7 cm (cerrada)<\/p>\n<p><strong>T\u00e9cnica:<\/strong> digital<\/p>\n<p><strong>A\u00f1o:<\/strong> agosto del 2023.<\/p>\n<p>[\/et_pb_text][\/et_pb_column][\/et_pb_row][et_pb_row _builder_version=\u00bb4.22.0&#8243; _module_preset=\u00bbdefault\u00bb global_colors_info=\u00bb{}\u00bb][et_pb_column type=\u00bb4_4&#8243; _builder_version=\u00bb4.22.0&#8243; _module_preset=\u00bbdefault\u00bb global_colors_info=\u00bb{}\u00bb][et_pb_divider show_divider=\u00bboff\u00bb _builder_version=\u00bb4.22.0&#8243; _module_preset=\u00bbdefault\u00bb global_colors_info=\u00bb{}\u00bb][\/et_pb_divider][\/et_pb_column][\/et_pb_row][\/et_pb_section]<\/p>\n","protected":false},"excerpt":{"rendered":"<p>Revista Namaka Ilustraciones para el cuento que abre el n\u00famero 38 de la revista infantil Namaka. En el cuento se narra la historia de Martina, una ni\u00f1a que coge sus viejos pies de pato para ir al mercado de intercambio que hay en su pueblo. La revista se edita en catal\u00e1n y va dirigido a [&hellip;]<\/p>\n","protected":false},"author":1,"featured_media":14547,"comment_status":"open","ping_status":"closed","template":"","meta":{"_et_pb_use_builder":"on","_et_pb_old_content":"","_et_gb_content_width":"","_monsterinsights_skip_tracking":false,"_monsterinsights_sitenote_active":false,"_monsterinsights_sitenote_note":"","_monsterinsights_sitenote_category":0,"footnotes":""},"project_category":[617,384],"project_tag":[],"class_list":["post-14555","project","type-project","status-publish","has-post-thumbnail","hentry","project_category-editorial","project_category-publicidad"],"yoast_head":"<!-- This site is optimized with the Yoast SEO plugin v26.1.1 - https:\/\/yoast.com\/wordpress\/plugins\/seo\/ -->\n<title>Namaka &quot;Reducir, reciclar, reutilitzar&quot; - Imma Mestre | Ilustraci\u00f3n<\/title>\n<meta name=\"description\" content=\"Se edita en catal\u00e1n y va dirigido a personas intr\u00e9pidas y curiosas de 6 a 11 a\u00f1os. Va de Martina, los pies de pato y el mercado de intercambio.\" \/>\n<meta name=\"robots\" content=\"index, follow, max-snippet:-1, max-image-preview:large, max-video-preview:-1\" \/>\n<link rel=\"canonical\" href=\"https:\/\/old.immamestre.com\/project\/namaka-reciclar\/\" \/>\n<meta property=\"og:locale\" content=\"es_ES\" \/>\n<meta property=\"og:type\" content=\"article\" \/>\n<meta property=\"og:title\" content=\"Namaka &quot;Reducir, reciclar, reutilitzar&quot; - Imma Mestre | Ilustraci\u00f3n\" \/>\n<meta property=\"og:description\" content=\"Se edita en catal\u00e1n y va dirigido a personas intr\u00e9pidas y curiosas de 6 a 11 a\u00f1os. Va de Martina, los pies de pato y el mercado de intercambio.\" \/>\n<meta property=\"og:url\" content=\"https:\/\/old.immamestre.com\/project\/namaka-reciclar\/\" \/>\n<meta property=\"og:site_name\" content=\"Imma Mestre | Ilustraci\u00f3n\" \/>\n<meta property=\"article:modified_time\" content=\"2024-03-06T11:55:59+00:00\" \/>\n<meta property=\"og:image\" content=\"https:\/\/old.immamestre.com\/wp-content\/uploads\/2023\/08\/IL_Namaka38-Feature-image_ImmaMestre.jpg\" \/>\n\t<meta property=\"og:image:width\" content=\"275\" \/>\n\t<meta property=\"og:image:height\" content=\"200\" \/>\n\t<meta property=\"og:image:type\" content=\"image\/jpeg\" \/>\n<meta name=\"twitter:label1\" content=\"Tiempo de lectura\" \/>\n\t<meta name=\"twitter:data1\" content=\"2 minutos\" \/>\n<script type=\"application\/ld+json\" class=\"yoast-schema-graph\">{\"@context\":\"https:\/\/schema.org\",\"@graph\":[{\"@type\":\"WebPage\",\"@id\":\"https:\/\/old.immamestre.com\/project\/namaka-reciclar\/\",\"url\":\"https:\/\/old.immamestre.com\/project\/namaka-reciclar\/\",\"name\":\"Namaka \\\"Reducir, reciclar, reutilitzar\\\" - Imma Mestre | Ilustraci\u00f3n\",\"isPartOf\":{\"@id\":\"https:\/\/old.immamestre.com\/#website\"},\"primaryImageOfPage\":{\"@id\":\"https:\/\/old.immamestre.com\/project\/namaka-reciclar\/#primaryimage\"},\"image\":{\"@id\":\"https:\/\/old.immamestre.com\/project\/namaka-reciclar\/#primaryimage\"},\"thumbnailUrl\":\"https:\/\/old.immamestre.com\/wp-content\/uploads\/2023\/08\/IL_Namaka38-Feature-image_ImmaMestre.jpg\",\"datePublished\":\"2023-08-14T12:56:13+00:00\",\"dateModified\":\"2024-03-06T11:55:59+00:00\",\"description\":\"Se edita en catal\u00e1n y va dirigido a personas intr\u00e9pidas y curiosas de 6 a 11 a\u00f1os. Va de Martina, los pies de pato y el mercado de intercambio.\",\"breadcrumb\":{\"@id\":\"https:\/\/old.immamestre.com\/project\/namaka-reciclar\/#breadcrumb\"},\"inLanguage\":\"es\",\"potentialAction\":[{\"@type\":\"ReadAction\",\"target\":[\"https:\/\/old.immamestre.com\/project\/namaka-reciclar\/\"]}]},{\"@type\":\"ImageObject\",\"inLanguage\":\"es\",\"@id\":\"https:\/\/old.immamestre.com\/project\/namaka-reciclar\/#primaryimage\",\"url\":\"https:\/\/old.immamestre.com\/wp-content\/uploads\/2023\/08\/IL_Namaka38-Feature-image_ImmaMestre.jpg\",\"contentUrl\":\"https:\/\/old.immamestre.com\/wp-content\/uploads\/2023\/08\/IL_Namaka38-Feature-image_ImmaMestre.jpg\",\"width\":275,\"height\":200},{\"@type\":\"BreadcrumbList\",\"@id\":\"https:\/\/old.immamestre.com\/project\/namaka-reciclar\/#breadcrumb\",\"itemListElement\":[{\"@type\":\"ListItem\",\"position\":1,\"name\":\"Home\",\"item\":\"https:\/\/old.immamestre.com\/\"},{\"@type\":\"ListItem\",\"position\":2,\"name\":\"Projects\",\"item\":\"https:\/\/old.immamestre.com\/project\/\"},{\"@type\":\"ListItem\",\"position\":3,\"name\":\"Namaka &#8220;Reducir, reciclar, reutilitzar&#8221;\"}]},{\"@type\":\"WebSite\",\"@id\":\"https:\/\/old.immamestre.com\/#website\",\"url\":\"https:\/\/old.immamestre.com\/\",\"name\":\"Imma Mestre | Ilustraci\u00f3n\",\"description\":\"ilustraci\u00f3n\",\"publisher\":{\"@id\":\"https:\/\/old.immamestre.com\/#\/schema\/person\/f649c9039586af566b698906bc9da076\"},\"potentialAction\":[{\"@type\":\"SearchAction\",\"target\":{\"@type\":\"EntryPoint\",\"urlTemplate\":\"https:\/\/old.immamestre.com\/?s={search_term_string}\"},\"query-input\":{\"@type\":\"PropertyValueSpecification\",\"valueRequired\":true,\"valueName\":\"search_term_string\"}}],\"inLanguage\":\"es\"},{\"@type\":[\"Person\",\"Organization\"],\"@id\":\"https:\/\/old.immamestre.com\/#\/schema\/person\/f649c9039586af566b698906bc9da076\",\"name\":\"Imma Mestre\",\"image\":{\"@type\":\"ImageObject\",\"inLanguage\":\"es\",\"@id\":\"https:\/\/old.immamestre.com\/#\/schema\/person\/image\/\",\"url\":\"https:\/\/secure.gravatar.com\/avatar\/fe9530742331fb8e4cb4de875d82303426947d472e41eb783b6dc62694aa6aff?s=96&d=mm&r=g\",\"contentUrl\":\"https:\/\/secure.gravatar.com\/avatar\/fe9530742331fb8e4cb4de875d82303426947d472e41eb783b6dc62694aa6aff?s=96&d=mm&r=g\",\"caption\":\"Imma Mestre\"},\"logo\":{\"@id\":\"https:\/\/old.immamestre.com\/#\/schema\/person\/image\/\"},\"description\":\"Hola soy Imma. Ilustradora. Hablo a trav\u00e9s de ilustraciones. Dame un l\u00e1piz y pinto tu mundo con historias ilustradas que te har\u00e1n despuntar.\",\"sameAs\":[\"https:\/\/www.immamestre.com\"]}]}<\/script>\n<!-- \/ Yoast SEO plugin. -->","yoast_head_json":{"title":"Namaka \"Reducir, reciclar, reutilitzar\" - Imma Mestre | Ilustraci\u00f3n","description":"Se edita en catal\u00e1n y va dirigido a personas intr\u00e9pidas y curiosas de 6 a 11 a\u00f1os. Va de Martina, los pies de pato y el mercado de intercambio.","robots":{"index":"index","follow":"follow","max-snippet":"max-snippet:-1","max-image-preview":"max-image-preview:large","max-video-preview":"max-video-preview:-1"},"canonical":"https:\/\/old.immamestre.com\/project\/namaka-reciclar\/","og_locale":"es_ES","og_type":"article","og_title":"Namaka \"Reducir, reciclar, reutilitzar\" - Imma Mestre | Ilustraci\u00f3n","og_description":"Se edita en catal\u00e1n y va dirigido a personas intr\u00e9pidas y curiosas de 6 a 11 a\u00f1os. Va de Martina, los pies de pato y el mercado de intercambio.","og_url":"https:\/\/old.immamestre.com\/project\/namaka-reciclar\/","og_site_name":"Imma Mestre | Ilustraci\u00f3n","article_modified_time":"2024-03-06T11:55:59+00:00","og_image":[{"width":275,"height":200,"url":"https:\/\/old.immamestre.com\/wp-content\/uploads\/2023\/08\/IL_Namaka38-Feature-image_ImmaMestre.jpg","type":"image\/jpeg"}],"twitter_misc":{"Tiempo de lectura":"2 minutos"},"schema":{"@context":"https:\/\/schema.org","@graph":[{"@type":"WebPage","@id":"https:\/\/old.immamestre.com\/project\/namaka-reciclar\/","url":"https:\/\/old.immamestre.com\/project\/namaka-reciclar\/","name":"Namaka \"Reducir, reciclar, reutilitzar\" - Imma Mestre | Ilustraci\u00f3n","isPartOf":{"@id":"https:\/\/old.immamestre.com\/#website"},"primaryImageOfPage":{"@id":"https:\/\/old.immamestre.com\/project\/namaka-reciclar\/#primaryimage"},"image":{"@id":"https:\/\/old.immamestre.com\/project\/namaka-reciclar\/#primaryimage"},"thumbnailUrl":"https:\/\/old.immamestre.com\/wp-content\/uploads\/2023\/08\/IL_Namaka38-Feature-image_ImmaMestre.jpg","datePublished":"2023-08-14T12:56:13+00:00","dateModified":"2024-03-06T11:55:59+00:00","description":"Se edita en catal\u00e1n y va dirigido a personas intr\u00e9pidas y curiosas de 6 a 11 a\u00f1os. Va de Martina, los pies de pato y el mercado de intercambio.","breadcrumb":{"@id":"https:\/\/old.immamestre.com\/project\/namaka-reciclar\/#breadcrumb"},"inLanguage":"es","potentialAction":[{"@type":"ReadAction","target":["https:\/\/old.immamestre.com\/project\/namaka-reciclar\/"]}]},{"@type":"ImageObject","inLanguage":"es","@id":"https:\/\/old.immamestre.com\/project\/namaka-reciclar\/#primaryimage","url":"https:\/\/old.immamestre.com\/wp-content\/uploads\/2023\/08\/IL_Namaka38-Feature-image_ImmaMestre.jpg","contentUrl":"https:\/\/old.immamestre.com\/wp-content\/uploads\/2023\/08\/IL_Namaka38-Feature-image_ImmaMestre.jpg","width":275,"height":200},{"@type":"BreadcrumbList","@id":"https:\/\/old.immamestre.com\/project\/namaka-reciclar\/#breadcrumb","itemListElement":[{"@type":"ListItem","position":1,"name":"Home","item":"https:\/\/old.immamestre.com\/"},{"@type":"ListItem","position":2,"name":"Projects","item":"https:\/\/old.immamestre.com\/project\/"},{"@type":"ListItem","position":3,"name":"Namaka &#8220;Reducir, reciclar, reutilitzar&#8221;"}]},{"@type":"WebSite","@id":"https:\/\/old.immamestre.com\/#website","url":"https:\/\/old.immamestre.com\/","name":"Imma Mestre | Ilustraci\u00f3n","description":"ilustraci\u00f3n","publisher":{"@id":"https:\/\/old.immamestre.com\/#\/schema\/person\/f649c9039586af566b698906bc9da076"},"potentialAction":[{"@type":"SearchAction","target":{"@type":"EntryPoint","urlTemplate":"https:\/\/old.immamestre.com\/?s={search_term_string}"},"query-input":{"@type":"PropertyValueSpecification","valueRequired":true,"valueName":"search_term_string"}}],"inLanguage":"es"},{"@type":["Person","Organization"],"@id":"https:\/\/old.immamestre.com\/#\/schema\/person\/f649c9039586af566b698906bc9da076","name":"Imma Mestre","image":{"@type":"ImageObject","inLanguage":"es","@id":"https:\/\/old.immamestre.com\/#\/schema\/person\/image\/","url":"https:\/\/secure.gravatar.com\/avatar\/fe9530742331fb8e4cb4de875d82303426947d472e41eb783b6dc62694aa6aff?s=96&d=mm&r=g","contentUrl":"https:\/\/secure.gravatar.com\/avatar\/fe9530742331fb8e4cb4de875d82303426947d472e41eb783b6dc62694aa6aff?s=96&d=mm&r=g","caption":"Imma Mestre"},"logo":{"@id":"https:\/\/old.immamestre.com\/#\/schema\/person\/image\/"},"description":"Hola soy Imma. Ilustradora. Hablo a trav\u00e9s de ilustraciones. Dame un l\u00e1piz y pinto tu mundo con historias ilustradas que te har\u00e1n despuntar.","sameAs":["https:\/\/www.immamestre.com"]}]}},"_links":{"self":[{"href":"https:\/\/old.immamestre.com\/es\/wp-json\/wp\/v2\/project\/14555","targetHints":{"allow":["GET"]}}],"collection":[{"href":"https:\/\/old.immamestre.com\/es\/wp-json\/wp\/v2\/project"}],"about":[{"href":"https:\/\/old.immamestre.com\/es\/wp-json\/wp\/v2\/types\/project"}],"author":[{"embeddable":true,"href":"https:\/\/old.immamestre.com\/es\/wp-json\/wp\/v2\/users\/1"}],"replies":[{"embeddable":true,"href":"https:\/\/old.immamestre.com\/es\/wp-json\/wp\/v2\/comments?post=14555"}],"version-history":[{"count":24,"href":"https:\/\/old.immamestre.com\/es\/wp-json\/wp\/v2\/project\/14555\/revisions"}],"predecessor-version":[{"id":14712,"href":"https:\/\/old.immamestre.com\/es\/wp-json\/wp\/v2\/project\/14555\/revisions\/14712"}],"wp:featuredmedia":[{"embeddable":true,"href":"https:\/\/old.immamestre.com\/es\/wp-json\/wp\/v2\/media\/14547"}],"wp:attachment":[{"href":"https:\/\/old.immamestre.com\/es\/wp-json\/wp\/v2\/media?parent=14555"}],"wp:term":[{"taxonomy":"project_category","embeddable":true,"href":"https:\/\/old.immamestre.com\/es\/wp-json\/wp\/v2\/project_category?post=14555"},{"taxonomy":"project_tag","embeddable":true,"href":"https:\/\/old.immamestre.com\/es\/wp-json\/wp\/v2\/project_tag?post=14555"}],"curies":[{"name":"wp","href":"https:\/\/api.w.org\/{rel}","templated":true}]}}