{"id":13408,"date":"2021-01-01T13:26:09","date_gmt":"2021-01-01T12:26:09","guid":{"rendered":"https:\/\/www.immamestre.com\/?post_type=project&#038;p=13408"},"modified":"2023-01-25T15:37:37","modified_gmt":"2023-01-25T14:37:37","slug":"lesplantesdelavi","status":"publish","type":"project","link":"https:\/\/old.immamestre.com\/es\/project\/lesplantesdelavi\/","title":{"rendered":"Album ilustrado Les plantes de l&#8217;avi"},"content":{"rendered":"<p>[et_pb_section fb_built=\u00bb1&#8243; _builder_version=\u00bb4.16&#8243; global_colors_info=\u00bb{}\u00bb][et_pb_row _builder_version=\u00bb4.16&#8243; background_size=\u00bbinitial\u00bb background_position=\u00bbtop_left\u00bb background_repeat=\u00bbrepeat\u00bb global_colors_info=\u00bb{}\u00bb][et_pb_column type=\u00bb4_4&#8243; _builder_version=\u00bb4.16&#8243; custom_padding=\u00bb|||\u00bb global_colors_info=\u00bb{}\u00bb custom_padding__hover=\u00bb|||\u00bb][et_pb_text _builder_version=\u00bb4.19.4&#8243; hover_enabled=\u00bb0&#8243; global_colors_info=\u00bb{}\u00bb sticky_enabled=\u00bb0&#8243;]<\/p>\n<h1>\u00c1lbum ilustrado <em>Les plantes de l&#8217;avi<\/em><\/h1>\n<p>[\/et_pb_text][et_pb_image src=\u00bbhttps:\/\/old.immamestre.com\/wp-content\/uploads\/2022\/03\/IL_Lesplantesdelavi1_ImmaMestre.jpg\u00bb title_text=\u00bbIL_Lesplantesdelavi1_ImmaMestre\u00bb align_tablet=\u00bbcenter\u00bb align_phone=\u00bb\u00bb align_last_edited=\u00bbon|desktop\u00bb _builder_version=\u00bb4.16&#8243; always_center_on_mobile=\u00bbon\u00bb global_colors_info=\u00bb{}\u00bb][\/et_pb_image][et_pb_gallery gallery_ids=\u00bb13427,13415,13417,13419,13421,13423,13425&#8243; show_title_and_caption=\u00bboff\u00bb zoom_icon_color=\u00bb#ffa300&#8243; _builder_version=\u00bb4.16&#8243; pagination_font_size_tablet=\u00bb51&#8243; pagination_line_height_tablet=\u00bb2&#8243; global_colors_info=\u00bb{}\u00bb][\/et_pb_gallery][\/et_pb_column][\/et_pb_row][et_pb_row column_structure=\u00bb2_3,1_3&#8243; _builder_version=\u00bb4.16&#8243; background_size=\u00bbinitial\u00bb background_position=\u00bbtop_left\u00bb background_repeat=\u00bbrepeat\u00bb global_colors_info=\u00bb{}\u00bb][et_pb_column type=\u00bb2_3&#8243; _builder_version=\u00bb4.16&#8243; custom_padding=\u00bb|||\u00bb global_colors_info=\u00bb{}\u00bb custom_padding__hover=\u00bb|||\u00bb][et_pb_text _builder_version=\u00bb4.19.4&#8243; hover_enabled=\u00bb0&#8243; global_colors_info=\u00bb{}\u00bb sticky_enabled=\u00bb0&#8243;]<\/p>\n<div class=\"et_pb_text_inner\">\n<p class=\"p1\"><span class=\"s1\">Ilustraciones para el \u00e1lbum infantil <em>Les plantas de l\u2019Avi<\/em> (edici\u00f3n en catal\u00e1n) y <em>Las plantas de mi abuelo<\/em> (edici\u00f3n en castellano).<\/span><\/p>\n<p class=\"p1\"><span class=\"s1\">Escrito en rima, el \u00e1lbum narra la historia de un ni\u00f1o o ni\u00f1a (a interpretar por el lector) que recuerda a su abuelo a mediante las plantas que cuidaba en su jard\u00edn y, c\u00f3mo gracias a eso, el nieto (o nieta) descubri\u00f3 su amor por las plantas. A trav\u00e9s de los recuerdos y las plantas, el cuento aborda el duelo, al mismo tiempo que sensibiliza en el amor por la naturaleza.<span class=\"Apple-converted-space\">\u00a0<\/span><\/span><\/p>\n<p class=\"p1\"><span class=\"s1\">Puedes comprarlo desde la misma editorial; en librer\u00edas; o en mi tienda online si lo quieres <a href=\"https:\/\/old.immamestre.com\/producto\/lasplantasdemiabuelo\/\">en castellano<\/a> (en catal\u00e1n ya no me quedan ejemplares).<\/span><\/p>\n<\/div>\n<p>[\/et_pb_text][\/et_pb_column][et_pb_column type=\u00bb1_3&#8243; _builder_version=\u00bb4.16&#8243; custom_padding=\u00bb|||\u00bb global_colors_info=\u00bb{}\u00bb custom_padding__hover=\u00bb|||\u00bb][et_pb_text _builder_version=\u00bb4.19.4&#8243; hover_enabled=\u00bb0&#8243; global_colors_info=\u00bb{}\u00bb sticky_enabled=\u00bb0&#8243;]<\/p>\n<p><strong>Texto: <\/strong><span class=\"s1\">\u00a9 Eva Ferrer i Paniagua<\/span><\/p>\n<p><strong>Editorial:<\/strong> Edicions 96<\/p>\n<p><strong>Formato: <\/strong><span class=\"s1\">20x20cm (cerrado)<\/span><\/p>\n<p><strong>1\u00aa edici\u00f3n en catal\u00e1n y castellano: <\/strong><span class=\"s1\">Enero de 2021<\/span><\/p>\n<p class=\"p1\"><span class=\"s1\"><strong>2\u00aa edici\u00f3n en catal\u00e1n:<\/strong> marzo 2021<\/span><\/p>\n<p>[\/et_pb_text][\/et_pb_column][\/et_pb_row][\/et_pb_section]<\/p>\n","protected":false},"excerpt":{"rendered":"<p>\u00c1lbum ilustrado Les plantes de l&#8217;avi Ilustraciones para el \u00e1lbum infantil Les plantas de l\u2019Avi (edici\u00f3n en catal\u00e1n) y Las plantas de mi abuelo (edici\u00f3n en castellano). Escrito en rima, el \u00e1lbum narra la historia de un ni\u00f1o o ni\u00f1a (a interpretar por el lector) que recuerda a su abuelo a mediante las plantas que [&hellip;]<\/p>\n","protected":false},"author":1,"featured_media":13411,"comment_status":"open","ping_status":"closed","template":"","meta":{"_et_pb_use_builder":"on","_et_pb_old_content":"","_et_gb_content_width":"","_monsterinsights_skip_tracking":false,"_monsterinsights_sitenote_active":false,"_monsterinsights_sitenote_note":"","_monsterinsights_sitenote_category":0,"footnotes":""},"project_category":[617],"project_tag":[],"class_list":["post-13408","project","type-project","status-publish","has-post-thumbnail","hentry","project_category-editorial"],"yoast_head":"<!-- This site is optimized with the Yoast SEO plugin v26.1.1 - https:\/\/yoast.com\/wordpress\/plugins\/seo\/ -->\n<title>Album ilustrado Les plantes de l&#039;avi - Imma Mestre | Ilustraci\u00f3n<\/title>\n<meta name=\"robots\" content=\"index, follow, max-snippet:-1, max-image-preview:large, max-video-preview:-1\" \/>\n<link rel=\"canonical\" href=\"https:\/\/old.immamestre.com\/project\/album-illustrat-les-plantes-de-lavi\/\" \/>\n<meta property=\"og:locale\" content=\"es_ES\" \/>\n<meta property=\"og:type\" content=\"article\" \/>\n<meta property=\"og:title\" content=\"Album ilustrado Les plantes de l&#039;avi - Imma Mestre | Ilustraci\u00f3n\" \/>\n<meta property=\"og:description\" content=\"\u00c1lbum ilustrado Les plantes de l&#039;avi Ilustraciones para el \u00e1lbum infantil Les plantas de l\u2019Avi (edici\u00f3n en catal\u00e1n) y Las plantas de mi abuelo (edici\u00f3n en castellano). Escrito en rima, el \u00e1lbum narra la historia de un ni\u00f1o o ni\u00f1a (a interpretar por el lector) que recuerda a su abuelo a mediante las plantas que [&hellip;]\" \/>\n<meta property=\"og:url\" content=\"https:\/\/old.immamestre.com\/project\/album-illustrat-les-plantes-de-lavi\/\" \/>\n<meta property=\"og:site_name\" content=\"Imma Mestre | Ilustraci\u00f3n\" \/>\n<meta property=\"article:modified_time\" content=\"2023-01-25T14:37:37+00:00\" \/>\n<meta property=\"og:image\" content=\"https:\/\/old.immamestre.com\/wp-content\/uploads\/2022\/03\/IL_Lesplantesdelavi-Feature-image1_ImmaMestre.jpg\" \/>\n\t<meta property=\"og:image:width\" content=\"275\" \/>\n\t<meta property=\"og:image:height\" content=\"200\" \/>\n\t<meta property=\"og:image:type\" content=\"image\/jpeg\" \/>\n<meta name=\"twitter:label1\" content=\"Tiempo de lectura\" \/>\n\t<meta name=\"twitter:data1\" content=\"2 minutos\" \/>\n<script type=\"application\/ld+json\" class=\"yoast-schema-graph\">{\"@context\":\"https:\/\/schema.org\",\"@graph\":[{\"@type\":\"WebPage\",\"@id\":\"https:\/\/old.immamestre.com\/project\/album-illustrat-les-plantes-de-lavi\/\",\"url\":\"https:\/\/old.immamestre.com\/project\/album-illustrat-les-plantes-de-lavi\/\",\"name\":\"Album ilustrado Les plantes de l'avi - Imma Mestre | Ilustraci\u00f3n\",\"isPartOf\":{\"@id\":\"https:\/\/old.immamestre.com\/#website\"},\"primaryImageOfPage\":{\"@id\":\"https:\/\/old.immamestre.com\/project\/album-illustrat-les-plantes-de-lavi\/#primaryimage\"},\"image\":{\"@id\":\"https:\/\/old.immamestre.com\/project\/album-illustrat-les-plantes-de-lavi\/#primaryimage\"},\"thumbnailUrl\":\"https:\/\/old.immamestre.com\/wp-content\/uploads\/2022\/03\/IL_Lesplantesdelavi-Feature-image1_ImmaMestre.jpg\",\"datePublished\":\"2021-01-01T12:26:09+00:00\",\"dateModified\":\"2023-01-25T14:37:37+00:00\",\"breadcrumb\":{\"@id\":\"https:\/\/old.immamestre.com\/project\/album-illustrat-les-plantes-de-lavi\/#breadcrumb\"},\"inLanguage\":\"es\",\"potentialAction\":[{\"@type\":\"ReadAction\",\"target\":[\"https:\/\/old.immamestre.com\/project\/album-illustrat-les-plantes-de-lavi\/\"]}]},{\"@type\":\"ImageObject\",\"inLanguage\":\"es\",\"@id\":\"https:\/\/old.immamestre.com\/project\/album-illustrat-les-plantes-de-lavi\/#primaryimage\",\"url\":\"https:\/\/old.immamestre.com\/wp-content\/uploads\/2022\/03\/IL_Lesplantesdelavi-Feature-image1_ImmaMestre.jpg\",\"contentUrl\":\"https:\/\/old.immamestre.com\/wp-content\/uploads\/2022\/03\/IL_Lesplantesdelavi-Feature-image1_ImmaMestre.jpg\",\"width\":275,\"height\":200},{\"@type\":\"BreadcrumbList\",\"@id\":\"https:\/\/old.immamestre.com\/project\/album-illustrat-les-plantes-de-lavi\/#breadcrumb\",\"itemListElement\":[{\"@type\":\"ListItem\",\"position\":1,\"name\":\"Home\",\"item\":\"https:\/\/old.immamestre.com\/\"},{\"@type\":\"ListItem\",\"position\":2,\"name\":\"Projects\",\"item\":\"https:\/\/old.immamestre.com\/project\/\"},{\"@type\":\"ListItem\",\"position\":3,\"name\":\"Album ilustrado Les plantes de l&#8217;avi\"}]},{\"@type\":\"WebSite\",\"@id\":\"https:\/\/old.immamestre.com\/#website\",\"url\":\"https:\/\/old.immamestre.com\/\",\"name\":\"Imma Mestre | Ilustraci\u00f3n\",\"description\":\"ilustraci\u00f3n\",\"publisher\":{\"@id\":\"https:\/\/old.immamestre.com\/#\/schema\/person\/f649c9039586af566b698906bc9da076\"},\"potentialAction\":[{\"@type\":\"SearchAction\",\"target\":{\"@type\":\"EntryPoint\",\"urlTemplate\":\"https:\/\/old.immamestre.com\/?s={search_term_string}\"},\"query-input\":{\"@type\":\"PropertyValueSpecification\",\"valueRequired\":true,\"valueName\":\"search_term_string\"}}],\"inLanguage\":\"es\"},{\"@type\":[\"Person\",\"Organization\"],\"@id\":\"https:\/\/old.immamestre.com\/#\/schema\/person\/f649c9039586af566b698906bc9da076\",\"name\":\"Imma Mestre\",\"image\":{\"@type\":\"ImageObject\",\"inLanguage\":\"es\",\"@id\":\"https:\/\/old.immamestre.com\/#\/schema\/person\/image\/\",\"url\":\"https:\/\/secure.gravatar.com\/avatar\/fe9530742331fb8e4cb4de875d82303426947d472e41eb783b6dc62694aa6aff?s=96&d=mm&r=g\",\"contentUrl\":\"https:\/\/secure.gravatar.com\/avatar\/fe9530742331fb8e4cb4de875d82303426947d472e41eb783b6dc62694aa6aff?s=96&d=mm&r=g\",\"caption\":\"Imma Mestre\"},\"logo\":{\"@id\":\"https:\/\/old.immamestre.com\/#\/schema\/person\/image\/\"},\"description\":\"Hola soy Imma. Ilustradora. Hablo a trav\u00e9s de ilustraciones. Dame un l\u00e1piz y pinto tu mundo con historias ilustradas que te har\u00e1n despuntar.\",\"sameAs\":[\"https:\/\/www.immamestre.com\"]}]}<\/script>\n<!-- \/ Yoast SEO plugin. -->","yoast_head_json":{"title":"Album ilustrado Les plantes de l'avi - Imma Mestre | Ilustraci\u00f3n","robots":{"index":"index","follow":"follow","max-snippet":"max-snippet:-1","max-image-preview":"max-image-preview:large","max-video-preview":"max-video-preview:-1"},"canonical":"https:\/\/old.immamestre.com\/project\/album-illustrat-les-plantes-de-lavi\/","og_locale":"es_ES","og_type":"article","og_title":"Album ilustrado Les plantes de l'avi - Imma Mestre | Ilustraci\u00f3n","og_description":"\u00c1lbum ilustrado Les plantes de l'avi Ilustraciones para el \u00e1lbum infantil Les plantas de l\u2019Avi (edici\u00f3n en catal\u00e1n) y Las plantas de mi abuelo (edici\u00f3n en castellano). Escrito en rima, el \u00e1lbum narra la historia de un ni\u00f1o o ni\u00f1a (a interpretar por el lector) que recuerda a su abuelo a mediante las plantas que [&hellip;]","og_url":"https:\/\/old.immamestre.com\/project\/album-illustrat-les-plantes-de-lavi\/","og_site_name":"Imma Mestre | Ilustraci\u00f3n","article_modified_time":"2023-01-25T14:37:37+00:00","og_image":[{"width":275,"height":200,"url":"https:\/\/old.immamestre.com\/wp-content\/uploads\/2022\/03\/IL_Lesplantesdelavi-Feature-image1_ImmaMestre.jpg","type":"image\/jpeg"}],"twitter_misc":{"Tiempo de lectura":"2 minutos"},"schema":{"@context":"https:\/\/schema.org","@graph":[{"@type":"WebPage","@id":"https:\/\/old.immamestre.com\/project\/album-illustrat-les-plantes-de-lavi\/","url":"https:\/\/old.immamestre.com\/project\/album-illustrat-les-plantes-de-lavi\/","name":"Album ilustrado Les plantes de l'avi - Imma Mestre | Ilustraci\u00f3n","isPartOf":{"@id":"https:\/\/old.immamestre.com\/#website"},"primaryImageOfPage":{"@id":"https:\/\/old.immamestre.com\/project\/album-illustrat-les-plantes-de-lavi\/#primaryimage"},"image":{"@id":"https:\/\/old.immamestre.com\/project\/album-illustrat-les-plantes-de-lavi\/#primaryimage"},"thumbnailUrl":"https:\/\/old.immamestre.com\/wp-content\/uploads\/2022\/03\/IL_Lesplantesdelavi-Feature-image1_ImmaMestre.jpg","datePublished":"2021-01-01T12:26:09+00:00","dateModified":"2023-01-25T14:37:37+00:00","breadcrumb":{"@id":"https:\/\/old.immamestre.com\/project\/album-illustrat-les-plantes-de-lavi\/#breadcrumb"},"inLanguage":"es","potentialAction":[{"@type":"ReadAction","target":["https:\/\/old.immamestre.com\/project\/album-illustrat-les-plantes-de-lavi\/"]}]},{"@type":"ImageObject","inLanguage":"es","@id":"https:\/\/old.immamestre.com\/project\/album-illustrat-les-plantes-de-lavi\/#primaryimage","url":"https:\/\/old.immamestre.com\/wp-content\/uploads\/2022\/03\/IL_Lesplantesdelavi-Feature-image1_ImmaMestre.jpg","contentUrl":"https:\/\/old.immamestre.com\/wp-content\/uploads\/2022\/03\/IL_Lesplantesdelavi-Feature-image1_ImmaMestre.jpg","width":275,"height":200},{"@type":"BreadcrumbList","@id":"https:\/\/old.immamestre.com\/project\/album-illustrat-les-plantes-de-lavi\/#breadcrumb","itemListElement":[{"@type":"ListItem","position":1,"name":"Home","item":"https:\/\/old.immamestre.com\/"},{"@type":"ListItem","position":2,"name":"Projects","item":"https:\/\/old.immamestre.com\/project\/"},{"@type":"ListItem","position":3,"name":"Album ilustrado Les plantes de l&#8217;avi"}]},{"@type":"WebSite","@id":"https:\/\/old.immamestre.com\/#website","url":"https:\/\/old.immamestre.com\/","name":"Imma Mestre | Ilustraci\u00f3n","description":"ilustraci\u00f3n","publisher":{"@id":"https:\/\/old.immamestre.com\/#\/schema\/person\/f649c9039586af566b698906bc9da076"},"potentialAction":[{"@type":"SearchAction","target":{"@type":"EntryPoint","urlTemplate":"https:\/\/old.immamestre.com\/?s={search_term_string}"},"query-input":{"@type":"PropertyValueSpecification","valueRequired":true,"valueName":"search_term_string"}}],"inLanguage":"es"},{"@type":["Person","Organization"],"@id":"https:\/\/old.immamestre.com\/#\/schema\/person\/f649c9039586af566b698906bc9da076","name":"Imma Mestre","image":{"@type":"ImageObject","inLanguage":"es","@id":"https:\/\/old.immamestre.com\/#\/schema\/person\/image\/","url":"https:\/\/secure.gravatar.com\/avatar\/fe9530742331fb8e4cb4de875d82303426947d472e41eb783b6dc62694aa6aff?s=96&d=mm&r=g","contentUrl":"https:\/\/secure.gravatar.com\/avatar\/fe9530742331fb8e4cb4de875d82303426947d472e41eb783b6dc62694aa6aff?s=96&d=mm&r=g","caption":"Imma Mestre"},"logo":{"@id":"https:\/\/old.immamestre.com\/#\/schema\/person\/image\/"},"description":"Hola soy Imma. Ilustradora. Hablo a trav\u00e9s de ilustraciones. Dame un l\u00e1piz y pinto tu mundo con historias ilustradas que te har\u00e1n despuntar.","sameAs":["https:\/\/www.immamestre.com"]}]}},"_links":{"self":[{"href":"https:\/\/old.immamestre.com\/es\/wp-json\/wp\/v2\/project\/13408","targetHints":{"allow":["GET"]}}],"collection":[{"href":"https:\/\/old.immamestre.com\/es\/wp-json\/wp\/v2\/project"}],"about":[{"href":"https:\/\/old.immamestre.com\/es\/wp-json\/wp\/v2\/types\/project"}],"author":[{"embeddable":true,"href":"https:\/\/old.immamestre.com\/es\/wp-json\/wp\/v2\/users\/1"}],"replies":[{"embeddable":true,"href":"https:\/\/old.immamestre.com\/es\/wp-json\/wp\/v2\/comments?post=13408"}],"version-history":[{"count":7,"href":"https:\/\/old.immamestre.com\/es\/wp-json\/wp\/v2\/project\/13408\/revisions"}],"predecessor-version":[{"id":14341,"href":"https:\/\/old.immamestre.com\/es\/wp-json\/wp\/v2\/project\/13408\/revisions\/14341"}],"wp:featuredmedia":[{"embeddable":true,"href":"https:\/\/old.immamestre.com\/es\/wp-json\/wp\/v2\/media\/13411"}],"wp:attachment":[{"href":"https:\/\/old.immamestre.com\/es\/wp-json\/wp\/v2\/media?parent=13408"}],"wp:term":[{"taxonomy":"project_category","embeddable":true,"href":"https:\/\/old.immamestre.com\/es\/wp-json\/wp\/v2\/project_category?post=13408"},{"taxonomy":"project_tag","embeddable":true,"href":"https:\/\/old.immamestre.com\/es\/wp-json\/wp\/v2\/project_tag?post=13408"}],"curies":[{"name":"wp","href":"https:\/\/api.w.org\/{rel}","templated":true}]}}