{"id":11707,"date":"2018-04-18T20:22:31","date_gmt":"2018-04-18T18:22:31","guid":{"rendered":"https:\/\/www.immamestre.com\/?post_type=project&#038;p=11707"},"modified":"2022-04-13T12:19:33","modified_gmt":"2022-04-13T10:19:33","slug":"retratos-ilustrados","status":"publish","type":"project","link":"https:\/\/old.immamestre.com\/es\/project\/retratos-ilustrados\/","title":{"rendered":"Retratos ilustrados"},"content":{"rendered":"<p>[et_pb_section fb_built=\u00bb1&#8243; _builder_version=\u00bb4.16&#8243; global_colors_info=\u00bb{}\u00bb][et_pb_row _builder_version=\u00bb4.16&#8243; background_size=\u00bbinitial\u00bb background_position=\u00bbtop_left\u00bb background_repeat=\u00bbrepeat\u00bb global_colors_info=\u00bb{}\u00bb][et_pb_column type=\u00bb4_4&#8243; _builder_version=\u00bb4.16&#8243; custom_padding=\u00bb|||\u00bb global_colors_info=\u00bb{}\u00bb custom_padding__hover=\u00bb|||\u00bb][et_pb_text _builder_version=\u00bb4.17.0&#8243; hover_enabled=\u00bb0&#8243; global_colors_info=\u00bb{}\u00bb sticky_enabled=\u00bb0&#8243;]<\/p>\n<h1>Retratos Ilustrados<\/h1>\n<p>[\/et_pb_text][et_pb_image src=\u00bbhttps:\/\/old.immamestre.com\/wp-content\/uploads\/2018\/04\/IL_Retrato_Mar-Ilustracion_ImmaMestre.jpg\u00bb title_text=\u00bbIL_Retrato_Mar-Ilustracion_ImmaMestre\u00bb align_tablet=\u00bbcenter\u00bb align_phone=\u00bb\u00bb align_last_edited=\u00bbon|desktop\u00bb _builder_version=\u00bb4.17.0&#8243; always_center_on_mobile=\u00bbon\u00bb global_colors_info=\u00bb{}\u00bb][\/et_pb_image][et_pb_gallery gallery_ids=\u00bb11714,13629,13631,13633&#8243; show_title_and_caption=\u00bboff\u00bb zoom_icon_color=\u00bb#ffa300&#8243; _builder_version=\u00bb4.17.0&#8243; pagination_font_size_tablet=\u00bb51&#8243; pagination_line_height_tablet=\u00bb2&#8243; global_colors_info=\u00bb{}\u00bb][\/et_pb_gallery][\/et_pb_column][\/et_pb_row][et_pb_row column_structure=\u00bb2_3,1_3&#8243; _builder_version=\u00bb4.16&#8243; background_size=\u00bbinitial\u00bb background_position=\u00bbtop_left\u00bb background_repeat=\u00bbrepeat\u00bb global_colors_info=\u00bb{}\u00bb][et_pb_column type=\u00bb2_3&#8243; _builder_version=\u00bb4.16&#8243; custom_padding=\u00bb|||\u00bb global_colors_info=\u00bb{}\u00bb custom_padding__hover=\u00bb|||\u00bb][et_pb_text _builder_version=\u00bb4.17.0&#8243; global_colors_info=\u00bb{}\u00bb]<\/p>\n<div class=\"et_pb_text_inner\">Regalo de cumplea\u00f1os. El retrato se ilustr\u00f3 totalmente personalizado a partir de algunas fotos y de las an\u00e9cdotas y descripciones sobre car\u00e1cter y aficiones que se facilitaron.<\/div>\n<div>\u00a0<\/div>\n<div>Puedes ver m\u00e1s retratos ilustrados y todas las modalidades que ofrezco en la <a href=\"https:\/\/old.immamestre.com\/categoria-producto\/retratos\/\">categor\u00eda de retratos de mi tienda<\/a>.<\/div>\n<p>[\/et_pb_text][\/et_pb_column][et_pb_column type=\u00bb1_3&#8243; _builder_version=\u00bb4.16&#8243; custom_padding=\u00bb|||\u00bb global_colors_info=\u00bb{}\u00bb custom_padding__hover=\u00bb|||\u00bb][et_pb_text admin_label=\u00bbTexto\u00bb _builder_version=\u00bb4.17.0&#8243; global_colors_info=\u00bb{}\u00bb]<\/p>\n<p><strong>Formato:<\/strong> Papel A3 (29,7x42cm)<\/p>\n<p><strong>T\u00e9cnica:<\/strong> Digital<\/p>\n<p><strong>A\u00f1o:<\/strong> desde 2016 hasta la actualidad.<\/p>\n<p>[\/et_pb_text][\/et_pb_column][\/et_pb_row][\/et_pb_section]<\/p>\n","protected":false},"excerpt":{"rendered":"<p>Retratos IlustradosRegalo de cumplea\u00f1os. El retrato se ilustr\u00f3 totalmente personalizado a partir de algunas fotos y de las an\u00e9cdotas y descripciones sobre car\u00e1cter y aficiones que se facilitaron. \u00a0 Puedes ver m\u00e1s retratos ilustrados y todas las modalidades que ofrezco en la categor\u00eda de retratos de mi tienda.Formato: Papel A3 (29,7x42cm) T\u00e9cnica: Digital A\u00f1o: desde [&hellip;]<\/p>\n","protected":false},"author":1,"featured_media":11710,"comment_status":"open","ping_status":"closed","template":"","meta":{"_et_pb_use_builder":"on","_et_pb_old_content":"","_et_gb_content_width":"","_monsterinsights_skip_tracking":false,"_monsterinsights_sitenote_active":false,"_monsterinsights_sitenote_note":"","_monsterinsights_sitenote_category":0,"footnotes":""},"project_category":[582],"project_tag":[583],"class_list":["post-11707","project","type-project","status-publish","has-post-thumbnail","hentry","project_category-retratos-ilustrados","project_tag-retrato"],"yoast_head":"<!-- This site is optimized with the Yoast SEO plugin v26.1.1 - https:\/\/yoast.com\/wordpress\/plugins\/seo\/ -->\n<title>Retratos ilustrados - Imma Mestre | Ilustraci\u00f3n<\/title>\n<meta name=\"robots\" content=\"index, follow, max-snippet:-1, max-image-preview:large, max-video-preview:-1\" \/>\n<link rel=\"canonical\" href=\"https:\/\/old.immamestre.com\/project\/retrat-il\u00b7lustrat-mar\/\" \/>\n<meta property=\"og:locale\" content=\"es_ES\" \/>\n<meta property=\"og:type\" content=\"article\" \/>\n<meta property=\"og:title\" content=\"Retratos ilustrados - Imma Mestre | Ilustraci\u00f3n\" \/>\n<meta property=\"og:description\" content=\"Retratos IlustradosRegalo de cumplea\u00f1os. El retrato se ilustr\u00f3 totalmente personalizado a partir de algunas fotos y de las an\u00e9cdotas y descripciones sobre car\u00e1cter y aficiones que se facilitaron. \u00a0 Puedes ver m\u00e1s retratos ilustrados y todas las modalidades que ofrezco en la categor\u00eda de retratos de mi tienda.Formato: Papel A3 (29,7x42cm) T\u00e9cnica: Digital A\u00f1o: desde [&hellip;]\" \/>\n<meta property=\"og:url\" content=\"https:\/\/old.immamestre.com\/project\/retrat-il\u00b7lustrat-mar\/\" \/>\n<meta property=\"og:site_name\" content=\"Imma Mestre | Ilustraci\u00f3n\" \/>\n<meta property=\"article:modified_time\" content=\"2022-04-13T10:19:33+00:00\" \/>\n<meta property=\"og:image\" content=\"https:\/\/old.immamestre.com\/wp-content\/uploads\/2019\/08\/IL_RetratMarTortosa-Feature-image_ImmaMestre.jpg\" \/>\n\t<meta property=\"og:image:width\" content=\"275\" \/>\n\t<meta property=\"og:image:height\" content=\"200\" \/>\n\t<meta property=\"og:image:type\" content=\"image\/jpeg\" \/>\n<meta name=\"twitter:label1\" content=\"Tiempo de lectura\" \/>\n\t<meta name=\"twitter:data1\" content=\"1 minuto\" \/>\n<script type=\"application\/ld+json\" class=\"yoast-schema-graph\">{\"@context\":\"https:\/\/schema.org\",\"@graph\":[{\"@type\":\"WebPage\",\"@id\":\"https:\/\/old.immamestre.com\/project\/retrat-il%c2%b7lustrat-mar\/\",\"url\":\"https:\/\/old.immamestre.com\/project\/retrat-il%c2%b7lustrat-mar\/\",\"name\":\"Retratos ilustrados - Imma Mestre | Ilustraci\u00f3n\",\"isPartOf\":{\"@id\":\"https:\/\/old.immamestre.com\/#website\"},\"primaryImageOfPage\":{\"@id\":\"https:\/\/old.immamestre.com\/project\/retrat-il%c2%b7lustrat-mar\/#primaryimage\"},\"image\":{\"@id\":\"https:\/\/old.immamestre.com\/project\/retrat-il%c2%b7lustrat-mar\/#primaryimage\"},\"thumbnailUrl\":\"https:\/\/old.immamestre.com\/wp-content\/uploads\/2019\/08\/IL_RetratMarTortosa-Feature-image_ImmaMestre.jpg\",\"datePublished\":\"2018-04-18T18:22:31+00:00\",\"dateModified\":\"2022-04-13T10:19:33+00:00\",\"breadcrumb\":{\"@id\":\"https:\/\/old.immamestre.com\/project\/retrat-il%c2%b7lustrat-mar\/#breadcrumb\"},\"inLanguage\":\"es\",\"potentialAction\":[{\"@type\":\"ReadAction\",\"target\":[\"https:\/\/old.immamestre.com\/project\/retrat-il%c2%b7lustrat-mar\/\"]}]},{\"@type\":\"ImageObject\",\"inLanguage\":\"es\",\"@id\":\"https:\/\/old.immamestre.com\/project\/retrat-il%c2%b7lustrat-mar\/#primaryimage\",\"url\":\"https:\/\/old.immamestre.com\/wp-content\/uploads\/2019\/08\/IL_RetratMarTortosa-Feature-image_ImmaMestre.jpg\",\"contentUrl\":\"https:\/\/old.immamestre.com\/wp-content\/uploads\/2019\/08\/IL_RetratMarTortosa-Feature-image_ImmaMestre.jpg\",\"width\":275,\"height\":200},{\"@type\":\"BreadcrumbList\",\"@id\":\"https:\/\/old.immamestre.com\/project\/retrat-il%c2%b7lustrat-mar\/#breadcrumb\",\"itemListElement\":[{\"@type\":\"ListItem\",\"position\":1,\"name\":\"Home\",\"item\":\"https:\/\/old.immamestre.com\/\"},{\"@type\":\"ListItem\",\"position\":2,\"name\":\"Projects\",\"item\":\"https:\/\/old.immamestre.com\/project\/\"},{\"@type\":\"ListItem\",\"position\":3,\"name\":\"Retratos ilustrados\"}]},{\"@type\":\"WebSite\",\"@id\":\"https:\/\/old.immamestre.com\/#website\",\"url\":\"https:\/\/old.immamestre.com\/\",\"name\":\"Imma Mestre | Ilustraci\u00f3n\",\"description\":\"ilustraci\u00f3n\",\"publisher\":{\"@id\":\"https:\/\/old.immamestre.com\/#\/schema\/person\/f649c9039586af566b698906bc9da076\"},\"potentialAction\":[{\"@type\":\"SearchAction\",\"target\":{\"@type\":\"EntryPoint\",\"urlTemplate\":\"https:\/\/old.immamestre.com\/?s={search_term_string}\"},\"query-input\":{\"@type\":\"PropertyValueSpecification\",\"valueRequired\":true,\"valueName\":\"search_term_string\"}}],\"inLanguage\":\"es\"},{\"@type\":[\"Person\",\"Organization\"],\"@id\":\"https:\/\/old.immamestre.com\/#\/schema\/person\/f649c9039586af566b698906bc9da076\",\"name\":\"Imma Mestre\",\"image\":{\"@type\":\"ImageObject\",\"inLanguage\":\"es\",\"@id\":\"https:\/\/old.immamestre.com\/#\/schema\/person\/image\/\",\"url\":\"https:\/\/secure.gravatar.com\/avatar\/fe9530742331fb8e4cb4de875d82303426947d472e41eb783b6dc62694aa6aff?s=96&d=mm&r=g\",\"contentUrl\":\"https:\/\/secure.gravatar.com\/avatar\/fe9530742331fb8e4cb4de875d82303426947d472e41eb783b6dc62694aa6aff?s=96&d=mm&r=g\",\"caption\":\"Imma Mestre\"},\"logo\":{\"@id\":\"https:\/\/old.immamestre.com\/#\/schema\/person\/image\/\"},\"description\":\"Hola soy Imma. Ilustradora. Hablo a trav\u00e9s de ilustraciones. Dame un l\u00e1piz y pinto tu mundo con historias ilustradas que te har\u00e1n despuntar.\",\"sameAs\":[\"https:\/\/www.immamestre.com\"]}]}<\/script>\n<!-- \/ Yoast SEO plugin. -->","yoast_head_json":{"title":"Retratos ilustrados - Imma Mestre | Ilustraci\u00f3n","robots":{"index":"index","follow":"follow","max-snippet":"max-snippet:-1","max-image-preview":"max-image-preview:large","max-video-preview":"max-video-preview:-1"},"canonical":"https:\/\/old.immamestre.com\/project\/retrat-il\u00b7lustrat-mar\/","og_locale":"es_ES","og_type":"article","og_title":"Retratos ilustrados - Imma Mestre | Ilustraci\u00f3n","og_description":"Retratos IlustradosRegalo de cumplea\u00f1os. El retrato se ilustr\u00f3 totalmente personalizado a partir de algunas fotos y de las an\u00e9cdotas y descripciones sobre car\u00e1cter y aficiones que se facilitaron. \u00a0 Puedes ver m\u00e1s retratos ilustrados y todas las modalidades que ofrezco en la categor\u00eda de retratos de mi tienda.Formato: Papel A3 (29,7x42cm) T\u00e9cnica: Digital A\u00f1o: desde [&hellip;]","og_url":"https:\/\/old.immamestre.com\/project\/retrat-il\u00b7lustrat-mar\/","og_site_name":"Imma Mestre | Ilustraci\u00f3n","article_modified_time":"2022-04-13T10:19:33+00:00","og_image":[{"width":275,"height":200,"url":"https:\/\/old.immamestre.com\/wp-content\/uploads\/2019\/08\/IL_RetratMarTortosa-Feature-image_ImmaMestre.jpg","type":"image\/jpeg"}],"twitter_misc":{"Tiempo de lectura":"1 minuto"},"schema":{"@context":"https:\/\/schema.org","@graph":[{"@type":"WebPage","@id":"https:\/\/old.immamestre.com\/project\/retrat-il%c2%b7lustrat-mar\/","url":"https:\/\/old.immamestre.com\/project\/retrat-il%c2%b7lustrat-mar\/","name":"Retratos ilustrados - Imma Mestre | Ilustraci\u00f3n","isPartOf":{"@id":"https:\/\/old.immamestre.com\/#website"},"primaryImageOfPage":{"@id":"https:\/\/old.immamestre.com\/project\/retrat-il%c2%b7lustrat-mar\/#primaryimage"},"image":{"@id":"https:\/\/old.immamestre.com\/project\/retrat-il%c2%b7lustrat-mar\/#primaryimage"},"thumbnailUrl":"https:\/\/old.immamestre.com\/wp-content\/uploads\/2019\/08\/IL_RetratMarTortosa-Feature-image_ImmaMestre.jpg","datePublished":"2018-04-18T18:22:31+00:00","dateModified":"2022-04-13T10:19:33+00:00","breadcrumb":{"@id":"https:\/\/old.immamestre.com\/project\/retrat-il%c2%b7lustrat-mar\/#breadcrumb"},"inLanguage":"es","potentialAction":[{"@type":"ReadAction","target":["https:\/\/old.immamestre.com\/project\/retrat-il%c2%b7lustrat-mar\/"]}]},{"@type":"ImageObject","inLanguage":"es","@id":"https:\/\/old.immamestre.com\/project\/retrat-il%c2%b7lustrat-mar\/#primaryimage","url":"https:\/\/old.immamestre.com\/wp-content\/uploads\/2019\/08\/IL_RetratMarTortosa-Feature-image_ImmaMestre.jpg","contentUrl":"https:\/\/old.immamestre.com\/wp-content\/uploads\/2019\/08\/IL_RetratMarTortosa-Feature-image_ImmaMestre.jpg","width":275,"height":200},{"@type":"BreadcrumbList","@id":"https:\/\/old.immamestre.com\/project\/retrat-il%c2%b7lustrat-mar\/#breadcrumb","itemListElement":[{"@type":"ListItem","position":1,"name":"Home","item":"https:\/\/old.immamestre.com\/"},{"@type":"ListItem","position":2,"name":"Projects","item":"https:\/\/old.immamestre.com\/project\/"},{"@type":"ListItem","position":3,"name":"Retratos ilustrados"}]},{"@type":"WebSite","@id":"https:\/\/old.immamestre.com\/#website","url":"https:\/\/old.immamestre.com\/","name":"Imma Mestre | Ilustraci\u00f3n","description":"ilustraci\u00f3n","publisher":{"@id":"https:\/\/old.immamestre.com\/#\/schema\/person\/f649c9039586af566b698906bc9da076"},"potentialAction":[{"@type":"SearchAction","target":{"@type":"EntryPoint","urlTemplate":"https:\/\/old.immamestre.com\/?s={search_term_string}"},"query-input":{"@type":"PropertyValueSpecification","valueRequired":true,"valueName":"search_term_string"}}],"inLanguage":"es"},{"@type":["Person","Organization"],"@id":"https:\/\/old.immamestre.com\/#\/schema\/person\/f649c9039586af566b698906bc9da076","name":"Imma Mestre","image":{"@type":"ImageObject","inLanguage":"es","@id":"https:\/\/old.immamestre.com\/#\/schema\/person\/image\/","url":"https:\/\/secure.gravatar.com\/avatar\/fe9530742331fb8e4cb4de875d82303426947d472e41eb783b6dc62694aa6aff?s=96&d=mm&r=g","contentUrl":"https:\/\/secure.gravatar.com\/avatar\/fe9530742331fb8e4cb4de875d82303426947d472e41eb783b6dc62694aa6aff?s=96&d=mm&r=g","caption":"Imma Mestre"},"logo":{"@id":"https:\/\/old.immamestre.com\/#\/schema\/person\/image\/"},"description":"Hola soy Imma. Ilustradora. Hablo a trav\u00e9s de ilustraciones. Dame un l\u00e1piz y pinto tu mundo con historias ilustradas que te har\u00e1n despuntar.","sameAs":["https:\/\/www.immamestre.com"]}]}},"_links":{"self":[{"href":"https:\/\/old.immamestre.com\/es\/wp-json\/wp\/v2\/project\/11707","targetHints":{"allow":["GET"]}}],"collection":[{"href":"https:\/\/old.immamestre.com\/es\/wp-json\/wp\/v2\/project"}],"about":[{"href":"https:\/\/old.immamestre.com\/es\/wp-json\/wp\/v2\/types\/project"}],"author":[{"embeddable":true,"href":"https:\/\/old.immamestre.com\/es\/wp-json\/wp\/v2\/users\/1"}],"replies":[{"embeddable":true,"href":"https:\/\/old.immamestre.com\/es\/wp-json\/wp\/v2\/comments?post=11707"}],"version-history":[{"count":9,"href":"https:\/\/old.immamestre.com\/es\/wp-json\/wp\/v2\/project\/11707\/revisions"}],"predecessor-version":[{"id":13643,"href":"https:\/\/old.immamestre.com\/es\/wp-json\/wp\/v2\/project\/11707\/revisions\/13643"}],"wp:featuredmedia":[{"embeddable":true,"href":"https:\/\/old.immamestre.com\/es\/wp-json\/wp\/v2\/media\/11710"}],"wp:attachment":[{"href":"https:\/\/old.immamestre.com\/es\/wp-json\/wp\/v2\/media?parent=11707"}],"wp:term":[{"taxonomy":"project_category","embeddable":true,"href":"https:\/\/old.immamestre.com\/es\/wp-json\/wp\/v2\/project_category?post=11707"},{"taxonomy":"project_tag","embeddable":true,"href":"https:\/\/old.immamestre.com\/es\/wp-json\/wp\/v2\/project_tag?post=11707"}],"curies":[{"name":"wp","href":"https:\/\/api.w.org\/{rel}","templated":true}]}}