{"id":13240,"date":"2021-12-27T12:09:10","date_gmt":"2021-12-27T11:09:10","guid":{"rendered":"https:\/\/www.immamestre.com\/?post_type=product&#038;p=13240"},"modified":"2024-03-21T08:52:55","modified_gmt":"2024-03-21T07:52:55","slug":"historia-ilustrada","status":"publish","type":"product","link":"https:\/\/old.immamestre.com\/es\/producto\/historia-ilustrada\/","title":{"rendered":"Historia ilustrada"},"content":{"rendered":"<p>Tu historia ilustrada en forma de comic, con estilo propio y adaptada a ti.<\/p>\n<p>Esta modalidad de retrato ilustrado se centra en los personajes y tu mensaje, por lo que se sit\u00faan sobre fondo blanco (o alguna peque\u00f1a textura o trama de color). Ver\u00e1s que tu historia cobra vida en este retrato ilustrado personal y lleno de expresividad.<\/p>\n<p><span style=\"color: #ffaa00;\">***<\/span><\/p>\n<p><span style=\"color: #ff6600;\"><strong>Encargos cerrados<\/strong><\/span>.<\/p>\n<p>Puedes <a href=\"https:\/\/immamestre.us9.list-manage.com\/subscribe?u=770228944db5f1edbea173654&amp;id=4b0b3fe52b\">suscr\u00edbete a la newsletter<\/a> para saber cu\u00e1ndo abrir\u00e9 la agenda de nuevo y estar al d\u00eda de las novedades.<\/p>\n<p><span style=\"color: #ffaa00;\">***<\/span><\/p>\n<h3 style=\"text-align: left;\"><strong>Caracter\u00edsticas del servicio de historia ilustrada<\/strong><\/h3>\n<ul>\n<li>Estilo c\u00f3mico (no realista). Como el de las im\u00e1genes, pero adaptado a ti.<\/li>\n<li>Se realizan bajo pedido.<\/li>\n<li>El plazo de entrega es de 30 d\u00edas laborables, dependiendo del tipo de retrato.<\/li>\n<li>Principalmente se imprime en formato A3 (29,7x42cm), pero si lo prefieres puede ser en A4 (21&#215;29,7cm) o en el formato que necesites. Para formatos mayores, el precio puede variar seg\u00fan las medidas y el transporte.<\/li>\n<li>Puedes incluir tantos personajes y mascotas como quieras. Cada animal, al igual que con las personas, cuentan como 1 personaje.<\/li>\n<li>Se imprime en papel blanco estucado mate de 300 gr.<\/li>\n<li>Se entrega en un sobre r\u00edgido especial para que te llegue en perfectas condiciones y evitar que se doble.<\/li>\n<\/ul>\n<h3><\/h3>\n<p><strong>Cualquier momento es bueno para ilustrarlo y recordarlo:<\/strong> cumplea\u00f1os, aniversarios, despedidas, comuniones, fin de curso, d\u00eda del padre \/ d\u00eda de la madre, para recordar un d\u00eda especial, para decir \u00abte quiero\u00bb&#8230; \u00a1<a href=\"https:\/\/old.immamestre.com\/contacto\/\">Cu\u00e9ntamelo<\/a> y lo dibujamos!<\/p>\n<p>&nbsp;<\/p>\n<h3><strong>El servicio de <\/strong><strong>historia ilustrada <\/strong><strong>es ideal para ti si:<\/strong><\/h3>\n<ul>\n<li>Te tomas la vida con muy buen humor.<\/li>\n<li>Quieres sacar una sonrisa a esa persona especial.<\/li>\n<li>Se te han acabado las ideas y necesitas un regalo original<\/li>\n<li>Quieres darte un homenaje y verte desde una perspectiva c\u00f3mica, alegre, de aire desenfadado y con muy buen rollo.<\/li>\n<li>Quieres poner alegr\u00eda a tu d\u00eda a d\u00eda, o al de la persona que quieras sorprender.<\/li>\n<li>Quieres decir\u00a0<em>Te quiero<\/em>\u00a0a una persona especial, de una forma original y emotiva.<\/li>\n<\/ul>\n<h3><\/h3>\n<p>&nbsp;<\/p>\n<h3><strong>\u00bfC\u00f3mo trabajaremos?<\/strong><\/h3>\n<p><strong><span style=\"color: #ffaa00;\">1.<\/span> Cuando reciba tu compra<\/strong> de la historia ilustrada, <strong>me pondr\u00e9 en contacto contigo<\/strong> en un margen de 24\/48h <strong>para agendar<\/strong> tu ilustraci\u00f3n y concretar c\u00f3mo enviarme las fotos de quien quieras que ilustre.<\/p>\n<p>Para hacer tu historia ilustrada, <strong>necesitar\u00e9 cuantas m\u00e1s fotos, mejor<\/strong>. Pueden estar hechas con el m\u00f3vil y no hace falta que los personajes salgan juntos en una misma foto, pero s\u00ed que es importante que <strong>los protagonistas tiene que verse bien y no estar borrosos<\/strong>. Mejor hacer una selecci\u00f3n de fotos que se vean desde todos los \u00e1ngulos: de cuerpo entero, en movimiento, frontal, de medio cuerpo, sonriendo&#8230;<\/p>\n<p><strong><span style=\"color: #ffaa00;\">2.<\/span> <\/strong>Una vez tenga las fotos, me pondr\u00e9 a trabajar en el <strong>boceto de la propuesta<\/strong> y la revisaremos.<\/p>\n<p><strong><span style=\"color: #ffaa00;\">3.<\/span> <\/strong>Una vez validada, pasaremos al <strong>color<\/strong>.<\/p>\n<p><strong><span style=\"color: #ffaa00;\">4.<\/span> <\/strong>Una vez validado el color, te <strong>entregar\u00e9<\/strong> tu historia ilustrada en formato papel y digital. El per\u00edodo de entrega de tu ilustraci\u00f3n es de <strong>un mes (30 d\u00edas laborables)<\/strong> entre que recibo el pago y las fotos y te llega la ilustraci\u00f3n a casa.<\/p>\n<h3><\/h3>\n<p>&nbsp;<\/p>\n<h3><strong>\u00bfQu\u00e9 incluye el servicio de historia ilustrada?<\/strong><\/h3>\n<ul>\n<li>Una propuesta de ilustraci\u00f3n<\/li>\n<li>Boceto a l\u00e1piz + 3 revisiones y validaci\u00f3n final<\/li>\n<li>Propuesta a color + 3 revisiones de color y validaci\u00f3n final<\/li>\n<li>Entrega de la ilustraci\u00f3n definitiva en formato \u00ab.jpg\u00bb, a baja resoluci\u00f3n, \u00f3ptima para soportes digitales<\/li>\n<li>Entrega de la ilustraci\u00f3n definitiva, en formato f\u00edsico, en tama\u00f1o A3 (o el que hayamos acordado), en papel blanco estucado semi-mate de 300 gr.<\/li>\n<li>Se entrega sin marco, en un sobre r\u00edgido para que no se doble y te llegue en perfectas condiciones.<\/li>\n<\/ul>\n<h3><\/h3>\n<p>&nbsp;<\/p>\n<h3><strong>A tener en cuenta:<\/strong><\/h3>\n<ul>\n<li class=\"p1\">El per\u00edodo de entrega de tu ilustraci\u00f3n es de un mes (30 d\u00edas laborables) entre que recibo el pago y las fotos y te llega la ilustraci\u00f3n a casa.<\/li>\n<li class=\"p1\">Los precios incluyen el IVA.<\/li>\n<li>El precio del env\u00edo se calcula seg\u00fan la localidad al final del proceso de compra.<\/li>\n<li class=\"p1\">Cada revisi\u00f3n extra, fuera de las que incluye el servicio de historia ilustrada = +10 \u20ac\/modificaci\u00f3n.<\/li>\n<li class=\"p1\">En caso de realizar m\u00e1s de un boceto se incrementar\u00e1 en +30 \u20ac\/boceto.<\/li>\n<li class=\"p1\">En caso de cancelaci\u00f3n despu\u00e9s del boceto inicial, solo se devolver\u00e1 el 50% del precio total. El otro 50% no se devuelve en concepto de gastos de realizaci\u00f3n y tiempo invertido.<\/li>\n<li class=\"p1\">Una vez se preparan los archivos para imprimir, no se admiten m\u00e1s cambios. Si quisieras cambios = +30 \u20ac\/cambio.<\/li>\n<li class=\"p1\">Para m\u00e1s personajes, cons\u00faltame el precio.<\/li>\n<li class=\"p1\">No incluye el marco del cuadro.<\/li>\n<li class=\"p1\">Una vez impresa la l\u00e1mina, los colores pueden variar ligeramente.<\/li>\n<\/ul>\n<h3><\/h3>\n<h3><\/h3>\n<p>&nbsp;<\/p>\n<h3><strong>Derechos de reproducci\u00f3n<\/strong><\/h3>\n<ul>\n<li class=\"p1\">Si no me indicas lo contrario, una vez entregada la ilustraci\u00f3n final, me das permiso para utilizarla en el portfolio, en publicidad y\/o redes sociales, como ejemplo de los servicios que ofrezco.<\/li>\n<li class=\"p1\">La ilustraci\u00f3n se realiza en t\u00e9cnica digital, pero est\u00e9 creada en exclusiva para ti. Eso implica que no podr\u00e9 volverla a imprimir ni modificarla para nadie m\u00e1s.<\/li>\n<li class=\"p1\">Tienes m\u00e1s informaci\u00f3n de los aspectos legales en las <a href=\"https:\/\/old.immamestre.com\/condiciones-de-venta\/\" target=\"_blank\" rel=\"noopener\">condiciones de venta<\/a> y la <a href=\"https:\/\/old.immamestre.com\/politica-privacidad\/\" target=\"_blank\" rel=\"noopener\">pol\u00edtica de privacidad<\/a>.<\/li>\n<li class=\"p1\">La ilustraci\u00f3n entregada es para uso privado y personal. No est\u00e1 permitida la redistribuci\u00f3n o reventa a terceros.<\/li>\n<li class=\"p1\">Puedes compartirla en redes, pero no la puedes utilizar como parte de la imagen corporativa.<\/li>\n<\/ul>\n<p>&nbsp;<\/p>\n<p>&nbsp;<\/p>\n<p>Si tienes <strong>dudas<\/strong>, quieres <strong>comentarme<\/strong> cualquier cosa o ya quieres <strong>reservar <\/strong>tu historia ilustrada (en el caso que la agenda est\u00e9 cerrada), por favor, antes de hacer tu pedido, <strong>escr\u00edbeme a <a href=\"mailto:hola@immamestre.com\">hola@immamestre.com<\/a><\/strong> o a trav\u00e9s de la <a href=\"https:\/\/old.immamestre.com\/contacto\/\">p\u00e1gina de contacto<\/a> y lo vamos viendo.<\/p>\n<p>&nbsp;<\/p>\n<p class=\"p1\">Las <strong>historias ilustradas que ves son ilustraciones reales<\/strong>* de clientes que han contratado el servicio. Por favor, <strong>resp\u00e9talas y no las uses.<\/strong><\/p>\n<p>&nbsp;<\/p>\n","protected":false},"excerpt":{"rendered":"<p>&nbsp;<\/p>\n<p><span style=\"color: #ffaa00;\">***<\/span><\/p>\n<p><span style=\"color: #ff6600;\"><strong>Encargos cerrados<\/strong><\/span>.<\/p>\n<p>Puedes <a href=\"https:\/\/immamestre.us9.list-manage.com\/subscribe?u=770228944db5f1edbea173654&amp;id=4b0b3fe52b\">suscr\u00edbete a la newsletter<\/a> para saber cu\u00e1ndo abrir\u00e9 la agenda de nuevo y estar al d\u00eda de las novedades.<\/p>\n<p><span style=\"color: #ffaa00;\">***<\/span><\/p>\n<p>Un regalo para emocionar y tomarte la vida con muy buen humor, sorprender y sacar sonrisas. \u00bfSe te han acabado las ideas y ya no sabes qu\u00e9 regalar? \u00bfQuieres recordar esa an\u00e9cdota que tanto te hace re\u00edr o reflexionar? \u00c9ste es tu regalo. Una buena opci\u00f3n para contagiar buen rollo, buen humor y ver la vida con actitud positiva.<\/p>\n<p>&nbsp;<\/p>\n<p><span style=\"font-size: 9pt;\">Antes de hacer tu compra, por favor, <strong>lee atentamente la descripci\u00f3n<\/strong> de las caracter\u00edsticas del servicio de historias ilustradas y si tienes <strong>dudas<\/strong>, quieres <strong>comentarme<\/strong> cualquier cosa o ya quieres <strong>reservar <\/strong>tu historia ilustrada (en el caso que la agenda est\u00e9 cerrada), por favor, antes de hacer tu pedido, <strong>escr\u00edbeme a <a href=\"mailto:hola@immamestre.com\">hola@immamestre.com<\/a><\/strong> o a trav\u00e9s de la <a href=\"https:\/\/old.immamestre.com\/contacto\/\">p\u00e1gina de contacto<\/a> y lo vamos viendo.<\/span><\/p>\n","protected":false},"featured_media":10516,"comment_status":"open","ping_status":"closed","template":"","meta":{"_et_pb_use_builder":"off","_et_pb_old_content":"Una historia ilustrada en forma de retrato, con estilo propio y aire desenfadado, personalizada a tus gustos para emocionar a quien te propongas.\r\n<h3><\/h3>\r\n<h3 style=\"text-align: left\"><strong>Caracter\u00edsticas del servicio de retrato ilustrado<\/strong><\/h3>\r\n<ul>\r\n \t<li>Estilo c\u00f3mico (no realista). Como el de las im\u00e1genes, pero con tu historia.<\/li>\r\n \t<li>Se realizan bajo pedido<\/li>\r\n \t<li>El plazo de entrega es de m\u00e1ximo un mes, dependiendo del tipo de retrato.<\/li>\r\n \t<li>Principalmente Formato A3 (29,7x42cm), pero puedo hacer el que necesites.<\/li>\r\n \t<li>Puedes incluir tantos personajes y mascotas como quieras.<\/li>\r\n \t<li>Se imprime en papel blanco estucado mate de 300 gr<\/li>\r\n \t<li>Se entrega en un sobre r\u00edgido especial para que te llegue en perfectas condiciones y evitar que se doble.<\/li>\r\n<\/ul>\r\n<h3><\/h3>\r\n<h3><strong>El servicio de retrato ilustrado es ideal para ti si:<\/strong><\/h3>\r\n<ul>\r\n \t<li>Quieres sacar una sonrisa a esa persona especial.<\/li>\r\n \t<li>Quieres emocionar a la persona que recibe el retrato.<\/li>\r\n \t<li>Se te han acabado las ideas y necesitas un regalo original<\/li>\r\n \t<li>Quieres darte un homenaje y verte desde la perspectiva de una ilustraci\u00f3n de estilo propio, alegre, de aire desenfadado y con muy buen rollo.<\/li>\r\n \t<li>Quieres poner dulzura y alegr\u00eda a tu d\u00eda a d\u00eda, o al de la persona que quieras sorprender.<\/li>\r\n \t<li>Quieres decir <em>Te quiero<\/em> a una persona especial, de una forma especial y emotiva.<\/li>\r\n<\/ul>\r\n<h3><\/h3>\r\n<h3><strong>\u00bfC\u00f3mo trabajaremos?<\/strong><\/h3>\r\n<strong>Escr\u00edbeme un e-mail a hola@immamestre.com<\/strong> y expl\u00edcame qu\u00e9 tienes en mente. Te enviar\u00e9 un dosier con el presupuesto, ejemplos de retratos que he hecho y las condiciones del servicio.\r\n\r\nUna vez apruebes el presupuesto, necesitar\u00e9 fotos de quien quieras que ilustre. Cuantas m\u00e1s, mejor. Pueden estar hechas con el m\u00f3vil, pero los protagonistas tiene que verse bien y no estar borrosos. Mejor hacer una selecci\u00f3n de fotos que se vean desde todos los \u00e1ngulos: de cuerpo entero, en movimiento, frontal, de medio cuerpo, sonriendo...\r\n\r\nPuedes enviar las fotos por e-mail (si no pesan mucho) o compartirlas en una carpeta en Google Drive o enviarlas v\u00eda WeTransfer.\r\n\r\nMe pondr\u00e9 a trabajar en el boceto de la propuesta y la revisaremos. Una vez validada, pasaremos al color. Una vez validado el color, te la entregar\u00e9 en formato papel y digital.\r\n\r\nEl per\u00edodo para tener lista tu ilustraci\u00f3n es de un mes, entre que recibo el pago y las fotos y te llega la ilustraci\u00f3n a casa.\r\n\r\n\u00a0\r\n<h3><strong>\u00bfQu\u00e9 incluye el servicio de retrato ilustrado?<\/strong><\/h3>\r\n<ul>\r\n \t<li>Una propuesta de ilustraci\u00f3n<\/li>\r\n \t<li>Boceto a l\u00e1piz + 3 revisiones y validaci\u00f3n final<\/li>\r\n \t<li>Propuesta a color + 3 revisiones de color y validaci\u00f3n final<\/li>\r\n \t<li>Entrega de la ilustraci\u00f3n definitiva en formato \".jpg\", a baja resoluci\u00f3n, \u00f3ptima para soportes digitales<\/li>\r\n \t<li>Entrega de la ilustraci\u00f3n definitiva, en formato f\u00edsico, en tama\u00f1o A3 (o el que hayamos acordado), en papel blanco estucado semi-mate de 300 gr.<\/li>\r\n \t<li>Se entrega sin marco, en un sobre r\u00edgido para que no se doble y te llegue en perfectas condiciones.<\/li>\r\n<\/ul>","_et_gb_content_width":"","_monsterinsights_skip_tracking":false,"_monsterinsights_sitenote_active":false,"_monsterinsights_sitenote_note":"","_monsterinsights_sitenote_category":0},"product_brand":[],"product_cat":[592],"product_tag":[],"class_list":{"0":"post-13240","1":"product","2":"type-product","3":"status-publish","4":"has-post-thumbnail","6":"product_cat-retratos","8":"first","9":"outofstock","10":"taxable","11":"shipping-taxable","12":"purchasable","13":"product-type-variable"},"yoast_head":"<!-- This site is optimized with the Yoast SEO plugin v26.1.1 - https:\/\/yoast.com\/wordpress\/plugins\/seo\/ -->\n<title>Historia ilustrada - Imma Mestre | Ilustraci\u00f3n<\/title>\n<meta name=\"robots\" content=\"index, follow, max-snippet:-1, max-image-preview:large, max-video-preview:-1\" \/>\n<link rel=\"canonical\" href=\"https:\/\/old.immamestre.com\/producto\/historia-il-lustrada\/\" \/>\n<meta property=\"og:locale\" content=\"es_ES\" \/>\n<meta property=\"og:type\" content=\"article\" \/>\n<meta property=\"og:title\" content=\"Historia ilustrada - Imma Mestre | Ilustraci\u00f3n\" \/>\n<meta property=\"og:description\" content=\"&nbsp;  ***  Encargos cerrados.  Puedes suscr\u00edbete a la newsletter para saber cu\u00e1ndo abrir\u00e9 la agenda de nuevo y estar al d\u00eda de las novedades.  ***  Un regalo para emocionar y tomarte la vida con muy buen humor, sorprender y sacar sonrisas. \u00bfSe te han acabado las ideas y ya no sabes qu\u00e9 regalar? \u00bfQuieres recordar esa an\u00e9cdota que tanto te hace re\u00edr o reflexionar? \u00c9ste es tu regalo. Una buena opci\u00f3n para contagiar buen rollo, buen humor y ver la vida con actitud positiva.  &nbsp;  Antes de hacer tu compra, por favor, lee atentamente la descripci\u00f3n de las caracter\u00edsticas del servicio de historias ilustradas y si tienes dudas, quieres comentarme cualquier cosa o ya quieres reservar tu historia ilustrada (en el caso que la agenda est\u00e9 cerrada), por favor, antes de hacer tu pedido, escr\u00edbeme a hola@immamestre.com o a trav\u00e9s de la p\u00e1gina de contacto y lo vamos viendo.\" \/>\n<meta property=\"og:url\" content=\"https:\/\/old.immamestre.com\/producto\/historia-il-lustrada\/\" \/>\n<meta property=\"og:site_name\" content=\"Imma Mestre | Ilustraci\u00f3n\" \/>\n<meta property=\"article:modified_time\" content=\"2024-03-21T07:52:55+00:00\" \/>\n<meta property=\"og:image\" content=\"https:\/\/old.immamestre.com\/wp-content\/uploads\/2018\/08\/ImagenAplaudeT_HistoriasIlustradas_Immamestre_600x600.jpg\" \/>\n\t<meta property=\"og:image:width\" content=\"600\" \/>\n\t<meta property=\"og:image:height\" content=\"600\" \/>\n\t<meta property=\"og:image:type\" content=\"image\/jpeg\" \/>\n<meta name=\"twitter:label1\" content=\"Tiempo de lectura\" \/>\n\t<meta name=\"twitter:data1\" content=\"6 minutos\" \/>\n<script type=\"application\/ld+json\" class=\"yoast-schema-graph\">{\"@context\":\"https:\/\/schema.org\",\"@graph\":[{\"@type\":\"WebPage\",\"@id\":\"https:\/\/old.immamestre.com\/producto\/historia-il-lustrada\/\",\"url\":\"https:\/\/old.immamestre.com\/producto\/historia-il-lustrada\/\",\"name\":\"Historia ilustrada - Imma Mestre | Ilustraci\u00f3n\",\"isPartOf\":{\"@id\":\"https:\/\/old.immamestre.com\/#website\"},\"primaryImageOfPage\":{\"@id\":\"https:\/\/old.immamestre.com\/producto\/historia-il-lustrada\/#primaryimage\"},\"image\":{\"@id\":\"https:\/\/old.immamestre.com\/producto\/historia-il-lustrada\/#primaryimage\"},\"thumbnailUrl\":\"https:\/\/old.immamestre.com\/wp-content\/uploads\/2018\/08\/ImagenAplaudeT_HistoriasIlustradas_Immamestre_600x600.jpg\",\"datePublished\":\"2021-12-27T11:09:10+00:00\",\"dateModified\":\"2024-03-21T07:52:55+00:00\",\"breadcrumb\":{\"@id\":\"https:\/\/old.immamestre.com\/producto\/historia-il-lustrada\/#breadcrumb\"},\"inLanguage\":\"es\",\"potentialAction\":[{\"@type\":\"ReadAction\",\"target\":[\"https:\/\/old.immamestre.com\/producto\/historia-il-lustrada\/\"]}]},{\"@type\":\"ImageObject\",\"inLanguage\":\"es\",\"@id\":\"https:\/\/old.immamestre.com\/producto\/historia-il-lustrada\/#primaryimage\",\"url\":\"https:\/\/old.immamestre.com\/wp-content\/uploads\/2018\/08\/ImagenAplaudeT_HistoriasIlustradas_Immamestre_600x600.jpg\",\"contentUrl\":\"https:\/\/old.immamestre.com\/wp-content\/uploads\/2018\/08\/ImagenAplaudeT_HistoriasIlustradas_Immamestre_600x600.jpg\",\"width\":600,\"height\":600},{\"@type\":\"BreadcrumbList\",\"@id\":\"https:\/\/old.immamestre.com\/producto\/historia-il-lustrada\/#breadcrumb\",\"itemListElement\":[{\"@type\":\"ListItem\",\"position\":1,\"name\":\"Home\",\"item\":\"https:\/\/old.immamestre.com\/\"},{\"@type\":\"ListItem\",\"position\":2,\"name\":\"Tienda\",\"item\":\"https:\/\/old.immamestre.com\/botiga\/\"},{\"@type\":\"ListItem\",\"position\":3,\"name\":\"Historia ilustrada\"}]},{\"@type\":\"WebSite\",\"@id\":\"https:\/\/old.immamestre.com\/#website\",\"url\":\"https:\/\/old.immamestre.com\/\",\"name\":\"Imma Mestre | Ilustraci\u00f3n\",\"description\":\"ilustraci\u00f3n\",\"publisher\":{\"@id\":\"https:\/\/old.immamestre.com\/#\/schema\/person\/f649c9039586af566b698906bc9da076\"},\"potentialAction\":[{\"@type\":\"SearchAction\",\"target\":{\"@type\":\"EntryPoint\",\"urlTemplate\":\"https:\/\/old.immamestre.com\/?s={search_term_string}\"},\"query-input\":{\"@type\":\"PropertyValueSpecification\",\"valueRequired\":true,\"valueName\":\"search_term_string\"}}],\"inLanguage\":\"es\"},{\"@type\":[\"Person\",\"Organization\"],\"@id\":\"https:\/\/old.immamestre.com\/#\/schema\/person\/f649c9039586af566b698906bc9da076\",\"name\":\"Imma Mestre\",\"image\":{\"@type\":\"ImageObject\",\"inLanguage\":\"es\",\"@id\":\"https:\/\/old.immamestre.com\/#\/schema\/person\/image\/\",\"url\":\"https:\/\/secure.gravatar.com\/avatar\/fe9530742331fb8e4cb4de875d82303426947d472e41eb783b6dc62694aa6aff?s=96&d=mm&r=g\",\"contentUrl\":\"https:\/\/secure.gravatar.com\/avatar\/fe9530742331fb8e4cb4de875d82303426947d472e41eb783b6dc62694aa6aff?s=96&d=mm&r=g\",\"caption\":\"Imma Mestre\"},\"logo\":{\"@id\":\"https:\/\/old.immamestre.com\/#\/schema\/person\/image\/\"},\"description\":\"Hola soy Imma. Ilustradora. Hablo a trav\u00e9s de ilustraciones. Dame un l\u00e1piz y pinto tu mundo con historias ilustradas que te har\u00e1n despuntar.\",\"sameAs\":[\"https:\/\/www.immamestre.com\"]}]}<\/script>\n<!-- \/ Yoast SEO plugin. -->","yoast_head_json":{"title":"Historia ilustrada - Imma Mestre | Ilustraci\u00f3n","robots":{"index":"index","follow":"follow","max-snippet":"max-snippet:-1","max-image-preview":"max-image-preview:large","max-video-preview":"max-video-preview:-1"},"canonical":"https:\/\/old.immamestre.com\/producto\/historia-il-lustrada\/","og_locale":"es_ES","og_type":"article","og_title":"Historia ilustrada - Imma Mestre | Ilustraci\u00f3n","og_description":"&nbsp;  ***  Encargos cerrados.  Puedes suscr\u00edbete a la newsletter para saber cu\u00e1ndo abrir\u00e9 la agenda de nuevo y estar al d\u00eda de las novedades.  ***  Un regalo para emocionar y tomarte la vida con muy buen humor, sorprender y sacar sonrisas. \u00bfSe te han acabado las ideas y ya no sabes qu\u00e9 regalar? \u00bfQuieres recordar esa an\u00e9cdota que tanto te hace re\u00edr o reflexionar? \u00c9ste es tu regalo. Una buena opci\u00f3n para contagiar buen rollo, buen humor y ver la vida con actitud positiva.  &nbsp;  Antes de hacer tu compra, por favor, lee atentamente la descripci\u00f3n de las caracter\u00edsticas del servicio de historias ilustradas y si tienes dudas, quieres comentarme cualquier cosa o ya quieres reservar tu historia ilustrada (en el caso que la agenda est\u00e9 cerrada), por favor, antes de hacer tu pedido, escr\u00edbeme a hola@immamestre.com o a trav\u00e9s de la p\u00e1gina de contacto y lo vamos viendo.","og_url":"https:\/\/old.immamestre.com\/producto\/historia-il-lustrada\/","og_site_name":"Imma Mestre | Ilustraci\u00f3n","article_modified_time":"2024-03-21T07:52:55+00:00","og_image":[{"width":600,"height":600,"url":"https:\/\/old.immamestre.com\/wp-content\/uploads\/2018\/08\/ImagenAplaudeT_HistoriasIlustradas_Immamestre_600x600.jpg","type":"image\/jpeg"}],"twitter_misc":{"Tiempo de lectura":"6 minutos"},"schema":{"@context":"https:\/\/schema.org","@graph":[{"@type":"WebPage","@id":"https:\/\/old.immamestre.com\/producto\/historia-il-lustrada\/","url":"https:\/\/old.immamestre.com\/producto\/historia-il-lustrada\/","name":"Historia ilustrada - Imma Mestre | Ilustraci\u00f3n","isPartOf":{"@id":"https:\/\/old.immamestre.com\/#website"},"primaryImageOfPage":{"@id":"https:\/\/old.immamestre.com\/producto\/historia-il-lustrada\/#primaryimage"},"image":{"@id":"https:\/\/old.immamestre.com\/producto\/historia-il-lustrada\/#primaryimage"},"thumbnailUrl":"https:\/\/old.immamestre.com\/wp-content\/uploads\/2018\/08\/ImagenAplaudeT_HistoriasIlustradas_Immamestre_600x600.jpg","datePublished":"2021-12-27T11:09:10+00:00","dateModified":"2024-03-21T07:52:55+00:00","breadcrumb":{"@id":"https:\/\/old.immamestre.com\/producto\/historia-il-lustrada\/#breadcrumb"},"inLanguage":"es","potentialAction":[{"@type":"ReadAction","target":["https:\/\/old.immamestre.com\/producto\/historia-il-lustrada\/"]}]},{"@type":"ImageObject","inLanguage":"es","@id":"https:\/\/old.immamestre.com\/producto\/historia-il-lustrada\/#primaryimage","url":"https:\/\/old.immamestre.com\/wp-content\/uploads\/2018\/08\/ImagenAplaudeT_HistoriasIlustradas_Immamestre_600x600.jpg","contentUrl":"https:\/\/old.immamestre.com\/wp-content\/uploads\/2018\/08\/ImagenAplaudeT_HistoriasIlustradas_Immamestre_600x600.jpg","width":600,"height":600},{"@type":"BreadcrumbList","@id":"https:\/\/old.immamestre.com\/producto\/historia-il-lustrada\/#breadcrumb","itemListElement":[{"@type":"ListItem","position":1,"name":"Home","item":"https:\/\/old.immamestre.com\/"},{"@type":"ListItem","position":2,"name":"Tienda","item":"https:\/\/old.immamestre.com\/botiga\/"},{"@type":"ListItem","position":3,"name":"Historia ilustrada"}]},{"@type":"WebSite","@id":"https:\/\/old.immamestre.com\/#website","url":"https:\/\/old.immamestre.com\/","name":"Imma Mestre | Ilustraci\u00f3n","description":"ilustraci\u00f3n","publisher":{"@id":"https:\/\/old.immamestre.com\/#\/schema\/person\/f649c9039586af566b698906bc9da076"},"potentialAction":[{"@type":"SearchAction","target":{"@type":"EntryPoint","urlTemplate":"https:\/\/old.immamestre.com\/?s={search_term_string}"},"query-input":{"@type":"PropertyValueSpecification","valueRequired":true,"valueName":"search_term_string"}}],"inLanguage":"es"},{"@type":["Person","Organization"],"@id":"https:\/\/old.immamestre.com\/#\/schema\/person\/f649c9039586af566b698906bc9da076","name":"Imma Mestre","image":{"@type":"ImageObject","inLanguage":"es","@id":"https:\/\/old.immamestre.com\/#\/schema\/person\/image\/","url":"https:\/\/secure.gravatar.com\/avatar\/fe9530742331fb8e4cb4de875d82303426947d472e41eb783b6dc62694aa6aff?s=96&d=mm&r=g","contentUrl":"https:\/\/secure.gravatar.com\/avatar\/fe9530742331fb8e4cb4de875d82303426947d472e41eb783b6dc62694aa6aff?s=96&d=mm&r=g","caption":"Imma Mestre"},"logo":{"@id":"https:\/\/old.immamestre.com\/#\/schema\/person\/image\/"},"description":"Hola soy Imma. Ilustradora. Hablo a trav\u00e9s de ilustraciones. Dame un l\u00e1piz y pinto tu mundo con historias ilustradas que te har\u00e1n despuntar.","sameAs":["https:\/\/www.immamestre.com"]}]}},"_links":{"self":[{"href":"https:\/\/old.immamestre.com\/es\/wp-json\/wp\/v2\/product\/13240","targetHints":{"allow":["GET"]}}],"collection":[{"href":"https:\/\/old.immamestre.com\/es\/wp-json\/wp\/v2\/product"}],"about":[{"href":"https:\/\/old.immamestre.com\/es\/wp-json\/wp\/v2\/types\/product"}],"replies":[{"embeddable":true,"href":"https:\/\/old.immamestre.com\/es\/wp-json\/wp\/v2\/comments?post=13240"}],"wp:featuredmedia":[{"embeddable":true,"href":"https:\/\/old.immamestre.com\/es\/wp-json\/wp\/v2\/media\/10516"}],"wp:attachment":[{"href":"https:\/\/old.immamestre.com\/es\/wp-json\/wp\/v2\/media?parent=13240"}],"wp:term":[{"taxonomy":"product_brand","embeddable":true,"href":"https:\/\/old.immamestre.com\/es\/wp-json\/wp\/v2\/product_brand?post=13240"},{"taxonomy":"product_cat","embeddable":true,"href":"https:\/\/old.immamestre.com\/es\/wp-json\/wp\/v2\/product_cat?post=13240"},{"taxonomy":"product_tag","embeddable":true,"href":"https:\/\/old.immamestre.com\/es\/wp-json\/wp\/v2\/product_tag?post=13240"}],"curies":[{"name":"wp","href":"https:\/\/api.w.org\/{rel}","templated":true}]}}