{"id":12906,"date":"2021-06-10T15:11:38","date_gmt":"2021-06-10T13:11:38","guid":{"rendered":"https:\/\/www.immamestre.com\/?post_type=product&#038;p=12906"},"modified":"2021-11-21T14:54:58","modified_gmt":"2021-11-21T13:54:58","slug":"agenda-permanente","status":"publish","type":"product","link":"https:\/\/old.immamestre.com\/es\/producto\/agenda-permanente\/","title":{"rendered":"Agenda permanente"},"content":{"rendered":"<p>Agenda permanente mini, con dise\u00f1o ilustrado atractivo, <span class=\"s1\">alegre y atrayente, con ilustraciones interiores en cada inicio de apartado, para que planificar tu d\u00eda a d\u00eda deje de ser un aburrimiento y se convierta en un momento agradable, inspiracional y que te apetezca.<\/span><\/p>\n<p class=\"p1\"><strong><span class=\"s1\">Caracter\u00edsticas<\/span><\/strong><\/p>\n<p class=\"p1\"><span class=\"s1\">&#8211; Tama\u00f1o de bolsillo, ideal para llevarlo en la mochila, el bolso, la bandolera o en la mano, sin que pese.<\/span><\/p>\n<p class=\"p1\"><span class=\"s1\">&#8211; Medida A6 (10x15cm)<\/span><\/p>\n<p class=\"p1\"><span class=\"s1\">&#8211; 156 p\u00e1ginas de 120 gr<\/span><\/p>\n<p class=\"p1\"><span class=\"s1\">&#8211; Tapa blanda con ilustraci\u00f3n hecha para \u00e9sta agenda, para inspirarte y que te de foco en todo lo que te propongas.<\/span><\/p>\n<p class=\"p1\"><span class=\"s1\">&#8211; Lomo encolado<\/span><\/p>\n<p><span class=\"s1\">&#8211; <\/span>Ilustraciones interiores en cada inicio de apartado<\/p>\n<p class=\"p1\"><span class=\"s1\">&#8211; <\/span>Interiores con la estructura a planificar dise\u00f1ada, pero sin d\u00edas, ni n\u00fameros, ni meses marcados.<span class=\"Apple-converted-space\">\u00a0 <\/span>Escr\u00edbelos y dib\u00fajalos de la forma que m\u00e1s te guste, para que \u00e9sta agenda sea lo m\u00e1s personal posible y la hagas tuya nada m\u00e1s empezar.<\/p>\n<p class=\"p1\"><span class=\"s1\">&#8211; Diferentes <strong>planificadores<\/strong> en la misma agenda:<\/span><\/p>\n<ul>\n<li class=\"p1\"><span class=\"s1\"><strong>Semanal<\/strong>:<span class=\"Apple-converted-space\">\u00a0 <\/span>Cada doble p\u00e1gina es una semana. S\u00e1bados y domingos tienen el mismo espacio que los d\u00edas entre semana para que te quepan bien todos tus planes guays. Tiene\u00a0el espacio suficiente para apuntar lo que tengas que hacer ese d\u00eda sin sobre-ocuparte; apuntar el mes vigente y tus objetivos semanales.<\/span><\/li>\n<li class=\"p1\"><span class=\"s1\"><strong>Mensual<\/strong>: 12 meses a doble p\u00e1gina para citar tus tareas y objetivos del mes.<\/span><\/li>\n<li class=\"p1\"><span class=\"s1\"><strong>Anual<\/strong>: 1 p\u00e1gina para se\u00f1alar fechas importantes dentro del a\u00f1o y reconocerlos de un solo. vistazo.<\/span><\/li>\n<li class=\"p1\"><span class=\"s1\"><strong>Horarios<\/strong>: 4 espacios a doble p\u00e1gina, para que puedas organizarte los horarios de cada trimestre<\/span><\/li>\n<li class=\"p1\"><span class=\"s1\"><strong>Organizador<\/strong>: Una vista anual de doble p\u00e1gina para marques con colores tus vacaciones, reuniones, entregas y todo lo que necesites planificar para que puedas visualizarlo r\u00e1pido y de un solo vistazo.<\/span><\/li>\n<li class=\"p1\"><span class=\"s1\">Hojas para organizar tus <strong>prioridades<\/strong> seg\u00fan si son m\u00e1s o menos urgentes o m\u00e1s o menos importantes<\/span><\/li>\n<li class=\"p1\"><span class=\"s1\">Hojas blancas de puntos para notas, ideas, listas, compras\u2026 lo que te apetezca<\/span><\/li>\n<\/ul>\n<p>&nbsp;<\/p>\n<p class=\"p1\"><strong><span class=\"s1\">La agenda permanente es para t\u00ed si:<\/span><\/strong><\/p>\n<p class=\"p1\"><span class=\"s1\">&#8211; Necesitas llevar un poco de organizaci\u00f3n en tu vida para evitar tener siempre tareas pendientes<\/span><\/p>\n<p class=\"p1\"><span class=\"s1\">&#8211; Quieres conseguir tus objetivos poco a poco y con foco<\/span><\/p>\n<p class=\"p1\"><span class=\"s1\">&#8211; Quieres controlar tus tareas sin sentirte desbordada\/o<\/span><\/p>\n<p class=\"p1\"><span class=\"s1\">&#8211; Necesitas paz mental y plasmar todo lo que tienes que hacer sobre papel para desocupar tu cabeza. Una vez lo escribes, all\u00ed est\u00e1, no se borra ni se olvida.<\/span><\/p>\n<p class=\"p1\"><span class=\"s1\">&#8211; Necesitas apuntar tu actividades de forma directa, clara y concisa para no dejarte nada en el tintero.<\/span><\/p>\n<p><span class=\"s1\">&#8211; <\/span>Si quieres tener un producto original y divertido en el que puedas intervenir tune\u00e1ndolo a tu manera para que se convierta en una agenda muy personal y exclusivamente tuya.<\/p>\n<p class=\"p1\"><span class=\"s1\">&#8211; Buscas una agenda bonita e inspiradora para apuntar lo que no quieras olvidar en un lugar amigable, con buen rollo y que te apetezca mirar cada d\u00eda.<\/span><\/p>\n<p class=\"p1\"><span class=\"s1\">&#8211; Te gusta la tecnolog\u00eda y planificarte en Google calendar u otras aplicaciones digitales, pero necesitas tocar el papel porqu\u00e9 huele bien, es m\u00e1s agradable y as\u00ed te acuerdas mejor de lo que tienes que hacer hoy. <\/span><\/p>\n<p>&nbsp;<\/p>\n<p class=\"p1\"><strong><span class=\"s1\">La agenda permanente no es para t\u00ed si:<\/span><\/strong><\/p>\n<p class=\"p1\"><span class=\"s1\">&#8211; Buscas una libreta d\u00f3nde apuntar, enganchar y dejar constancia de todo lo que haces durante el d\u00eda sin excepci\u00f3n y con todo detalle<\/span><\/p>\n<p class=\"p1\"><span class=\"s1\">&#8211; Piensas que el d\u00eda tiene m\u00e1s de 24h y necesitas sobreocuparte para sentir el \u00e9xito<\/span><\/p>\n<p class=\"p1\"><span class=\"s1\">&#8211; Buscas un espacio grande donde dar rienda suelta a tu creatividad<\/span><\/p>\n","protected":false},"excerpt":{"rendered":"<p class=\"p1\"><span class=\"s1\"><strong>\u00a1\u00c9sta es una agenda &#8211; planificador genial!<\/strong><\/span><\/p>\n<p class=\"p1\"><span class=\"s1\">La <strong>empiezas cuando quieras<\/strong>. Sin fechas, ni meses, ni d\u00edas, ni semanas, ni a\u00f1os. En septiembre, en enero o en medio del a\u00f1o. Tu decides cuando es tu mejor momento.<\/span><\/p>\n<p class=\"p1\"><span class=\"s1\">Tiene un dise\u00f1o ilustrado atractivo, alegre y atrayente, <strong>con ilustraciones interiores<\/strong> a cada inicio de apartado, para que planificar tu d\u00eda a d\u00eda deje de ser un aburrimiento y se convierta en un momento agradable, inspiracional y que te apetezca. <\/span><\/p>\n<p class=\"p1\"><span class=\"s1\">De <strong>formato mini. <\/strong>Ideal para <strong>organizar<\/strong> tus tareas diarias <strong>sin sobre ocuparte<\/strong>. Lo que no te quepa en el espacio destinado, es que no toca hacer ese d\u00eda. As\u00ed es <strong>mi f\u00f3rmula<\/strong> para evitar tareas pendientes sin frustrarme por no conseguir lo que me propongo. <\/span><\/p>\n<p class=\"p1\"><span class=\"s1\">Con \u00e9sta agenda mini, lleva tus planes y tareas al d\u00eda sin estresarte ni tener esa insufrible sensaci\u00f3n de que no te da la vida, porqu\u00e9 en realidad, <strong>la vida s\u00ed te da, solo necesitas darle a cada cosa, su espacio<\/strong>.\u00a0<\/span><\/p>\n","protected":false},"featured_media":13005,"comment_status":"open","ping_status":"closed","template":"","meta":{"_et_pb_use_builder":"","_et_pb_old_content":"","_et_gb_content_width":"","_monsterinsights_skip_tracking":false,"_monsterinsights_sitenote_active":false,"_monsterinsights_sitenote_note":"","_monsterinsights_sitenote_category":0},"product_brand":[],"product_cat":[597,596,200],"product_tag":[],"class_list":{"0":"post-12906","1":"product","2":"type-product","3":"status-publish","4":"has-post-thumbnail","6":"product_cat-agenda","7":"product_cat-organizador","8":"product_cat-papel","10":"first","11":"instock","12":"taxable","13":"shipping-taxable","14":"purchasable","15":"product-type-simple"},"yoast_head":"<!-- This site is optimized with the Yoast SEO plugin v26.1.1 - https:\/\/yoast.com\/wordpress\/plugins\/seo\/ -->\n<title>Agenda permanente - Imma Mestre | Ilustraci\u00f3n<\/title>\n<meta name=\"robots\" content=\"index, follow, max-snippet:-1, max-image-preview:large, max-video-preview:-1\" \/>\n<link rel=\"canonical\" href=\"https:\/\/old.immamestre.com\/producto\/agenda-permanent\/\" \/>\n<meta property=\"og:locale\" content=\"es_ES\" \/>\n<meta property=\"og:type\" content=\"article\" \/>\n<meta property=\"og:title\" content=\"Agenda permanente - Imma Mestre | Ilustraci\u00f3n\" \/>\n<meta property=\"og:description\" content=\"\u00a1\u00c9sta es una agenda - planificador genial! La empiezas cuando quieras. Sin fechas, ni meses, ni d\u00edas, ni semanas, ni a\u00f1os. En septiembre, en enero o en medio del a\u00f1o. Tu decides cuando es tu mejor momento. Tiene un dise\u00f1o ilustrado atractivo, alegre y atrayente, con ilustraciones interiores a cada inicio de apartado, para que planificar tu d\u00eda a d\u00eda deje de ser un aburrimiento y se convierta en un momento agradable, inspiracional y que te apetezca.  De formato mini. Ideal para organizar tus tareas diarias sin sobre ocuparte. Lo que no te quepa en el espacio destinado, es que no toca hacer ese d\u00eda. As\u00ed es mi f\u00f3rmula para evitar tareas pendientes sin frustrarme por no conseguir lo que me propongo.  Con \u00e9sta agenda mini, lleva tus planes y tareas al d\u00eda sin estresarte ni tener esa insufrible sensaci\u00f3n de que no te da la vida, porqu\u00e9 en realidad, la vida s\u00ed te da, solo necesitas darle a cada cosa, su espacio.\u00a0\" \/>\n<meta property=\"og:url\" content=\"https:\/\/old.immamestre.com\/producto\/agenda-permanent\/\" \/>\n<meta property=\"og:site_name\" content=\"Imma Mestre | Ilustraci\u00f3n\" \/>\n<meta property=\"article:modified_time\" content=\"2021-11-21T13:54:58+00:00\" \/>\n<meta property=\"og:image\" content=\"https:\/\/old.immamestre.com\/wp-content\/uploads\/2021\/06\/1DDEE153-9EF9-4810-AD28-601C2D3A2F0C.jpeg\" \/>\n\t<meta property=\"og:image:width\" content=\"1080\" \/>\n\t<meta property=\"og:image:height\" content=\"1350\" \/>\n\t<meta property=\"og:image:type\" content=\"image\/jpeg\" \/>\n<meta name=\"twitter:label1\" content=\"Tiempo de lectura\" \/>\n\t<meta name=\"twitter:data1\" content=\"3 minutos\" \/>\n<script type=\"application\/ld+json\" class=\"yoast-schema-graph\">{\"@context\":\"https:\/\/schema.org\",\"@graph\":[{\"@type\":\"WebPage\",\"@id\":\"https:\/\/old.immamestre.com\/producto\/agenda-permanent\/\",\"url\":\"https:\/\/old.immamestre.com\/producto\/agenda-permanent\/\",\"name\":\"Agenda permanente - Imma Mestre | Ilustraci\u00f3n\",\"isPartOf\":{\"@id\":\"https:\/\/old.immamestre.com\/#website\"},\"primaryImageOfPage\":{\"@id\":\"https:\/\/old.immamestre.com\/producto\/agenda-permanent\/#primaryimage\"},\"image\":{\"@id\":\"https:\/\/old.immamestre.com\/producto\/agenda-permanent\/#primaryimage\"},\"thumbnailUrl\":\"https:\/\/old.immamestre.com\/wp-content\/uploads\/2021\/06\/1DDEE153-9EF9-4810-AD28-601C2D3A2F0C.jpeg\",\"datePublished\":\"2021-06-10T13:11:38+00:00\",\"dateModified\":\"2021-11-21T13:54:58+00:00\",\"breadcrumb\":{\"@id\":\"https:\/\/old.immamestre.com\/producto\/agenda-permanent\/#breadcrumb\"},\"inLanguage\":\"es\",\"potentialAction\":[{\"@type\":\"ReadAction\",\"target\":[\"https:\/\/old.immamestre.com\/producto\/agenda-permanent\/\"]}]},{\"@type\":\"ImageObject\",\"inLanguage\":\"es\",\"@id\":\"https:\/\/old.immamestre.com\/producto\/agenda-permanent\/#primaryimage\",\"url\":\"https:\/\/old.immamestre.com\/wp-content\/uploads\/2021\/06\/1DDEE153-9EF9-4810-AD28-601C2D3A2F0C.jpeg\",\"contentUrl\":\"https:\/\/old.immamestre.com\/wp-content\/uploads\/2021\/06\/1DDEE153-9EF9-4810-AD28-601C2D3A2F0C.jpeg\",\"width\":1080,\"height\":1350,\"caption\":\"Agenda permanente vista semanal\"},{\"@type\":\"BreadcrumbList\",\"@id\":\"https:\/\/old.immamestre.com\/producto\/agenda-permanent\/#breadcrumb\",\"itemListElement\":[{\"@type\":\"ListItem\",\"position\":1,\"name\":\"Home\",\"item\":\"https:\/\/old.immamestre.com\/\"},{\"@type\":\"ListItem\",\"position\":2,\"name\":\"Tienda\",\"item\":\"https:\/\/old.immamestre.com\/botiga\/\"},{\"@type\":\"ListItem\",\"position\":3,\"name\":\"Agenda permanente\"}]},{\"@type\":\"WebSite\",\"@id\":\"https:\/\/old.immamestre.com\/#website\",\"url\":\"https:\/\/old.immamestre.com\/\",\"name\":\"Imma Mestre | Ilustraci\u00f3n\",\"description\":\"ilustraci\u00f3n\",\"publisher\":{\"@id\":\"https:\/\/old.immamestre.com\/#\/schema\/person\/f649c9039586af566b698906bc9da076\"},\"potentialAction\":[{\"@type\":\"SearchAction\",\"target\":{\"@type\":\"EntryPoint\",\"urlTemplate\":\"https:\/\/old.immamestre.com\/?s={search_term_string}\"},\"query-input\":{\"@type\":\"PropertyValueSpecification\",\"valueRequired\":true,\"valueName\":\"search_term_string\"}}],\"inLanguage\":\"es\"},{\"@type\":[\"Person\",\"Organization\"],\"@id\":\"https:\/\/old.immamestre.com\/#\/schema\/person\/f649c9039586af566b698906bc9da076\",\"name\":\"Imma Mestre\",\"image\":{\"@type\":\"ImageObject\",\"inLanguage\":\"es\",\"@id\":\"https:\/\/old.immamestre.com\/#\/schema\/person\/image\/\",\"url\":\"https:\/\/secure.gravatar.com\/avatar\/fe9530742331fb8e4cb4de875d82303426947d472e41eb783b6dc62694aa6aff?s=96&d=mm&r=g\",\"contentUrl\":\"https:\/\/secure.gravatar.com\/avatar\/fe9530742331fb8e4cb4de875d82303426947d472e41eb783b6dc62694aa6aff?s=96&d=mm&r=g\",\"caption\":\"Imma Mestre\"},\"logo\":{\"@id\":\"https:\/\/old.immamestre.com\/#\/schema\/person\/image\/\"},\"description\":\"Hola soy Imma. Ilustradora. Hablo a trav\u00e9s de ilustraciones. Dame un l\u00e1piz y pinto tu mundo con historias ilustradas que te har\u00e1n despuntar.\",\"sameAs\":[\"https:\/\/www.immamestre.com\"]}]}<\/script>\n<!-- \/ Yoast SEO plugin. -->","yoast_head_json":{"title":"Agenda permanente - Imma Mestre | Ilustraci\u00f3n","robots":{"index":"index","follow":"follow","max-snippet":"max-snippet:-1","max-image-preview":"max-image-preview:large","max-video-preview":"max-video-preview:-1"},"canonical":"https:\/\/old.immamestre.com\/producto\/agenda-permanent\/","og_locale":"es_ES","og_type":"article","og_title":"Agenda permanente - Imma Mestre | Ilustraci\u00f3n","og_description":"\u00a1\u00c9sta es una agenda - planificador genial! La empiezas cuando quieras. Sin fechas, ni meses, ni d\u00edas, ni semanas, ni a\u00f1os. En septiembre, en enero o en medio del a\u00f1o. Tu decides cuando es tu mejor momento. Tiene un dise\u00f1o ilustrado atractivo, alegre y atrayente, con ilustraciones interiores a cada inicio de apartado, para que planificar tu d\u00eda a d\u00eda deje de ser un aburrimiento y se convierta en un momento agradable, inspiracional y que te apetezca.  De formato mini. Ideal para organizar tus tareas diarias sin sobre ocuparte. Lo que no te quepa en el espacio destinado, es que no toca hacer ese d\u00eda. As\u00ed es mi f\u00f3rmula para evitar tareas pendientes sin frustrarme por no conseguir lo que me propongo.  Con \u00e9sta agenda mini, lleva tus planes y tareas al d\u00eda sin estresarte ni tener esa insufrible sensaci\u00f3n de que no te da la vida, porqu\u00e9 en realidad, la vida s\u00ed te da, solo necesitas darle a cada cosa, su espacio.\u00a0","og_url":"https:\/\/old.immamestre.com\/producto\/agenda-permanent\/","og_site_name":"Imma Mestre | Ilustraci\u00f3n","article_modified_time":"2021-11-21T13:54:58+00:00","og_image":[{"width":1080,"height":1350,"url":"https:\/\/old.immamestre.com\/wp-content\/uploads\/2021\/06\/1DDEE153-9EF9-4810-AD28-601C2D3A2F0C.jpeg","type":"image\/jpeg"}],"twitter_misc":{"Tiempo de lectura":"3 minutos"},"schema":{"@context":"https:\/\/schema.org","@graph":[{"@type":"WebPage","@id":"https:\/\/old.immamestre.com\/producto\/agenda-permanent\/","url":"https:\/\/old.immamestre.com\/producto\/agenda-permanent\/","name":"Agenda permanente - Imma Mestre | Ilustraci\u00f3n","isPartOf":{"@id":"https:\/\/old.immamestre.com\/#website"},"primaryImageOfPage":{"@id":"https:\/\/old.immamestre.com\/producto\/agenda-permanent\/#primaryimage"},"image":{"@id":"https:\/\/old.immamestre.com\/producto\/agenda-permanent\/#primaryimage"},"thumbnailUrl":"https:\/\/old.immamestre.com\/wp-content\/uploads\/2021\/06\/1DDEE153-9EF9-4810-AD28-601C2D3A2F0C.jpeg","datePublished":"2021-06-10T13:11:38+00:00","dateModified":"2021-11-21T13:54:58+00:00","breadcrumb":{"@id":"https:\/\/old.immamestre.com\/producto\/agenda-permanent\/#breadcrumb"},"inLanguage":"es","potentialAction":[{"@type":"ReadAction","target":["https:\/\/old.immamestre.com\/producto\/agenda-permanent\/"]}]},{"@type":"ImageObject","inLanguage":"es","@id":"https:\/\/old.immamestre.com\/producto\/agenda-permanent\/#primaryimage","url":"https:\/\/old.immamestre.com\/wp-content\/uploads\/2021\/06\/1DDEE153-9EF9-4810-AD28-601C2D3A2F0C.jpeg","contentUrl":"https:\/\/old.immamestre.com\/wp-content\/uploads\/2021\/06\/1DDEE153-9EF9-4810-AD28-601C2D3A2F0C.jpeg","width":1080,"height":1350,"caption":"Agenda permanente vista semanal"},{"@type":"BreadcrumbList","@id":"https:\/\/old.immamestre.com\/producto\/agenda-permanent\/#breadcrumb","itemListElement":[{"@type":"ListItem","position":1,"name":"Home","item":"https:\/\/old.immamestre.com\/"},{"@type":"ListItem","position":2,"name":"Tienda","item":"https:\/\/old.immamestre.com\/botiga\/"},{"@type":"ListItem","position":3,"name":"Agenda permanente"}]},{"@type":"WebSite","@id":"https:\/\/old.immamestre.com\/#website","url":"https:\/\/old.immamestre.com\/","name":"Imma Mestre | Ilustraci\u00f3n","description":"ilustraci\u00f3n","publisher":{"@id":"https:\/\/old.immamestre.com\/#\/schema\/person\/f649c9039586af566b698906bc9da076"},"potentialAction":[{"@type":"SearchAction","target":{"@type":"EntryPoint","urlTemplate":"https:\/\/old.immamestre.com\/?s={search_term_string}"},"query-input":{"@type":"PropertyValueSpecification","valueRequired":true,"valueName":"search_term_string"}}],"inLanguage":"es"},{"@type":["Person","Organization"],"@id":"https:\/\/old.immamestre.com\/#\/schema\/person\/f649c9039586af566b698906bc9da076","name":"Imma Mestre","image":{"@type":"ImageObject","inLanguage":"es","@id":"https:\/\/old.immamestre.com\/#\/schema\/person\/image\/","url":"https:\/\/secure.gravatar.com\/avatar\/fe9530742331fb8e4cb4de875d82303426947d472e41eb783b6dc62694aa6aff?s=96&d=mm&r=g","contentUrl":"https:\/\/secure.gravatar.com\/avatar\/fe9530742331fb8e4cb4de875d82303426947d472e41eb783b6dc62694aa6aff?s=96&d=mm&r=g","caption":"Imma Mestre"},"logo":{"@id":"https:\/\/old.immamestre.com\/#\/schema\/person\/image\/"},"description":"Hola soy Imma. Ilustradora. Hablo a trav\u00e9s de ilustraciones. Dame un l\u00e1piz y pinto tu mundo con historias ilustradas que te har\u00e1n despuntar.","sameAs":["https:\/\/www.immamestre.com"]}]}},"_links":{"self":[{"href":"https:\/\/old.immamestre.com\/es\/wp-json\/wp\/v2\/product\/12906","targetHints":{"allow":["GET"]}}],"collection":[{"href":"https:\/\/old.immamestre.com\/es\/wp-json\/wp\/v2\/product"}],"about":[{"href":"https:\/\/old.immamestre.com\/es\/wp-json\/wp\/v2\/types\/product"}],"replies":[{"embeddable":true,"href":"https:\/\/old.immamestre.com\/es\/wp-json\/wp\/v2\/comments?post=12906"}],"wp:featuredmedia":[{"embeddable":true,"href":"https:\/\/old.immamestre.com\/es\/wp-json\/wp\/v2\/media\/13005"}],"wp:attachment":[{"href":"https:\/\/old.immamestre.com\/es\/wp-json\/wp\/v2\/media?parent=12906"}],"wp:term":[{"taxonomy":"product_brand","embeddable":true,"href":"https:\/\/old.immamestre.com\/es\/wp-json\/wp\/v2\/product_brand?post=12906"},{"taxonomy":"product_cat","embeddable":true,"href":"https:\/\/old.immamestre.com\/es\/wp-json\/wp\/v2\/product_cat?post=12906"},{"taxonomy":"product_tag","embeddable":true,"href":"https:\/\/old.immamestre.com\/es\/wp-json\/wp\/v2\/product_tag?post=12906"}],"curies":[{"name":"wp","href":"https:\/\/api.w.org\/{rel}","templated":true}]}}