{"id":12837,"date":"2021-01-26T20:57:47","date_gmt":"2021-01-26T19:57:47","guid":{"rendered":"https:\/\/www.immamestre.com\/?post_type=product&#038;p=12837"},"modified":"2022-12-06T14:31:57","modified_gmt":"2022-12-06T13:31:57","slug":"lesplantesdelavi","status":"publish","type":"product","link":"https:\/\/old.immamestre.com\/es\/producto\/lesplantesdelavi\/","title":{"rendered":"Les plantes de l\u2019avi (catal\u00e0)"},"content":{"rendered":"<p><em>L&#8217;avi tenia moltes plantes, moltes m\u00e9s que no pas fills! Els cantava, les regava i mimava i aix\u00f2 \u00faltim tamb\u00e9 ho feia amb mi.<\/em><\/p>\n<p>SINOPSIS: Una ni\u00f1a recuerda a su abuelo mediante el amor mutuo que tienen por las plantas.<\/p>\n<p>CARACTER\u00cdSTICAS:<\/p>\n<p>Texto: Eva Ferrer Paniagua<\/p>\n<p>Ilustraciones: Imma Mestre Cunillera<\/p>\n<p>Editorial: Ediciones 96<\/p>\n<p>Colecci\u00f3n: Patracol\u00a0Il.lustrat<\/p>\n<p>Idioma:\u00a0catal\u00e0<\/p>\n<p>ISBN:\u00a0978-84-17213-69-5<\/p>\n<p>Dep\u00f3sito legal: V-2894-2020<\/p>\n<p>P\u00e1ginas: 32<\/p>\n<p>Medida: 20,5 x 21,5 cm<\/p>\n<p>Encuadernaci\u00f3n: Tapa dura<\/p>\n<p>Publicaci\u00f3n de la 1\u00aa edici\u00f3n: 23\/12\/2020<\/p>\n<p>Fecha de publicaci\u00f3n 2\u00aa edici\u00f3n: marzo de 2021<\/p>\n","protected":false},"excerpt":{"rendered":"<p><em>L&#8217;avi tenia moltes plantes, moltes m\u00e9s que no pas fills! Els cantava, les regava i mimava i aix\u00f2 \u00faltim tamb\u00e9 ho feia amb mi.<\/em><\/p>\n<p>\u00c1lbum ilustrado donde una ni\u00f1a recuerda a su abuelo mediante el amor mutuo que tienen por las plantas.<\/p>\n<p>En esta web, la versi\u00f3n en catal\u00e1n est\u00e1 agotada, pero puedes comprarla en las librer\u00edas\u00a0o en la\u00a0<a href=\"https:\/\/www.edicions96.com\/libro\/les-plantes-de-l-avi_117983\/\" target=\"_blank\" rel=\"noopener\">p\u00e1gina web de la editorial<\/a>.<\/p>\n","protected":false},"featured_media":12828,"comment_status":"open","ping_status":"closed","template":"","meta":{"_et_pb_use_builder":"","_et_pb_old_content":"","_et_gb_content_width":"","_monsterinsights_skip_tracking":false,"_monsterinsights_sitenote_active":false,"_monsterinsights_sitenote_note":"","_monsterinsights_sitenote_category":0},"product_brand":[],"product_cat":[598],"product_tag":[],"class_list":{"0":"post-12837","1":"product","2":"type-product","3":"status-publish","4":"has-post-thumbnail","6":"product_cat-libros","8":"first","9":"outofstock","10":"taxable","11":"shipping-taxable","12":"purchasable","13":"product-type-simple"},"yoast_head":"<!-- This site is optimized with the Yoast SEO plugin v26.1.1 - https:\/\/yoast.com\/wordpress\/plugins\/seo\/ -->\n<title>Les plantes de l\u2019avi (catal\u00e0) - Imma Mestre | Ilustraci\u00f3n<\/title>\n<meta name=\"robots\" content=\"index, follow, max-snippet:-1, max-image-preview:large, max-video-preview:-1\" \/>\n<link rel=\"canonical\" href=\"https:\/\/old.immamestre.com\/producto\/lesplantesdelavi\/\" \/>\n<meta property=\"og:locale\" content=\"es_ES\" \/>\n<meta property=\"og:type\" content=\"article\" \/>\n<meta property=\"og:title\" content=\"Les plantes de l\u2019avi (catal\u00e0) - Imma Mestre | Ilustraci\u00f3n\" \/>\n<meta property=\"og:description\" content=\"L&#039;avi tenia moltes plantes, moltes m\u00e9s que no pas fills! Els cantava, les regava i mimava i aix\u00f2 \u00faltim tamb\u00e9 ho feia amb mi.  \u00c1lbum ilustrado donde una ni\u00f1a recuerda a su abuelo mediante el amor mutuo que tienen por las plantas.  En esta web, la versi\u00f3n en catal\u00e1n est\u00e1 agotada, pero puedes comprarla en las librer\u00edas\u00a0o en la\u00a0p\u00e1gina web de la editorial.\" \/>\n<meta property=\"og:url\" content=\"https:\/\/old.immamestre.com\/producto\/lesplantesdelavi\/\" \/>\n<meta property=\"og:site_name\" content=\"Imma Mestre | Ilustraci\u00f3n\" \/>\n<meta property=\"article:modified_time\" content=\"2022-12-06T13:31:57+00:00\" \/>\n<meta property=\"og:image\" content=\"https:\/\/old.immamestre.com\/wp-content\/uploads\/2021\/01\/IL_LPDLA_PortadaCAT.jpg\" \/>\n\t<meta property=\"og:image:width\" content=\"1080\" \/>\n\t<meta property=\"og:image:height\" content=\"1080\" \/>\n\t<meta property=\"og:image:type\" content=\"image\/jpeg\" \/>\n<meta name=\"twitter:label1\" content=\"Tiempo de lectura\" \/>\n\t<meta name=\"twitter:data1\" content=\"1 minuto\" \/>\n<script type=\"application\/ld+json\" class=\"yoast-schema-graph\">{\"@context\":\"https:\/\/schema.org\",\"@graph\":[{\"@type\":\"WebPage\",\"@id\":\"https:\/\/old.immamestre.com\/producto\/lesplantesdelavi\/\",\"url\":\"https:\/\/old.immamestre.com\/producto\/lesplantesdelavi\/\",\"name\":\"Les plantes de l\u2019avi (catal\u00e0) - Imma Mestre | Ilustraci\u00f3n\",\"isPartOf\":{\"@id\":\"https:\/\/old.immamestre.com\/#website\"},\"primaryImageOfPage\":{\"@id\":\"https:\/\/old.immamestre.com\/producto\/lesplantesdelavi\/#primaryimage\"},\"image\":{\"@id\":\"https:\/\/old.immamestre.com\/producto\/lesplantesdelavi\/#primaryimage\"},\"thumbnailUrl\":\"https:\/\/old.immamestre.com\/wp-content\/uploads\/2021\/01\/IL_LPDLA_PortadaCAT.jpg\",\"datePublished\":\"2021-01-26T19:57:47+00:00\",\"dateModified\":\"2022-12-06T13:31:57+00:00\",\"breadcrumb\":{\"@id\":\"https:\/\/old.immamestre.com\/producto\/lesplantesdelavi\/#breadcrumb\"},\"inLanguage\":\"es\",\"potentialAction\":[{\"@type\":\"ReadAction\",\"target\":[\"https:\/\/old.immamestre.com\/producto\/lesplantesdelavi\/\"]}]},{\"@type\":\"ImageObject\",\"inLanguage\":\"es\",\"@id\":\"https:\/\/old.immamestre.com\/producto\/lesplantesdelavi\/#primaryimage\",\"url\":\"https:\/\/old.immamestre.com\/wp-content\/uploads\/2021\/01\/IL_LPDLA_PortadaCAT.jpg\",\"contentUrl\":\"https:\/\/old.immamestre.com\/wp-content\/uploads\/2021\/01\/IL_LPDLA_PortadaCAT.jpg\",\"width\":1080,\"height\":1080},{\"@type\":\"BreadcrumbList\",\"@id\":\"https:\/\/old.immamestre.com\/producto\/lesplantesdelavi\/#breadcrumb\",\"itemListElement\":[{\"@type\":\"ListItem\",\"position\":1,\"name\":\"Home\",\"item\":\"https:\/\/old.immamestre.com\/\"},{\"@type\":\"ListItem\",\"position\":2,\"name\":\"Tienda\",\"item\":\"https:\/\/old.immamestre.com\/botiga\/\"},{\"@type\":\"ListItem\",\"position\":3,\"name\":\"Les plantes de l\u2019avi (catal\u00e0)\"}]},{\"@type\":\"WebSite\",\"@id\":\"https:\/\/old.immamestre.com\/#website\",\"url\":\"https:\/\/old.immamestre.com\/\",\"name\":\"Imma Mestre | Ilustraci\u00f3n\",\"description\":\"ilustraci\u00f3n\",\"publisher\":{\"@id\":\"https:\/\/old.immamestre.com\/#\/schema\/person\/f649c9039586af566b698906bc9da076\"},\"potentialAction\":[{\"@type\":\"SearchAction\",\"target\":{\"@type\":\"EntryPoint\",\"urlTemplate\":\"https:\/\/old.immamestre.com\/?s={search_term_string}\"},\"query-input\":{\"@type\":\"PropertyValueSpecification\",\"valueRequired\":true,\"valueName\":\"search_term_string\"}}],\"inLanguage\":\"es\"},{\"@type\":[\"Person\",\"Organization\"],\"@id\":\"https:\/\/old.immamestre.com\/#\/schema\/person\/f649c9039586af566b698906bc9da076\",\"name\":\"Imma Mestre\",\"image\":{\"@type\":\"ImageObject\",\"inLanguage\":\"es\",\"@id\":\"https:\/\/old.immamestre.com\/#\/schema\/person\/image\/\",\"url\":\"https:\/\/secure.gravatar.com\/avatar\/fe9530742331fb8e4cb4de875d82303426947d472e41eb783b6dc62694aa6aff?s=96&d=mm&r=g\",\"contentUrl\":\"https:\/\/secure.gravatar.com\/avatar\/fe9530742331fb8e4cb4de875d82303426947d472e41eb783b6dc62694aa6aff?s=96&d=mm&r=g\",\"caption\":\"Imma Mestre\"},\"logo\":{\"@id\":\"https:\/\/old.immamestre.com\/#\/schema\/person\/image\/\"},\"description\":\"Hola soy Imma. Ilustradora. Hablo a trav\u00e9s de ilustraciones. Dame un l\u00e1piz y pinto tu mundo con historias ilustradas que te har\u00e1n despuntar.\",\"sameAs\":[\"https:\/\/www.immamestre.com\"]}]}<\/script>\n<!-- \/ Yoast SEO plugin. -->","yoast_head_json":{"title":"Les plantes de l\u2019avi (catal\u00e0) - Imma Mestre | Ilustraci\u00f3n","robots":{"index":"index","follow":"follow","max-snippet":"max-snippet:-1","max-image-preview":"max-image-preview:large","max-video-preview":"max-video-preview:-1"},"canonical":"https:\/\/old.immamestre.com\/producto\/lesplantesdelavi\/","og_locale":"es_ES","og_type":"article","og_title":"Les plantes de l\u2019avi (catal\u00e0) - Imma Mestre | Ilustraci\u00f3n","og_description":"L'avi tenia moltes plantes, moltes m\u00e9s que no pas fills! Els cantava, les regava i mimava i aix\u00f2 \u00faltim tamb\u00e9 ho feia amb mi.  \u00c1lbum ilustrado donde una ni\u00f1a recuerda a su abuelo mediante el amor mutuo que tienen por las plantas.  En esta web, la versi\u00f3n en catal\u00e1n est\u00e1 agotada, pero puedes comprarla en las librer\u00edas\u00a0o en la\u00a0p\u00e1gina web de la editorial.","og_url":"https:\/\/old.immamestre.com\/producto\/lesplantesdelavi\/","og_site_name":"Imma Mestre | Ilustraci\u00f3n","article_modified_time":"2022-12-06T13:31:57+00:00","og_image":[{"width":1080,"height":1080,"url":"https:\/\/old.immamestre.com\/wp-content\/uploads\/2021\/01\/IL_LPDLA_PortadaCAT.jpg","type":"image\/jpeg"}],"twitter_misc":{"Tiempo de lectura":"1 minuto"},"schema":{"@context":"https:\/\/schema.org","@graph":[{"@type":"WebPage","@id":"https:\/\/old.immamestre.com\/producto\/lesplantesdelavi\/","url":"https:\/\/old.immamestre.com\/producto\/lesplantesdelavi\/","name":"Les plantes de l\u2019avi (catal\u00e0) - Imma Mestre | Ilustraci\u00f3n","isPartOf":{"@id":"https:\/\/old.immamestre.com\/#website"},"primaryImageOfPage":{"@id":"https:\/\/old.immamestre.com\/producto\/lesplantesdelavi\/#primaryimage"},"image":{"@id":"https:\/\/old.immamestre.com\/producto\/lesplantesdelavi\/#primaryimage"},"thumbnailUrl":"https:\/\/old.immamestre.com\/wp-content\/uploads\/2021\/01\/IL_LPDLA_PortadaCAT.jpg","datePublished":"2021-01-26T19:57:47+00:00","dateModified":"2022-12-06T13:31:57+00:00","breadcrumb":{"@id":"https:\/\/old.immamestre.com\/producto\/lesplantesdelavi\/#breadcrumb"},"inLanguage":"es","potentialAction":[{"@type":"ReadAction","target":["https:\/\/old.immamestre.com\/producto\/lesplantesdelavi\/"]}]},{"@type":"ImageObject","inLanguage":"es","@id":"https:\/\/old.immamestre.com\/producto\/lesplantesdelavi\/#primaryimage","url":"https:\/\/old.immamestre.com\/wp-content\/uploads\/2021\/01\/IL_LPDLA_PortadaCAT.jpg","contentUrl":"https:\/\/old.immamestre.com\/wp-content\/uploads\/2021\/01\/IL_LPDLA_PortadaCAT.jpg","width":1080,"height":1080},{"@type":"BreadcrumbList","@id":"https:\/\/old.immamestre.com\/producto\/lesplantesdelavi\/#breadcrumb","itemListElement":[{"@type":"ListItem","position":1,"name":"Home","item":"https:\/\/old.immamestre.com\/"},{"@type":"ListItem","position":2,"name":"Tienda","item":"https:\/\/old.immamestre.com\/botiga\/"},{"@type":"ListItem","position":3,"name":"Les plantes de l\u2019avi (catal\u00e0)"}]},{"@type":"WebSite","@id":"https:\/\/old.immamestre.com\/#website","url":"https:\/\/old.immamestre.com\/","name":"Imma Mestre | Ilustraci\u00f3n","description":"ilustraci\u00f3n","publisher":{"@id":"https:\/\/old.immamestre.com\/#\/schema\/person\/f649c9039586af566b698906bc9da076"},"potentialAction":[{"@type":"SearchAction","target":{"@type":"EntryPoint","urlTemplate":"https:\/\/old.immamestre.com\/?s={search_term_string}"},"query-input":{"@type":"PropertyValueSpecification","valueRequired":true,"valueName":"search_term_string"}}],"inLanguage":"es"},{"@type":["Person","Organization"],"@id":"https:\/\/old.immamestre.com\/#\/schema\/person\/f649c9039586af566b698906bc9da076","name":"Imma Mestre","image":{"@type":"ImageObject","inLanguage":"es","@id":"https:\/\/old.immamestre.com\/#\/schema\/person\/image\/","url":"https:\/\/secure.gravatar.com\/avatar\/fe9530742331fb8e4cb4de875d82303426947d472e41eb783b6dc62694aa6aff?s=96&d=mm&r=g","contentUrl":"https:\/\/secure.gravatar.com\/avatar\/fe9530742331fb8e4cb4de875d82303426947d472e41eb783b6dc62694aa6aff?s=96&d=mm&r=g","caption":"Imma Mestre"},"logo":{"@id":"https:\/\/old.immamestre.com\/#\/schema\/person\/image\/"},"description":"Hola soy Imma. Ilustradora. Hablo a trav\u00e9s de ilustraciones. Dame un l\u00e1piz y pinto tu mundo con historias ilustradas que te har\u00e1n despuntar.","sameAs":["https:\/\/www.immamestre.com"]}]}},"_links":{"self":[{"href":"https:\/\/old.immamestre.com\/es\/wp-json\/wp\/v2\/product\/12837","targetHints":{"allow":["GET"]}}],"collection":[{"href":"https:\/\/old.immamestre.com\/es\/wp-json\/wp\/v2\/product"}],"about":[{"href":"https:\/\/old.immamestre.com\/es\/wp-json\/wp\/v2\/types\/product"}],"replies":[{"embeddable":true,"href":"https:\/\/old.immamestre.com\/es\/wp-json\/wp\/v2\/comments?post=12837"}],"wp:featuredmedia":[{"embeddable":true,"href":"https:\/\/old.immamestre.com\/es\/wp-json\/wp\/v2\/media\/12828"}],"wp:attachment":[{"href":"https:\/\/old.immamestre.com\/es\/wp-json\/wp\/v2\/media?parent=12837"}],"wp:term":[{"taxonomy":"product_brand","embeddable":true,"href":"https:\/\/old.immamestre.com\/es\/wp-json\/wp\/v2\/product_brand?post=12837"},{"taxonomy":"product_cat","embeddable":true,"href":"https:\/\/old.immamestre.com\/es\/wp-json\/wp\/v2\/product_cat?post=12837"},{"taxonomy":"product_tag","embeddable":true,"href":"https:\/\/old.immamestre.com\/es\/wp-json\/wp\/v2\/product_tag?post=12837"}],"curies":[{"name":"wp","href":"https:\/\/api.w.org\/{rel}","templated":true}]}}