{"id":12592,"date":"2020-08-20T10:57:29","date_gmt":"2020-08-20T08:57:29","guid":{"rendered":"https:\/\/www.immamestre.com\/?post_type=product&#038;p=12592"},"modified":"2023-01-12T21:13:11","modified_gmt":"2023-01-12T20:13:11","slug":"planificador-semanal-azul","status":"publish","type":"product","link":"https:\/\/old.immamestre.com\/es\/producto\/planificador-semanal-azul\/","title":{"rendered":"Planificador semanal Azul"},"content":{"rendered":"<p>Planificador semanal ideal para tener las tareas de la semana siempre visibles en tu escritorio o estudio.<\/p>\n<p>&nbsp;<\/p>\n<h2>Caracter\u00edsticas del planificador semanal, modelo <em>Azul<\/em><\/h2>\n<ul>\n<li>Planificador mensual DIN A4 (29,7x21cm) en horizontal.<\/li>\n<li>100 hojas de 80gr impresas a una cara.<\/li>\n<li>Apartado para los d\u00edas de la semana destacado en azul claro para que lo veas r\u00e1pido.<\/li>\n<li>Espacio para\u00a0 \u00ab<em>To-Do&#8217;s<\/em>\u00ab: Esas peque\u00f1as tareas que s\u00ed o s\u00ed quieres hacer esa semana y no quieres que se te vuelvan a quedar en pendientes o para apuntar fechas importantes.<\/li>\n<li>Espacio para apuntar una frase que te guste, te resuene o te motive para esa semana.<\/li>\n<li>Espacio para apuntar el mes en el que est\u00e1s y situar la semana dentro de ese mes<\/li>\n<li>P\u00e1ginas con ilustraciones y espacios en blanco para que puedas escribir la fecha y d\u00edas de la semana como m\u00e1s te guste y en el idioma que quieras, junto con las citas, reuniones y\/o actividades programadas.<\/li>\n<li>Puedes seguir escribiendo m\u00e1s notas y bocetos en la cara que no est\u00e1 impresa<\/li>\n<li>Bloque encolado para que puedas arrancar las p\u00e1ginas de forma f\u00e1cil y sin estropear el resto.<\/li>\n<li>Cart\u00f3n de protecci\u00f3n en la parte de atr\u00e1s para que escribas siempre c\u00f3modamente.<\/li>\n<\/ul>\n<h2>Beneficios del planificador semanal modelo <em>Azul<\/em><\/h2>\n<ul>\n<li class=\"p1\"><span class=\"s1\">Aprender\u00e1s a organizarte mejor<\/span><\/li>\n<li class=\"p1\"><span class=\"s1\">Te da estabilidad y seguridad porqu\u00e9 sabr\u00e1s qu\u00e9 hacer en cada momento para conseguir tus objetivos. Ya sean laborales o personales.<\/span><\/li>\n<li class=\"p1\"><span class=\"s1\">Tendr\u00e1s tu semana planificada y te permitir\u00e1 reorganizarte sin entrar en nerviosismos y ansiedades si tienes alg\u00fan imprevisto.<\/span><\/li>\n<li class=\"p1\"><span class=\"s1\">Conseguir\u00e1s eliminar tareas pendientes.<\/span><\/li>\n<li class=\"p1\"><span class=\"s1\">Avanzar\u00e1s en tus objetivos.<\/span><\/li>\n<li class=\"p1\"><span class=\"s1\">Te invadir\u00e1 una sensaci\u00f3n de satisfacci\u00f3n, bienestar y felicidad (poco comparable a nada m\u00e1s), cuando veas todo lo que has conseguido esa semana. <\/span><\/li>\n<li class=\"p1\"><span class=\"s1\">Te motivar\u00e1s a\u00fan m\u00e1s.<\/span><\/li>\n<li class=\"p1\"><span class=\"s1\">\u00a1Y tachar! Te pegar\u00e1s el gran gustazo de experimentar esa placentera sensaci\u00f3n de tachar cada tarea, cita, reuni\u00f3n, o actividad que hayas programado y hecho. \u00bfSabes lo bien que sienta eso? S\u00ed, lo sabes.<\/span><\/li>\n<\/ul>\n","protected":false},"excerpt":{"rendered":"<p class=\"p1\"><span class=\"s1\">\u00a1Tengo muchas cosas que hacer y poco tiempo para hacerlas! \u00bfTe suena? Siempre vamos como pollo sin cabeza y al final te da la sensaci\u00f3n que haces mucho, pero no avanzas.<span class=\"Apple-converted-space\">\u00a0 <\/span>Marcarte objetivos a nivel laboral y personal est\u00e1 muy bien, pero se deben cumplir.<\/span><\/p>\n<p class=\"p1\"><span class=\"s1\">Con el planificador semanal, podr\u00e1s ver a simple vista, todo lo que tienes programado para la semana y sacarle punta a tus herramientas para conseguir tus objetivos.<\/span><\/p>\n<p class=\"p1\"><span class=\"s1\">Improvisar est\u00e1 muy bien, te da vidilla, pero tener un poco de planificaci\u00f3n te ayuda a avanzar.<\/span><\/p>\n","protected":false},"featured_media":12565,"comment_status":"open","ping_status":"closed","template":"","meta":{"_et_pb_use_builder":"","_et_pb_old_content":"","_et_gb_content_width":"","_monsterinsights_skip_tracking":false,"_monsterinsights_sitenote_active":false,"_monsterinsights_sitenote_note":"","_monsterinsights_sitenote_category":0},"product_brand":[],"product_cat":[596,200],"product_tag":[],"class_list":{"0":"post-12592","1":"product","2":"type-product","3":"status-publish","4":"has-post-thumbnail","6":"product_cat-organizador","7":"product_cat-papel","9":"first","10":"instock","11":"taxable","12":"shipping-taxable","13":"purchasable","14":"product-type-simple"},"yoast_head":"<!-- This site is optimized with the Yoast SEO plugin v26.1.1 - https:\/\/yoast.com\/wordpress\/plugins\/seo\/ -->\n<title>Planificador semanal Azul - Imma Mestre | Ilustraci\u00f3n<\/title>\n<meta name=\"robots\" content=\"index, follow, max-snippet:-1, max-image-preview:large, max-video-preview:-1\" \/>\n<link rel=\"canonical\" href=\"https:\/\/old.immamestre.com\/es\/producto\/planificador-semanal-azul\/\" \/>\n<meta property=\"og:locale\" content=\"es_ES\" \/>\n<meta property=\"og:type\" content=\"article\" \/>\n<meta property=\"og:title\" content=\"Planificador semanal Azul - Imma Mestre | Ilustraci\u00f3n\" \/>\n<meta property=\"og:description\" content=\"\u00a1Tengo muchas cosas que hacer y poco tiempo para hacerlas! \u00bfTe suena? Siempre vamos como pollo sin cabeza y al final te da la sensaci\u00f3n que haces mucho, pero no avanzas.\u00a0 Marcarte objetivos a nivel laboral y personal est\u00e1 muy bien, pero se deben cumplir. Con el planificador semanal, podr\u00e1s ver a simple vista, todo lo que tienes programado para la semana y sacarle punta a tus herramientas para conseguir tus objetivos. Improvisar est\u00e1 muy bien, te da vidilla, pero tener un poco de planificaci\u00f3n te ayuda a avanzar.\" \/>\n<meta property=\"og:url\" content=\"https:\/\/old.immamestre.com\/es\/producto\/planificador-semanal-azul\/\" \/>\n<meta property=\"og:site_name\" content=\"Imma Mestre | Ilustraci\u00f3n\" \/>\n<meta property=\"article:modified_time\" content=\"2023-01-12T20:13:11+00:00\" \/>\n<meta property=\"og:image\" content=\"https:\/\/old.immamestre.com\/wp-content\/uploads\/2020\/08\/A6706D2D-4D51-47B8-A7D9-DA5B8DEACD2C.jpeg\" \/>\n\t<meta property=\"og:image:width\" content=\"2048\" \/>\n\t<meta property=\"og:image:height\" content=\"2048\" \/>\n\t<meta property=\"og:image:type\" content=\"image\/jpeg\" \/>\n<meta name=\"twitter:label1\" content=\"Tiempo de lectura\" \/>\n\t<meta name=\"twitter:data1\" content=\"2 minutos\" \/>\n<script type=\"application\/ld+json\" class=\"yoast-schema-graph\">{\"@context\":\"https:\/\/schema.org\",\"@graph\":[{\"@type\":\"WebPage\",\"@id\":\"https:\/\/old.immamestre.com\/es\/producto\/planificador-semanal-azul\/\",\"url\":\"https:\/\/old.immamestre.com\/es\/producto\/planificador-semanal-azul\/\",\"name\":\"Planificador semanal Azul - Imma Mestre | Ilustraci\u00f3n\",\"isPartOf\":{\"@id\":\"https:\/\/old.immamestre.com\/#website\"},\"primaryImageOfPage\":{\"@id\":\"https:\/\/old.immamestre.com\/es\/producto\/planificador-semanal-azul\/#primaryimage\"},\"image\":{\"@id\":\"https:\/\/old.immamestre.com\/es\/producto\/planificador-semanal-azul\/#primaryimage\"},\"thumbnailUrl\":\"https:\/\/old.immamestre.com\/wp-content\/uploads\/2020\/08\/A6706D2D-4D51-47B8-A7D9-DA5B8DEACD2C.jpeg\",\"datePublished\":\"2020-08-20T08:57:29+00:00\",\"dateModified\":\"2023-01-12T20:13:11+00:00\",\"breadcrumb\":{\"@id\":\"https:\/\/old.immamestre.com\/es\/producto\/planificador-semanal-azul\/#breadcrumb\"},\"inLanguage\":\"es\",\"potentialAction\":[{\"@type\":\"ReadAction\",\"target\":[\"https:\/\/old.immamestre.com\/es\/producto\/planificador-semanal-azul\/\"]}]},{\"@type\":\"ImageObject\",\"inLanguage\":\"es\",\"@id\":\"https:\/\/old.immamestre.com\/es\/producto\/planificador-semanal-azul\/#primaryimage\",\"url\":\"https:\/\/old.immamestre.com\/wp-content\/uploads\/2020\/08\/A6706D2D-4D51-47B8-A7D9-DA5B8DEACD2C.jpeg\",\"contentUrl\":\"https:\/\/old.immamestre.com\/wp-content\/uploads\/2020\/08\/A6706D2D-4D51-47B8-A7D9-DA5B8DEACD2C.jpeg\",\"width\":2048,\"height\":2048},{\"@type\":\"BreadcrumbList\",\"@id\":\"https:\/\/old.immamestre.com\/es\/producto\/planificador-semanal-azul\/#breadcrumb\",\"itemListElement\":[{\"@type\":\"ListItem\",\"position\":1,\"name\":\"Home\",\"item\":\"https:\/\/old.immamestre.com\/\"},{\"@type\":\"ListItem\",\"position\":2,\"name\":\"Tienda\",\"item\":\"https:\/\/old.immamestre.com\/botiga\/\"},{\"@type\":\"ListItem\",\"position\":3,\"name\":\"Planificador semanal Azul\"}]},{\"@type\":\"WebSite\",\"@id\":\"https:\/\/old.immamestre.com\/#website\",\"url\":\"https:\/\/old.immamestre.com\/\",\"name\":\"Imma Mestre | Ilustraci\u00f3n\",\"description\":\"ilustraci\u00f3n\",\"publisher\":{\"@id\":\"https:\/\/old.immamestre.com\/#\/schema\/person\/f649c9039586af566b698906bc9da076\"},\"potentialAction\":[{\"@type\":\"SearchAction\",\"target\":{\"@type\":\"EntryPoint\",\"urlTemplate\":\"https:\/\/old.immamestre.com\/?s={search_term_string}\"},\"query-input\":{\"@type\":\"PropertyValueSpecification\",\"valueRequired\":true,\"valueName\":\"search_term_string\"}}],\"inLanguage\":\"es\"},{\"@type\":[\"Person\",\"Organization\"],\"@id\":\"https:\/\/old.immamestre.com\/#\/schema\/person\/f649c9039586af566b698906bc9da076\",\"name\":\"Imma Mestre\",\"image\":{\"@type\":\"ImageObject\",\"inLanguage\":\"es\",\"@id\":\"https:\/\/old.immamestre.com\/#\/schema\/person\/image\/\",\"url\":\"https:\/\/secure.gravatar.com\/avatar\/fe9530742331fb8e4cb4de875d82303426947d472e41eb783b6dc62694aa6aff?s=96&d=mm&r=g\",\"contentUrl\":\"https:\/\/secure.gravatar.com\/avatar\/fe9530742331fb8e4cb4de875d82303426947d472e41eb783b6dc62694aa6aff?s=96&d=mm&r=g\",\"caption\":\"Imma Mestre\"},\"logo\":{\"@id\":\"https:\/\/old.immamestre.com\/#\/schema\/person\/image\/\"},\"description\":\"Hola soy Imma. Ilustradora. Hablo a trav\u00e9s de ilustraciones. Dame un l\u00e1piz y pinto tu mundo con historias ilustradas que te har\u00e1n despuntar.\",\"sameAs\":[\"https:\/\/www.immamestre.com\"]}]}<\/script>\n<!-- \/ Yoast SEO plugin. -->","yoast_head_json":{"title":"Planificador semanal Azul - Imma Mestre | Ilustraci\u00f3n","robots":{"index":"index","follow":"follow","max-snippet":"max-snippet:-1","max-image-preview":"max-image-preview:large","max-video-preview":"max-video-preview:-1"},"canonical":"https:\/\/old.immamestre.com\/es\/producto\/planificador-semanal-azul\/","og_locale":"es_ES","og_type":"article","og_title":"Planificador semanal Azul - Imma Mestre | Ilustraci\u00f3n","og_description":"\u00a1Tengo muchas cosas que hacer y poco tiempo para hacerlas! \u00bfTe suena? Siempre vamos como pollo sin cabeza y al final te da la sensaci\u00f3n que haces mucho, pero no avanzas.\u00a0 Marcarte objetivos a nivel laboral y personal est\u00e1 muy bien, pero se deben cumplir. Con el planificador semanal, podr\u00e1s ver a simple vista, todo lo que tienes programado para la semana y sacarle punta a tus herramientas para conseguir tus objetivos. Improvisar est\u00e1 muy bien, te da vidilla, pero tener un poco de planificaci\u00f3n te ayuda a avanzar.","og_url":"https:\/\/old.immamestre.com\/es\/producto\/planificador-semanal-azul\/","og_site_name":"Imma Mestre | Ilustraci\u00f3n","article_modified_time":"2023-01-12T20:13:11+00:00","og_image":[{"width":2048,"height":2048,"url":"https:\/\/old.immamestre.com\/wp-content\/uploads\/2020\/08\/A6706D2D-4D51-47B8-A7D9-DA5B8DEACD2C.jpeg","type":"image\/jpeg"}],"twitter_misc":{"Tiempo de lectura":"2 minutos"},"schema":{"@context":"https:\/\/schema.org","@graph":[{"@type":"WebPage","@id":"https:\/\/old.immamestre.com\/es\/producto\/planificador-semanal-azul\/","url":"https:\/\/old.immamestre.com\/es\/producto\/planificador-semanal-azul\/","name":"Planificador semanal Azul - Imma Mestre | Ilustraci\u00f3n","isPartOf":{"@id":"https:\/\/old.immamestre.com\/#website"},"primaryImageOfPage":{"@id":"https:\/\/old.immamestre.com\/es\/producto\/planificador-semanal-azul\/#primaryimage"},"image":{"@id":"https:\/\/old.immamestre.com\/es\/producto\/planificador-semanal-azul\/#primaryimage"},"thumbnailUrl":"https:\/\/old.immamestre.com\/wp-content\/uploads\/2020\/08\/A6706D2D-4D51-47B8-A7D9-DA5B8DEACD2C.jpeg","datePublished":"2020-08-20T08:57:29+00:00","dateModified":"2023-01-12T20:13:11+00:00","breadcrumb":{"@id":"https:\/\/old.immamestre.com\/es\/producto\/planificador-semanal-azul\/#breadcrumb"},"inLanguage":"es","potentialAction":[{"@type":"ReadAction","target":["https:\/\/old.immamestre.com\/es\/producto\/planificador-semanal-azul\/"]}]},{"@type":"ImageObject","inLanguage":"es","@id":"https:\/\/old.immamestre.com\/es\/producto\/planificador-semanal-azul\/#primaryimage","url":"https:\/\/old.immamestre.com\/wp-content\/uploads\/2020\/08\/A6706D2D-4D51-47B8-A7D9-DA5B8DEACD2C.jpeg","contentUrl":"https:\/\/old.immamestre.com\/wp-content\/uploads\/2020\/08\/A6706D2D-4D51-47B8-A7D9-DA5B8DEACD2C.jpeg","width":2048,"height":2048},{"@type":"BreadcrumbList","@id":"https:\/\/old.immamestre.com\/es\/producto\/planificador-semanal-azul\/#breadcrumb","itemListElement":[{"@type":"ListItem","position":1,"name":"Home","item":"https:\/\/old.immamestre.com\/"},{"@type":"ListItem","position":2,"name":"Tienda","item":"https:\/\/old.immamestre.com\/botiga\/"},{"@type":"ListItem","position":3,"name":"Planificador semanal Azul"}]},{"@type":"WebSite","@id":"https:\/\/old.immamestre.com\/#website","url":"https:\/\/old.immamestre.com\/","name":"Imma Mestre | Ilustraci\u00f3n","description":"ilustraci\u00f3n","publisher":{"@id":"https:\/\/old.immamestre.com\/#\/schema\/person\/f649c9039586af566b698906bc9da076"},"potentialAction":[{"@type":"SearchAction","target":{"@type":"EntryPoint","urlTemplate":"https:\/\/old.immamestre.com\/?s={search_term_string}"},"query-input":{"@type":"PropertyValueSpecification","valueRequired":true,"valueName":"search_term_string"}}],"inLanguage":"es"},{"@type":["Person","Organization"],"@id":"https:\/\/old.immamestre.com\/#\/schema\/person\/f649c9039586af566b698906bc9da076","name":"Imma Mestre","image":{"@type":"ImageObject","inLanguage":"es","@id":"https:\/\/old.immamestre.com\/#\/schema\/person\/image\/","url":"https:\/\/secure.gravatar.com\/avatar\/fe9530742331fb8e4cb4de875d82303426947d472e41eb783b6dc62694aa6aff?s=96&d=mm&r=g","contentUrl":"https:\/\/secure.gravatar.com\/avatar\/fe9530742331fb8e4cb4de875d82303426947d472e41eb783b6dc62694aa6aff?s=96&d=mm&r=g","caption":"Imma Mestre"},"logo":{"@id":"https:\/\/old.immamestre.com\/#\/schema\/person\/image\/"},"description":"Hola soy Imma. Ilustradora. Hablo a trav\u00e9s de ilustraciones. Dame un l\u00e1piz y pinto tu mundo con historias ilustradas que te har\u00e1n despuntar.","sameAs":["https:\/\/www.immamestre.com"]}]}},"_links":{"self":[{"href":"https:\/\/old.immamestre.com\/es\/wp-json\/wp\/v2\/product\/12592","targetHints":{"allow":["GET"]}}],"collection":[{"href":"https:\/\/old.immamestre.com\/es\/wp-json\/wp\/v2\/product"}],"about":[{"href":"https:\/\/old.immamestre.com\/es\/wp-json\/wp\/v2\/types\/product"}],"replies":[{"embeddable":true,"href":"https:\/\/old.immamestre.com\/es\/wp-json\/wp\/v2\/comments?post=12592"}],"wp:featuredmedia":[{"embeddable":true,"href":"https:\/\/old.immamestre.com\/es\/wp-json\/wp\/v2\/media\/12565"}],"wp:attachment":[{"href":"https:\/\/old.immamestre.com\/es\/wp-json\/wp\/v2\/media?parent=12592"}],"wp:term":[{"taxonomy":"product_brand","embeddable":true,"href":"https:\/\/old.immamestre.com\/es\/wp-json\/wp\/v2\/product_brand?post=12592"},{"taxonomy":"product_cat","embeddable":true,"href":"https:\/\/old.immamestre.com\/es\/wp-json\/wp\/v2\/product_cat?post=12592"},{"taxonomy":"product_tag","embeddable":true,"href":"https:\/\/old.immamestre.com\/es\/wp-json\/wp\/v2\/product_tag?post=12592"}],"curies":[{"name":"wp","href":"https:\/\/api.w.org\/{rel}","templated":true}]}}