{"id":12558,"date":"2020-08-20T11:11:19","date_gmt":"2020-08-20T09:11:19","guid":{"rendered":"https:\/\/www.immamestre.com\/?post_type=product&#038;p=12558"},"modified":"2021-09-03T06:40:16","modified_gmt":"2021-09-03T04:40:16","slug":"planificador-diario","status":"publish","type":"product","link":"https:\/\/old.immamestre.com\/es\/producto\/planificador-diario\/","title":{"rendered":"Planificador diario"},"content":{"rendered":"<p class=\"p1\"><span class=\"s1\">Planificador diario ideal para tener las tareas del d\u00eda a d\u00eda siempre visibles en tu escritorio o estudio<\/span><\/p>\n<h2>Caracter\u00edsticas del planificador diario<\/h2>\n<ul>\n<li>Planificador diario DIN A4 (29,7x21cm) en horizontal.<\/li>\n<li>100 hojas de 80gr impresas a una cara.<\/li>\n<li>Apartado para apuntar los tres objetivos principales para ese d\u00eda<\/li>\n<li>Espacio grande para apuntar todas las tareas del d\u00eda a d\u00eda<\/li>\n<li>Espacio para anotar tres aspectos o frases del d\u00eda que te motiven, te empoderen y\/o quieras tener presentes.<\/li>\n<li>P\u00e1ginas con ilustraciones y espacios en blanco para que puedas escribir la fecha y d\u00edas de la semana como m\u00e1s te guste y en el idioma que quieras, junto con las citas, reuniones y\/o actividades programadas.<\/li>\n<li>Puedes seguir escribiendo m\u00e1s notas y bocetos en la cara que no est\u00e1 impresa<\/li>\n<li>Bloque encolado para que puedas arrancar las p\u00e1ginas de forma f\u00e1cil y sin estropear el resto.<\/li>\n<li>Cart\u00f3n de protecci\u00f3n en la parte de atr\u00e1s para que escribas siempre c\u00f3modamente.<\/li>\n<\/ul>\n<h2 class=\"p1\"><span class=\"s1\">Beneficios del planificador diario<\/span><\/h2>\n<ul>\n<li class=\"p1\"><span class=\"s1\">Aprender\u00e1s a organizarte mejor<\/span><\/li>\n<li class=\"p1\"><span class=\"s1\">Tendr\u00e1s tus tareas organizadas y apuntadas<\/span><\/li>\n<li class=\"p1\"><span class=\"s1\">Conseguir\u00e1s estabilidad y seguridad porqu\u00e9 sabr\u00e1s qu\u00e9 hacer en cada momento sin que te ocupe espacio en tu cabeza. <\/span><\/li>\n<li class=\"p1\"><span class=\"s1\">Tendr\u00e1s el d\u00eda planificado y te permitir\u00e1 reorganizarte sin entrar en nerviosismos y ansiedades si tienes alg\u00fan imprevisto.<\/span><\/li>\n<li class=\"p1\"><span class=\"s1\">Conseguir\u00e1s eliminar tareas pendientes.<\/span><\/li>\n<li class=\"p1\"><span class=\"s1\">Avanzar\u00e1s en tus objetivos.<\/span><\/li>\n<li class=\"p1\"><span class=\"s1\">Te invadir\u00e1 una sensaci\u00f3n de satisfacci\u00f3n, bienestar y felicidad (poco comparable a nada m\u00e1s), cuando veas todo lo que has conseguido esa semana. <\/span><\/li>\n<li class=\"p1\"><span class=\"s1\">Te motivar\u00e1s a\u00fan m\u00e1s.<\/span><\/li>\n<li class=\"p1\"><span class=\"s1\">\u00a1Y tachar! Te pegar\u00e1s el gran gustazo de experimentar esa placentera sensaci\u00f3n de tachar cada tarea, cita, reuni\u00f3n, o actividad que hayas programado y hecho. \u00bfSabes lo bien que sienta eso? S\u00ed, lo sabes.<\/span><\/li>\n<\/ul>\n","protected":false},"excerpt":{"rendered":"<p class=\"p1\"><span class=\"s1\">\u00bfNecesitas planificar tus tareas por escrito para tenerlas presente? \u00bfNecesitas apunt\u00e1rtelo todo porqu\u00e9 sino no te acuerdas? \u00bfTienes una agenda que llevas siempre encima, pero luego no te acuerdas de mirarla?<\/span><\/p>\n<p class=\"p1\"><span class=\"s1\">El planificador diario te ayudar\u00e1 a sacar adelante las tareas del d\u00eda a d\u00eda sin dejar nada pendiente.<\/span><\/p>\n","protected":false},"featured_media":12567,"comment_status":"open","ping_status":"closed","template":"","meta":{"_et_pb_use_builder":"","_et_pb_old_content":"","_et_gb_content_width":"","_monsterinsights_skip_tracking":false,"_monsterinsights_sitenote_active":false,"_monsterinsights_sitenote_note":"","_monsterinsights_sitenote_category":0},"product_brand":[],"product_cat":[596,200],"product_tag":[],"class_list":{"0":"post-12558","1":"product","2":"type-product","3":"status-publish","4":"has-post-thumbnail","6":"product_cat-organizador","7":"product_cat-papel","9":"first","10":"instock","11":"taxable","12":"shipping-taxable","13":"purchasable","14":"product-type-simple"},"yoast_head":"<!-- This site is optimized with the Yoast SEO plugin v26.1.1 - https:\/\/yoast.com\/wordpress\/plugins\/seo\/ -->\n<title>Planificador diario - Imma Mestre | Ilustraci\u00f3n<\/title>\n<meta name=\"robots\" content=\"index, follow, max-snippet:-1, max-image-preview:large, max-video-preview:-1\" \/>\n<link rel=\"canonical\" href=\"https:\/\/old.immamestre.com\/es\/producto\/planificador-diario\/\" \/>\n<meta property=\"og:locale\" content=\"es_ES\" \/>\n<meta property=\"og:type\" content=\"article\" \/>\n<meta property=\"og:title\" content=\"Planificador diario - Imma Mestre | Ilustraci\u00f3n\" \/>\n<meta property=\"og:description\" content=\"\u00bfNecesitas planificar tus tareas por escrito para tenerlas presente? \u00bfNecesitas apunt\u00e1rtelo todo porqu\u00e9 sino no te acuerdas? \u00bfTienes una agenda que llevas siempre encima, pero luego no te acuerdas de mirarla? El planificador diario te ayudar\u00e1 a sacar adelante las tareas del d\u00eda a d\u00eda sin dejar nada pendiente.\" \/>\n<meta property=\"og:url\" content=\"https:\/\/old.immamestre.com\/es\/producto\/planificador-diario\/\" \/>\n<meta property=\"og:site_name\" content=\"Imma Mestre | Ilustraci\u00f3n\" \/>\n<meta property=\"article:modified_time\" content=\"2021-09-03T04:40:16+00:00\" \/>\n<meta property=\"og:image\" content=\"https:\/\/old.immamestre.com\/wp-content\/uploads\/2020\/08\/90FA7199-0879-4C4E-845E-5C0B9D6A2BF0.jpeg\" \/>\n\t<meta property=\"og:image:width\" content=\"2048\" \/>\n\t<meta property=\"og:image:height\" content=\"2048\" \/>\n\t<meta property=\"og:image:type\" content=\"image\/jpeg\" \/>\n<meta name=\"twitter:label1\" content=\"Tiempo de lectura\" \/>\n\t<meta name=\"twitter:data1\" content=\"2 minutos\" \/>\n<script type=\"application\/ld+json\" class=\"yoast-schema-graph\">{\"@context\":\"https:\/\/schema.org\",\"@graph\":[{\"@type\":\"WebPage\",\"@id\":\"https:\/\/old.immamestre.com\/es\/producto\/planificador-diario\/\",\"url\":\"https:\/\/old.immamestre.com\/es\/producto\/planificador-diario\/\",\"name\":\"Planificador diario - Imma Mestre | Ilustraci\u00f3n\",\"isPartOf\":{\"@id\":\"https:\/\/old.immamestre.com\/#website\"},\"primaryImageOfPage\":{\"@id\":\"https:\/\/old.immamestre.com\/es\/producto\/planificador-diario\/#primaryimage\"},\"image\":{\"@id\":\"https:\/\/old.immamestre.com\/es\/producto\/planificador-diario\/#primaryimage\"},\"thumbnailUrl\":\"https:\/\/old.immamestre.com\/wp-content\/uploads\/2020\/08\/90FA7199-0879-4C4E-845E-5C0B9D6A2BF0.jpeg\",\"datePublished\":\"2020-08-20T09:11:19+00:00\",\"dateModified\":\"2021-09-03T04:40:16+00:00\",\"breadcrumb\":{\"@id\":\"https:\/\/old.immamestre.com\/es\/producto\/planificador-diario\/#breadcrumb\"},\"inLanguage\":\"es\",\"potentialAction\":[{\"@type\":\"ReadAction\",\"target\":[\"https:\/\/old.immamestre.com\/es\/producto\/planificador-diario\/\"]}]},{\"@type\":\"ImageObject\",\"inLanguage\":\"es\",\"@id\":\"https:\/\/old.immamestre.com\/es\/producto\/planificador-diario\/#primaryimage\",\"url\":\"https:\/\/old.immamestre.com\/wp-content\/uploads\/2020\/08\/90FA7199-0879-4C4E-845E-5C0B9D6A2BF0.jpeg\",\"contentUrl\":\"https:\/\/old.immamestre.com\/wp-content\/uploads\/2020\/08\/90FA7199-0879-4C4E-845E-5C0B9D6A2BF0.jpeg\",\"width\":2048,\"height\":2048},{\"@type\":\"BreadcrumbList\",\"@id\":\"https:\/\/old.immamestre.com\/es\/producto\/planificador-diario\/#breadcrumb\",\"itemListElement\":[{\"@type\":\"ListItem\",\"position\":1,\"name\":\"Home\",\"item\":\"https:\/\/old.immamestre.com\/\"},{\"@type\":\"ListItem\",\"position\":2,\"name\":\"Tienda\",\"item\":\"https:\/\/old.immamestre.com\/botiga\/\"},{\"@type\":\"ListItem\",\"position\":3,\"name\":\"Planificador diario\"}]},{\"@type\":\"WebSite\",\"@id\":\"https:\/\/old.immamestre.com\/#website\",\"url\":\"https:\/\/old.immamestre.com\/\",\"name\":\"Imma Mestre | Ilustraci\u00f3n\",\"description\":\"ilustraci\u00f3n\",\"publisher\":{\"@id\":\"https:\/\/old.immamestre.com\/#\/schema\/person\/f649c9039586af566b698906bc9da076\"},\"potentialAction\":[{\"@type\":\"SearchAction\",\"target\":{\"@type\":\"EntryPoint\",\"urlTemplate\":\"https:\/\/old.immamestre.com\/?s={search_term_string}\"},\"query-input\":{\"@type\":\"PropertyValueSpecification\",\"valueRequired\":true,\"valueName\":\"search_term_string\"}}],\"inLanguage\":\"es\"},{\"@type\":[\"Person\",\"Organization\"],\"@id\":\"https:\/\/old.immamestre.com\/#\/schema\/person\/f649c9039586af566b698906bc9da076\",\"name\":\"Imma Mestre\",\"image\":{\"@type\":\"ImageObject\",\"inLanguage\":\"es\",\"@id\":\"https:\/\/old.immamestre.com\/#\/schema\/person\/image\/\",\"url\":\"https:\/\/secure.gravatar.com\/avatar\/fe9530742331fb8e4cb4de875d82303426947d472e41eb783b6dc62694aa6aff?s=96&d=mm&r=g\",\"contentUrl\":\"https:\/\/secure.gravatar.com\/avatar\/fe9530742331fb8e4cb4de875d82303426947d472e41eb783b6dc62694aa6aff?s=96&d=mm&r=g\",\"caption\":\"Imma Mestre\"},\"logo\":{\"@id\":\"https:\/\/old.immamestre.com\/#\/schema\/person\/image\/\"},\"description\":\"Hola soy Imma. Ilustradora. Hablo a trav\u00e9s de ilustraciones. Dame un l\u00e1piz y pinto tu mundo con historias ilustradas que te har\u00e1n despuntar.\",\"sameAs\":[\"https:\/\/www.immamestre.com\"]}]}<\/script>\n<!-- \/ Yoast SEO plugin. -->","yoast_head_json":{"title":"Planificador diario - Imma Mestre | Ilustraci\u00f3n","robots":{"index":"index","follow":"follow","max-snippet":"max-snippet:-1","max-image-preview":"max-image-preview:large","max-video-preview":"max-video-preview:-1"},"canonical":"https:\/\/old.immamestre.com\/es\/producto\/planificador-diario\/","og_locale":"es_ES","og_type":"article","og_title":"Planificador diario - Imma Mestre | Ilustraci\u00f3n","og_description":"\u00bfNecesitas planificar tus tareas por escrito para tenerlas presente? \u00bfNecesitas apunt\u00e1rtelo todo porqu\u00e9 sino no te acuerdas? \u00bfTienes una agenda que llevas siempre encima, pero luego no te acuerdas de mirarla? El planificador diario te ayudar\u00e1 a sacar adelante las tareas del d\u00eda a d\u00eda sin dejar nada pendiente.","og_url":"https:\/\/old.immamestre.com\/es\/producto\/planificador-diario\/","og_site_name":"Imma Mestre | Ilustraci\u00f3n","article_modified_time":"2021-09-03T04:40:16+00:00","og_image":[{"width":2048,"height":2048,"url":"https:\/\/old.immamestre.com\/wp-content\/uploads\/2020\/08\/90FA7199-0879-4C4E-845E-5C0B9D6A2BF0.jpeg","type":"image\/jpeg"}],"twitter_misc":{"Tiempo de lectura":"2 minutos"},"schema":{"@context":"https:\/\/schema.org","@graph":[{"@type":"WebPage","@id":"https:\/\/old.immamestre.com\/es\/producto\/planificador-diario\/","url":"https:\/\/old.immamestre.com\/es\/producto\/planificador-diario\/","name":"Planificador diario - Imma Mestre | Ilustraci\u00f3n","isPartOf":{"@id":"https:\/\/old.immamestre.com\/#website"},"primaryImageOfPage":{"@id":"https:\/\/old.immamestre.com\/es\/producto\/planificador-diario\/#primaryimage"},"image":{"@id":"https:\/\/old.immamestre.com\/es\/producto\/planificador-diario\/#primaryimage"},"thumbnailUrl":"https:\/\/old.immamestre.com\/wp-content\/uploads\/2020\/08\/90FA7199-0879-4C4E-845E-5C0B9D6A2BF0.jpeg","datePublished":"2020-08-20T09:11:19+00:00","dateModified":"2021-09-03T04:40:16+00:00","breadcrumb":{"@id":"https:\/\/old.immamestre.com\/es\/producto\/planificador-diario\/#breadcrumb"},"inLanguage":"es","potentialAction":[{"@type":"ReadAction","target":["https:\/\/old.immamestre.com\/es\/producto\/planificador-diario\/"]}]},{"@type":"ImageObject","inLanguage":"es","@id":"https:\/\/old.immamestre.com\/es\/producto\/planificador-diario\/#primaryimage","url":"https:\/\/old.immamestre.com\/wp-content\/uploads\/2020\/08\/90FA7199-0879-4C4E-845E-5C0B9D6A2BF0.jpeg","contentUrl":"https:\/\/old.immamestre.com\/wp-content\/uploads\/2020\/08\/90FA7199-0879-4C4E-845E-5C0B9D6A2BF0.jpeg","width":2048,"height":2048},{"@type":"BreadcrumbList","@id":"https:\/\/old.immamestre.com\/es\/producto\/planificador-diario\/#breadcrumb","itemListElement":[{"@type":"ListItem","position":1,"name":"Home","item":"https:\/\/old.immamestre.com\/"},{"@type":"ListItem","position":2,"name":"Tienda","item":"https:\/\/old.immamestre.com\/botiga\/"},{"@type":"ListItem","position":3,"name":"Planificador diario"}]},{"@type":"WebSite","@id":"https:\/\/old.immamestre.com\/#website","url":"https:\/\/old.immamestre.com\/","name":"Imma Mestre | Ilustraci\u00f3n","description":"ilustraci\u00f3n","publisher":{"@id":"https:\/\/old.immamestre.com\/#\/schema\/person\/f649c9039586af566b698906bc9da076"},"potentialAction":[{"@type":"SearchAction","target":{"@type":"EntryPoint","urlTemplate":"https:\/\/old.immamestre.com\/?s={search_term_string}"},"query-input":{"@type":"PropertyValueSpecification","valueRequired":true,"valueName":"search_term_string"}}],"inLanguage":"es"},{"@type":["Person","Organization"],"@id":"https:\/\/old.immamestre.com\/#\/schema\/person\/f649c9039586af566b698906bc9da076","name":"Imma Mestre","image":{"@type":"ImageObject","inLanguage":"es","@id":"https:\/\/old.immamestre.com\/#\/schema\/person\/image\/","url":"https:\/\/secure.gravatar.com\/avatar\/fe9530742331fb8e4cb4de875d82303426947d472e41eb783b6dc62694aa6aff?s=96&d=mm&r=g","contentUrl":"https:\/\/secure.gravatar.com\/avatar\/fe9530742331fb8e4cb4de875d82303426947d472e41eb783b6dc62694aa6aff?s=96&d=mm&r=g","caption":"Imma Mestre"},"logo":{"@id":"https:\/\/old.immamestre.com\/#\/schema\/person\/image\/"},"description":"Hola soy Imma. Ilustradora. Hablo a trav\u00e9s de ilustraciones. Dame un l\u00e1piz y pinto tu mundo con historias ilustradas que te har\u00e1n despuntar.","sameAs":["https:\/\/www.immamestre.com"]}]}},"_links":{"self":[{"href":"https:\/\/old.immamestre.com\/es\/wp-json\/wp\/v2\/product\/12558","targetHints":{"allow":["GET"]}}],"collection":[{"href":"https:\/\/old.immamestre.com\/es\/wp-json\/wp\/v2\/product"}],"about":[{"href":"https:\/\/old.immamestre.com\/es\/wp-json\/wp\/v2\/types\/product"}],"replies":[{"embeddable":true,"href":"https:\/\/old.immamestre.com\/es\/wp-json\/wp\/v2\/comments?post=12558"}],"wp:featuredmedia":[{"embeddable":true,"href":"https:\/\/old.immamestre.com\/es\/wp-json\/wp\/v2\/media\/12567"}],"wp:attachment":[{"href":"https:\/\/old.immamestre.com\/es\/wp-json\/wp\/v2\/media?parent=12558"}],"wp:term":[{"taxonomy":"product_brand","embeddable":true,"href":"https:\/\/old.immamestre.com\/es\/wp-json\/wp\/v2\/product_brand?post=12558"},{"taxonomy":"product_cat","embeddable":true,"href":"https:\/\/old.immamestre.com\/es\/wp-json\/wp\/v2\/product_cat?post=12558"},{"taxonomy":"product_tag","embeddable":true,"href":"https:\/\/old.immamestre.com\/es\/wp-json\/wp\/v2\/product_tag?post=12558"}],"curies":[{"name":"wp","href":"https:\/\/api.w.org\/{rel}","templated":true}]}}