{"id":8172,"date":"2018-02-27T19:30:23","date_gmt":"2018-02-27T18:30:23","guid":{"rendered":"http:\/\/www.immamestre.com\/?page_id=8172"},"modified":"2020-01-27T14:36:21","modified_gmt":"2020-01-27T13:36:21","slug":"ilustracion-corporativa","status":"publish","type":"page","link":"https:\/\/old.immamestre.com\/es\/ilustracion-corporativa\/","title":{"rendered":"Ilustracion corporativa"},"content":{"rendered":"<p>[et_pb_section fb_built=\u00bb1&#8243; fullwidth=\u00bbon\u00bb _builder_version=\u00bb3.22&#8243; custom_padding=\u00bb0px|0px|0|0px|false|false\u00bb][et_pb_fullwidth_image _builder_version=\u00bb3.19.1&#8243; background_image=\u00bbhttps:\/\/old.immamestre.com\/wp-content\/uploads\/2018\/03\/CapceleraIlustracioCorporativa.jpg\u00bb custom_padding=\u00bb200px||200px\u00bb][\/et_pb_fullwidth_image][\/et_pb_section][et_pb_section fb_built=\u00bb1&#8243; _builder_version=\u00bb3.22&#8243;][et_pb_row _builder_version=\u00bb3.25&#8243;][et_pb_column type=\u00bb4_4&#8243; _builder_version=\u00bb3.25&#8243; custom_padding=\u00bb|||\u00bb custom_padding__hover=\u00bb|||\u00bb][et_pb_text _builder_version=\u00bb3.27.4&#8243;]<\/p>\n<h1 style=\"text-align: center;\"><strong>Ilustraci\u00f3n corporativa<\/strong><\/h1>\n<h1 style=\"text-align: center;\"><span>Ilustraci\u00f3n para marcas que quieran sacarle punta a su proyecto.<\/span><\/h1>\n<h1 style=\"text-align: center;\"><span>Empatiza con tu p\u00fablico y haz que se sienta identificado con tu marca.<\/span><\/h1>\n<p style=\"text-align: center;\"><span>\u00a0<\/span><\/p>\n<p>[\/et_pb_text][\/et_pb_column][\/et_pb_row][\/et_pb_section][et_pb_section fb_built=\u00bb1&#8243; _builder_version=\u00bb3.22&#8243; background_color=\u00bbrgba(112,113,115,0.05)\u00bb][et_pb_row _builder_version=\u00bb3.25&#8243;][et_pb_column type=\u00bb4_4&#8243; _builder_version=\u00bb3.25&#8243; custom_padding=\u00bb|||\u00bb custom_padding__hover=\u00bb|||\u00bb][et_pb_text _builder_version=\u00bb3.27.4&#8243;]<\/p>\n<h1 style=\"text-align: center;\">\u00bfQu\u00e9 obtendr\u00e1s con este servicio?<\/h1>\n<p>[\/et_pb_text][\/et_pb_column][\/et_pb_row][et_pb_row column_structure=\u00bb1_6,1_6,1_6,1_6,1_6,1_6&#8243; _builder_version=\u00bb3.25&#8243; module_alignment=\u00bbcenter\u00bb][et_pb_column type=\u00bb1_6&#8243; _builder_version=\u00bb3.25&#8243; custom_padding=\u00bb|||\u00bb custom_padding__hover=\u00bb|||\u00bb][et_pb_blurb admin_label=\u00bbPersonalizaci\u00f3n\u00bb _builder_version=\u00bb3.19.1&#8243; body_text_align=\u00bbcenter\u00bb body_text_color=\u00bb#000000&#8243; body_font_size=\u00bb13&#8243; body_line_height=\u00bb1.8em\u00bb text_orientation=\u00bbcenter\u00bb]<\/p>\n<p style=\"text-align: center;\"><img loading=\"lazy\" decoding=\"async\" class=\"aligncenter wp-image-8305 size-full\" src=\"https:\/\/old.immamestre.com\/wp-content\/uploads\/2018\/03\/unic-blau.png\" alt=\"\" width=\"150\" height=\"150\" srcset=\"https:\/\/old.immamestre.com\/wp-content\/uploads\/2018\/03\/unic-blau.png 150w, https:\/\/old.immamestre.com\/wp-content\/uploads\/2018\/03\/unic-blau-100x100.png 100w, https:\/\/old.immamestre.com\/wp-content\/uploads\/2018\/03\/unic-blau-120x120.png 120w\" sizes=\"(max-width: 150px) 100vw, 150px\" \/>Un producto \u00fanico y personal. Tu dibujo es tuyo y de nadie m\u00e1s.<\/p>\n<p>[\/et_pb_blurb][\/et_pb_column][et_pb_column type=\u00bb1_6&#8243; _builder_version=\u00bb3.25&#8243; custom_padding=\u00bb|||\u00bb custom_padding__hover=\u00bb|||\u00bb][et_pb_blurb admin_label=\u00bbDiferenciaci\u00f3n\u00bb _builder_version=\u00bb3.19.1&#8243; body_font_size=\u00bb13&#8243; body_line_height=\u00bb1.8em\u00bb text_orientation=\u00bbcenter\u00bb]<\/p>\n<p style=\"text-align: center;\"><img loading=\"lazy\" decoding=\"async\" class=\"aligncenter wp-image-8304 size-full\" src=\"https:\/\/old.immamestre.com\/wp-content\/uploads\/2018\/03\/ser-diferent-blau.png\" alt=\"\" width=\"150\" height=\"150\" srcset=\"https:\/\/old.immamestre.com\/wp-content\/uploads\/2018\/03\/ser-diferent-blau.png 150w, https:\/\/old.immamestre.com\/wp-content\/uploads\/2018\/03\/ser-diferent-blau-100x100.png 100w, https:\/\/old.immamestre.com\/wp-content\/uploads\/2018\/03\/ser-diferent-blau-120x120.png 120w\" sizes=\"(max-width: 150px) 100vw, 150px\" \/>Diferenciarte de tu competencia y despertar inter\u00e9s.<\/p>\n<p>[\/et_pb_blurb][\/et_pb_column][et_pb_column type=\u00bb1_6&#8243; _builder_version=\u00bb3.25&#8243; custom_padding=\u00bb|||\u00bb custom_padding__hover=\u00bb|||\u00bb][et_pb_blurb admin_label=\u00bbEmpatizar\u00bb _builder_version=\u00bb3.19.1&#8243; body_text_align=\u00bbcenter\u00bb body_font_size=\u00bb13&#8243; body_line_height=\u00bb1.8em\u00bb]<\/p>\n<p style=\"text-align: center;\"><img loading=\"lazy\" decoding=\"async\" class=\"aligncenter wp-image-8302 size-full\" src=\"https:\/\/old.immamestre.com\/wp-content\/uploads\/2018\/03\/crear-llassos-blau.png\" alt=\"\" width=\"150\" height=\"150\" srcset=\"https:\/\/old.immamestre.com\/wp-content\/uploads\/2018\/03\/crear-llassos-blau.png 150w, https:\/\/old.immamestre.com\/wp-content\/uploads\/2018\/03\/crear-llassos-blau-100x100.png 100w, https:\/\/old.immamestre.com\/wp-content\/uploads\/2018\/03\/crear-llassos-blau-120x120.png 120w\" sizes=\"(max-width: 150px) 100vw, 150px\" \/>Contar\u00e1s una historia que te acercar\u00e1 a tu cliente. Empatizar\u00e1s con \u00e9l.<\/p>\n<p>[\/et_pb_blurb][\/et_pb_column][et_pb_column type=\u00bb1_6&#8243; _builder_version=\u00bb3.25&#8243; custom_padding=\u00bb|||\u00bb custom_padding__hover=\u00bb|||\u00bb][et_pb_blurb admin_label=\u00bbMemorable\u00bb _builder_version=\u00bb3.8&#8243; body_text_align=\u00bbcenter\u00bb body_font_size=\u00bb13&#8243; body_line_height=\u00bb1.8em\u00bb]<\/p>\n<p style=\"text-align: center;\"><img loading=\"lazy\" decoding=\"async\" class=\"aligncenter wp-image-8303 size-full\" src=\"https:\/\/old.immamestre.com\/wp-content\/uploads\/2018\/03\/memorable-blau.png\" alt=\"\" width=\"150\" height=\"150\" srcset=\"https:\/\/old.immamestre.com\/wp-content\/uploads\/2018\/03\/memorable-blau.png 150w, https:\/\/old.immamestre.com\/wp-content\/uploads\/2018\/03\/memorable-blau-100x100.png 100w, https:\/\/old.immamestre.com\/wp-content\/uploads\/2018\/03\/memorable-blau-120x120.png 120w\" sizes=\"(max-width: 150px) 100vw, 150px\" \/>Ilustrarte es bueno para la salud de tu proyecto. Crear\u00e1s una marca memorable.<\/p>\n<p>[\/et_pb_blurb][\/et_pb_column][et_pb_column type=\u00bb1_6&#8243; _builder_version=\u00bb3.25&#8243; custom_padding=\u00bb|||\u00bb custom_padding__hover=\u00bb|||\u00bb][et_pb_blurb admin_label=\u00bbNo caduca\u00bb _builder_version=\u00bb3.8&#8243; body_text_align=\u00bbcenter\u00bb body_font_size=\u00bb13&#8243; body_line_height=\u00bb1.8em\u00bb]<\/p>\n<p style=\"text-align: center;\"><img loading=\"lazy\" decoding=\"async\" class=\"aligncenter wp-image-8306 size-full\" src=\"https:\/\/old.immamestre.com\/wp-content\/uploads\/2018\/03\/vital-blau.png\" alt=\"\" width=\"150\" height=\"150\" srcset=\"https:\/\/old.immamestre.com\/wp-content\/uploads\/2018\/03\/vital-blau.png 150w, https:\/\/old.immamestre.com\/wp-content\/uploads\/2018\/03\/vital-blau-100x100.png 100w, https:\/\/old.immamestre.com\/wp-content\/uploads\/2018\/03\/vital-blau-120x120.png 120w\" sizes=\"(max-width: 150px) 100vw, 150px\" \/>Es una inversi\u00f3n que no caduca. Es un recuerdo para siempre.<\/p>\n<p>[\/et_pb_blurb][\/et_pb_column][et_pb_column type=\u00bb1_6&#8243; _builder_version=\u00bb3.25&#8243; custom_padding=\u00bb|||\u00bb custom_padding__hover=\u00bb|||\u00bb][et_pb_blurb admin_label=\u00bbllegar al coraz\u00f3n\u00bb _builder_version=\u00bb3.8&#8243; body_text_align=\u00bbcenter\u00bb body_font_size=\u00bb13&#8243; body_line_height=\u00bb1.8em\u00bb]<\/p>\n<p style=\"text-align: center;\"><img loading=\"lazy\" decoding=\"async\" class=\"aligncenter wp-image-8301 size-full\" src=\"https:\/\/old.immamestre.com\/wp-content\/uploads\/2018\/03\/arribar-al-cor-blau.png\" alt=\"\" width=\"150\" height=\"150\" srcset=\"https:\/\/old.immamestre.com\/wp-content\/uploads\/2018\/03\/arribar-al-cor-blau.png 150w, https:\/\/old.immamestre.com\/wp-content\/uploads\/2018\/03\/arribar-al-cor-blau-100x100.png 100w, https:\/\/old.immamestre.com\/wp-content\/uploads\/2018\/03\/arribar-al-cor-blau-120x120.png 120w\" sizes=\"(max-width: 150px) 100vw, 150px\" \/>Tocar\u00e1s el coraz\u00f3n de peque\u00f1os y mayores. Har\u00e1s til\u00edn all\u00ed donde vayas.<\/p>\n<p>[\/et_pb_blurb][\/et_pb_column][\/et_pb_row][et_pb_row _builder_version=\u00bb3.25&#8243; background_size=\u00bbinitial\u00bb background_position=\u00bbtop_left\u00bb background_repeat=\u00bbrepeat\u00bb][et_pb_column type=\u00bb4_4&#8243; _builder_version=\u00bb3.25&#8243; custom_padding=\u00bb|||\u00bb custom_padding__hover=\u00bb|||\u00bb][et_pb_divider show_divider=\u00bboff\u00bb _builder_version=\u00bb3.2&#8243; height=\u00bb30px\u00bb custom_margin=\u00bb0px|||\u00bb][\/et_pb_divider][\/et_pb_column][\/et_pb_row][\/et_pb_section][et_pb_section fb_built=\u00bb1&#8243; _builder_version=\u00bb3.22&#8243;][et_pb_row _builder_version=\u00bb3.25&#8243;][et_pb_column type=\u00bb4_4&#8243; _builder_version=\u00bb3.25&#8243; custom_padding=\u00bb|||\u00bb custom_padding__hover=\u00bb|||\u00bb][et_pb_text _builder_version=\u00bb3.27.4&#8243;]<\/p>\n<h1 style=\"text-align: center;\">\u00bfQu\u00e9 puedo ilustrar por ti?<\/h1>\n<p>[\/et_pb_text][\/et_pb_column][\/et_pb_row][et_pb_row column_structure=\u00bb1_2,1_2&#8243; _builder_version=\u00bb3.25&#8243;][et_pb_column type=\u00bb1_2&#8243; _builder_version=\u00bb3.25&#8243; custom_padding=\u00bb|||\u00bb custom_padding__hover=\u00bb|||\u00bb][et_pb_image src=\u00bbhttps:\/\/old.immamestre.com\/wp-content\/uploads\/2018\/06\/ImagenServicio_FotografiaIlustrada_Immamestre_450x450.jpg\u00bb align=\u00bbcenter\u00bb align_tablet=\u00bbcenter\u00bb align_phone=\u00bb\u00bb align_last_edited=\u00bbon|desktop\u00bb _builder_version=\u00bb3.23&#8243;][\/et_pb_image][et_pb_text _builder_version=\u00bb4.2.2&#8243; custom_margin=\u00bb|10px||10px\u00bb]<\/p>\n<h1 style=\"text-align: left;\"><strong>Foto ilustrada<\/strong><\/h1>\n<p style=\"text-align: left;\"><span style=\"line-height: 1.5;\">Comunica mediante fotograf\u00edas ilustradas <\/span>para atraer a clientes y seguidores con una gr\u00e1fica original, divertida y que despierta inter\u00e9s.<\/p>\n<p style=\"text-align: left;\">Ganar\u00e1s visibilidad, te posicionar\u00e1s en tu sector y conseguir\u00e1s destacar de entre tu competencia.<\/p>\n<p style=\"text-align: left;\">[\/et_pb_text][et_pb_text _builder_version=\u00bb4.2.2&#8243; background_color=\u00bbrgba(112,113,115,0.05)\u00bb custom_padding=\u00bb30px|30px|30px|30px\u00bb]<\/p>\n<p>Utiliza la fotograf\u00eda ilustrada para:<\/p>\n<p><strong>&#8211; Redes sociales:<\/strong> Ilustraciones para una de tus redes sociales. Para los posts, o las portadillas de los destacados, o Stories de Instagram. Escoge cu\u00e1ntas ilustraciones quieres y despreoc\u00fapate, porqu\u00e9 tendr\u00e1s planificado tu mes en redes sociales con tiempo.<\/p>\n<p><strong>&#8211; Plan de m\u00e1rketing:<\/strong> Las im\u00e1genes de tu estrategia comunicativa en Newsletter y banners creada de forma original para ser memorable y atraer de un simple vistazo.<\/p>\n<p>[\/et_pb_text][et_pb_button button_url=\u00bbhttps:\/\/old.immamestre.com\/producto\/foto-ilustrada\/\u00bb button_text=\u00bbSolicitar mi pack de fotograf\u00eda ilustrada\u00bb button_alignment=\u00bbcenter\u00bb _builder_version=\u00bb4.2.2&#8243; hover_enabled=\u00bb0&#8243; box_shadow_style=\u00bbpreset4&#8243; box_shadow_horizontal=\u00bb3px\u00bb box_shadow_vertical=\u00bb3px\u00bb box_shadow_color=\u00bbrgba(112,113,115,0.3)\u00bb][\/et_pb_button][\/et_pb_column][et_pb_column type=\u00bb1_2&#8243; _builder_version=\u00bb3.25&#8243; custom_padding=\u00bb|||\u00bb custom_padding__hover=\u00bb|||\u00bb][et_pb_image src=\u00bbhttps:\/\/old.immamestre.com\/wp-content\/uploads\/2018\/06\/ImagenServicio_IlustracionPersonalizada_Immamestre_450x450.jpg\u00bb align=\u00bbcenter\u00bb align_tablet=\u00bbcenter\u00bb align_phone=\u00bb\u00bb align_last_edited=\u00bbon|desktop\u00bb _builder_version=\u00bb3.23&#8243;][\/et_pb_image][et_pb_text _builder_version=\u00bb3.27.4&#8243; custom_margin=\u00bb|10px||10px\u00bb]<\/p>\n<h1 style=\"text-align: left;\"><strong>Ilustraci\u00f3n personalizada<\/strong><\/h1>\n<p style=\"text-align: left;\">Transformo tus ideas en una realidad ilustrada adaptada a tus necesidades.<\/p>\n<p style=\"text-align: left;\">La pincelada que pondr\u00e1 el arte a todos tus proyectos.<\/p>\n<p style=\"text-align: left;\">Un servicio totalmente personalizado que te ayuda a acercarte a tu cliente conectando con \u00e9l y hablando en un lenguaje atrayente y que entiende.<\/p>\n<p>[\/et_pb_text][et_pb_text _builder_version=\u00bb3.27.4&#8243; background_color=\u00bbrgba(112,113,115,0.05)\u00bb custom_padding=\u00bb30px|30px|30px|30px\u00bb]<\/p>\n<p>Incluye todo lo que necesites (packs corporativos tambi\u00e9n):<\/p>\n<p>&#8211; <strong>Ilustraci\u00f3n personalizada<\/strong> seg\u00fan las necesidades de tu proyecto para potenciar tus mensajes y despertar inter\u00e9s.<\/p>\n<p>&#8211; Adaptaci\u00f3n de la ilustraci\u00f3n en <strong>cualquier formato<\/strong> que necesites.<\/p>\n<p>&#8211; <strong>Dise\u00f1o gr\u00e1fico en soporte papel<\/strong> para aplicar la ilustraci\u00f3n: carteles, folletos, publicidades, tr\u00edpticos, infograf\u00edas, r\u00f3tulos, campa\u00f1as de publicidad, banderolas, textiles&#8230;<\/p>\n<p>&#8211; <strong>Dise\u00f1o gr\u00e1fico en soporte digital<\/strong> para aplicar la ilustraci\u00f3n: Banners, cabeceras de tu blog, infograf\u00edas, Newsletter y redes sociales.<\/p>\n<p>[\/et_pb_text][et_pb_button button_url=\u00bbhttps:\/\/old.immamestre.com\/contacto\u00bb button_text=\u00bbSolicitar mi ilustraci\u00f3n personalizada\u00bb button_alignment=\u00bbcenter\u00bb _builder_version=\u00bb3.19.1&#8243; box_shadow_style=\u00bbpreset4&#8243; box_shadow_horizontal=\u00bb3px\u00bb box_shadow_vertical=\u00bb3px\u00bb box_shadow_color=\u00bbrgba(112,113,115,0.3)\u00bb][\/et_pb_button][\/et_pb_column][\/et_pb_row][\/et_pb_section][et_pb_section fb_built=\u00bb1&#8243; _builder_version=\u00bb3.22&#8243;][\/et_pb_section][et_pb_section fb_built=\u00bb1&#8243; _builder_version=\u00bb3.22&#8243; background_color=\u00bbrgba(0,0,0,0.03)\u00bb][et_pb_row _builder_version=\u00bb3.25&#8243; background_size=\u00bbinitial\u00bb background_position=\u00bbtop_left\u00bb background_repeat=\u00bbrepeat\u00bb][et_pb_column type=\u00bb4_4&#8243; _builder_version=\u00bb3.25&#8243; custom_padding=\u00bb|||\u00bb custom_padding__hover=\u00bb|||\u00bb][et_pb_text admin_label=\u00bbIntro metodo trabajo\u00bb _builder_version=\u00bb3.27.4&#8243; header_font=\u00bbOpen Sans||||||||\u00bb header_line_height=\u00bb1.5em\u00bb text_orientation=\u00bbcenter\u00bb]<\/p>\n<h1 style=\"text-align: center;\"><span style=\"color: #000000;\">\u00bfC\u00f3mo trabajaremos? <\/span><\/h1>\n<p>[\/et_pb_text][\/et_pb_column][\/et_pb_row][et_pb_row column_structure=\u00bb1_4,1_4,1_4,1_4&#8243; _builder_version=\u00bb3.25&#8243;][et_pb_column type=\u00bb1_4&#8243; _builder_version=\u00bb3.25&#8243; custom_padding=\u00bb|||\u00bb custom_padding__hover=\u00bb|||\u00bb][et_pb_image src=\u00bbhttps:\/\/old.immamestre.com\/wp-content\/uploads\/2018\/03\/sesion-briefing.png\u00bb align_tablet=\u00bbcenter\u00bb align_phone=\u00bb\u00bb align_last_edited=\u00bbon|desktop\u00bb admin_label=\u00bbPicto briefing\u00bb _builder_version=\u00bb3.23&#8243;][\/et_pb_image][et_pb_text admin_label=\u00bbTexto sesi\u00f3n online\u00bb _builder_version=\u00bb3.27.4&#8243; header_font_size=\u00bb18px\u00bb]<\/p>\n<h1 style=\"text-align: left;\"><strong>\u00a1CU\u00c9NTAMELO TODO! <\/strong><\/h1>\n<p style=\"text-align: left;\">Expl\u00edcame, con todos los matices, qu\u00e9 es lo que necesitas. Sabr\u00e9 cu\u00e1l es la chispa de tu proyecto.<\/p>\n<p>[\/et_pb_text][\/et_pb_column][et_pb_column type=\u00bb1_4&#8243; _builder_version=\u00bb3.25&#8243; custom_padding=\u00bb|||\u00bb custom_padding__hover=\u00bb|||\u00bb][et_pb_image src=\u00bbhttps:\/\/old.immamestre.com\/wp-content\/uploads\/2018\/03\/trabajo-para-ti.png\u00bb align_tablet=\u00bbcenter\u00bb align_phone=\u00bb\u00bb align_last_edited=\u00bbon|desktop\u00bb admin_label=\u00bbPicto trabajo\u00bb _builder_version=\u00bb3.23&#8243;][\/et_pb_image][et_pb_text admin_label=\u00bbTrabajo para ti\u00bb _builder_version=\u00bb3.27.4&#8243; header_font_size=\u00bb18px\u00bb]<\/p>\n<h1 style=\"text-align: left;\"><strong>EL SECRETO DEL ARTISTA<\/strong><\/h1>\n<p style=\"text-align: left;\">Me encierro en mi estudio y ya puede llover, que yo trabajo para ti.<\/p>\n<p>[\/et_pb_text][\/et_pb_column][et_pb_column type=\u00bb1_4&#8243; _builder_version=\u00bb3.25&#8243; custom_padding=\u00bb|||\u00bb custom_padding__hover=\u00bb|||\u00bb][et_pb_image src=\u00bbhttps:\/\/old.immamestre.com\/wp-content\/uploads\/2018\/03\/entrega-propuesta.png\u00bb align_tablet=\u00bbcenter\u00bb align_phone=\u00bb\u00bb align_last_edited=\u00bbon|desktop\u00bb admin_label=\u00bbPicto propuestas\u00bb _builder_version=\u00bb3.23&#8243;][\/et_pb_image][et_pb_text admin_label=\u00bbtexto propuestas\u00bb _builder_version=\u00bb3.27.4&#8243; header_font_size=\u00bb18px\u00bb]<\/p>\n<h1><strong>TIENES UN EMAIL<\/strong><\/h1>\n<p>El coraz\u00f3n se te acelera. Acabas de recibir mi primera propuesta para que la valides.<\/p>\n<p>[\/et_pb_text][\/et_pb_column][et_pb_column type=\u00bb1_4&#8243; _builder_version=\u00bb3.25&#8243; custom_padding=\u00bb|||\u00bb custom_padding__hover=\u00bb|||\u00bb][et_pb_image src=\u00bbhttps:\/\/old.immamestre.com\/wp-content\/uploads\/2018\/03\/Entrega-definitivos.png\u00bb align_tablet=\u00bbcenter\u00bb align_phone=\u00bb\u00bb align_last_edited=\u00bbon|desktop\u00bb admin_label=\u00bbPicto definitivos\u00bb _builder_version=\u00bb3.23&#8243;][\/et_pb_image][et_pb_text admin_label=\u00bbtexto definitivos\u00bb _builder_version=\u00bb3.27.4&#8243; header_font_size=\u00bb18px\u00bb]<\/p>\n<h1 style=\"text-align: left;\"><em><strong>\u00a1ET VOIL\u00c0!<\/strong><\/em><\/h1>\n<p style=\"text-align: left;\">Te entrego la propuesta definitiva para que puedas utilizarla y compartirla.<\/p>\n<p>[\/et_pb_text][\/et_pb_column][\/et_pb_row][\/et_pb_section][et_pb_section fb_built=\u00bb1&#8243; _builder_version=\u00bb3.22&#8243;][et_pb_row _builder_version=\u00bb3.25&#8243;][et_pb_column type=\u00bb4_4&#8243; _builder_version=\u00bb3.25&#8243; custom_padding=\u00bb|||\u00bb custom_padding__hover=\u00bb|||\u00bb][et_pb_button button_url=\u00bbhttps:\/\/old.immamestre.com\/contacto\u00bb button_text=\u00bbSolicitar mi ilustraci\u00f3n\u00bb button_alignment=\u00bbcenter\u00bb _builder_version=\u00bb3.19.1&#8243; box_shadow_style=\u00bbpreset4&#8243; box_shadow_horizontal=\u00bb3px\u00bb box_shadow_vertical=\u00bb3px\u00bb box_shadow_color=\u00bbrgba(112,113,115,0.3)\u00bb][\/et_pb_button][\/et_pb_column][\/et_pb_row][\/et_pb_section][et_pb_section fb_built=\u00bb1&#8243; fullwidth=\u00bbon\u00bb _builder_version=\u00bb3.22&#8243;][et_pb_fullwidth_header title=\u00bbMarcas ilustradas\u00bb text_orientation=\u00bbcenter\u00bb admin_label=\u00bbT\u00edtulo testimoniales\u00bb _builder_version=\u00bb3.19.1&#8243; title_font=\u00bbCaveat||||||||\u00bb title_text_color=\u00bb#000000&#8243; title_font_size=\u00bb36px\u00bb content_text_color=\u00bb#000000&#8243; content_font_size=\u00bb20px\u00bb background_color=\u00bbrgba(255, 255, 255, 0)\u00bb background_layout=\u00bblight\u00bb custom_padding=\u00bb0px||0px\u00bb button_one_text_size__hover_enabled=\u00bboff\u00bb button_two_text_size__hover_enabled=\u00bboff\u00bb button_one_text_color__hover_enabled=\u00bboff\u00bb button_two_text_color__hover_enabled=\u00bboff\u00bb button_one_border_width__hover_enabled=\u00bboff\u00bb button_two_border_width__hover_enabled=\u00bboff\u00bb button_one_border_color__hover_enabled=\u00bboff\u00bb button_two_border_color__hover_enabled=\u00bboff\u00bb button_one_border_radius__hover_enabled=\u00bboff\u00bb button_two_border_radius__hover_enabled=\u00bboff\u00bb button_one_letter_spacing__hover_enabled=\u00bboff\u00bb button_two_letter_spacing__hover_enabled=\u00bboff\u00bb button_one_bg_color__hover_enabled=\u00bboff\u00bb button_two_bg_color__hover_enabled=\u00bboff\u00bb][\/et_pb_fullwidth_header][\/et_pb_section][et_pb_section fb_built=\u00bb1&#8243; _builder_version=\u00bb3.22&#8243;][et_pb_row column_structure=\u00bb1_4,1_4,1_4,1_4&#8243; _builder_version=\u00bb3.25&#8243; custom_padding=\u00bb0px||\u00bb border_color_bottom=\u00bb#ed8b00&#8243;][et_pb_column type=\u00bb1_4&#8243; _builder_version=\u00bb3.25&#8243; custom_padding=\u00bb|||\u00bb custom_padding__hover=\u00bb|||\u00bb][et_pb_testimonial author=\u00bbMarina\u00bb job_title=\u00bbCEO\u00bb company_name=\u00bbPlay&#038;Explore\u00bb url=\u00bbhttps:\/\/www.play-explore.com\u00bb url_new_window=\u00bbon\u00bb portrait_url=\u00bbhttps:\/\/old.immamestre.com\/wp-content\/uploads\/2014\/12\/Marina-sala.jpg\u00bb quote_icon=\u00bboff\u00bb quote_icon_color=\u00bb#009ca6&#8243; portrait_width=\u00bb85&#8243; _builder_version=\u00bb3.19.3&#8243; body_font_size=\u00bb13&#8243; body_line_height=\u00bb1.8em\u00bb background_color=\u00bbrgba(255,255,255,0)\u00bb]<\/p>\n<p>Trabajar con Imma ha sido un placer, enseguida entendi\u00f3 lo que quer\u00edamos transmitir y en los plazos indicados tuvimos nuestra propuesta. Para nosotros, era tan importante la calidad como el hecho de tenerlo a la fecha prevista.<\/p>\n<p>[\/et_pb_testimonial][\/et_pb_column][et_pb_column type=\u00bb1_4&#8243; _builder_version=\u00bb3.25&#8243; custom_padding=\u00bb|||\u00bb custom_padding__hover=\u00bb|||\u00bb][et_pb_testimonial author=\u00bbAmparo\u00bb job_title=\u00bbCEO\u00bb company_name=\u00bbSeven Memories Book Art\u00bb url=\u00bbhttp:\/\/www.sevenmemoriesbookart.com\/es\u00bb url_new_window=\u00bbon\u00bb portrait_url=\u00bbhttps:\/\/old.immamestre.com\/wp-content\/uploads\/2016\/08\/Amparo-Seven-memories_Testimonial-web_ImmaMestre.jpg\u00bb quote_icon=\u00bboff\u00bb quote_icon_color=\u00bb#009ca6&#8243; portrait_width=\u00bb85&#8243; _builder_version=\u00bb3.19.3&#8243; body_font_size=\u00bb13&#8243; body_line_height=\u00bb1.8em\u00bb background_color=\u00bbrgba(255,255,255,0)\u00bb]<\/p>\n<p>Imma ha sido la persona que plasm\u00f3 a la perfecci\u00f3n todas las ideas que volaban por mi cabeza para la imagen de marca de mi nuevo proyecto.\u2028Ha sido muy f\u00e1cil entendernos porque enseguida capt\u00f3 lo que yo quer\u00eda y necesitaba.\u2028Tremenda profesional, gran ilustradora y muy buena persona. \u2028Muchas gracias artista!!<\/p>\n<p>[\/et_pb_testimonial][\/et_pb_column][et_pb_column type=\u00bb1_4&#8243; _builder_version=\u00bb3.25&#8243; custom_padding=\u00bb|||\u00bb custom_padding__hover=\u00bb|||\u00bb][et_pb_testimonial author=\u00bbVioleta y Alba\u00bb job_title=\u00bbCEO\u00bb company_name=\u00bbT\u00fa el arte Yo el papeleo\u00bb url=\u00bbhttps:\/\/tuelarteyoelpapeleo.com\/?utm_source=link_testimonial&#038;utm_medium=webimmamestre&#038;utm_campaign=externo\u00bb url_new_window=\u00bbon\u00bb portrait_url=\u00bbhttps:\/\/old.immamestre.com\/wp-content\/uploads\/2019\/01\/VioletaAlba_Tuelarteyoelpapeleo_ImmaMestre.jpg\u00bb quote_icon=\u00bboff\u00bb quote_icon_color=\u00bb#009ca6&#8243; portrait_width=\u00bb85&#8243; _builder_version=\u00bb3.19.4&#8243; body_font_size=\u00bb13&#8243; body_line_height=\u00bb1.8em\u00bb background_color=\u00bbrgba(255,255,255,0)\u00bb]<\/p>\n<p class=\"p1\"><span class=\"s1\">Estamos muy contentas, lo has pillado a la primera y ha sido s\u00faper f\u00e1cil y r\u00e1pido trabajar contigo. \u00a1No podemos m\u00e1s que darte la enhorabuena por tu trabajo, un gustazo!<\/span><\/p>\n<p>[\/et_pb_testimonial][\/et_pb_column][et_pb_column type=\u00bb1_4&#8243; _builder_version=\u00bb3.25&#8243; custom_padding=\u00bb|||\u00bb custom_padding__hover=\u00bb|||\u00bb][et_pb_testimonial author=\u00bbGl\u00f2ria\u00bb job_title=\u00bbConsultora de Sweet Social Media\u00bb company_name=\u00bbMelodijoAdela\u00bb url=\u00bbhttp:\/\/www.melodijoadela.com\u00bb url_new_window=\u00bbon\u00bb portrait_url=\u00bbhttps:\/\/old.immamestre.com\/wp-content\/uploads\/2019\/01\/testimonial_Melodijoadela_ImmaMestre.jpg\u00bb quote_icon=\u00bboff\u00bb quote_icon_color=\u00bb#009ca6&#8243; portrait_width=\u00bb85&#8243; _builder_version=\u00bb3.19.4&#8243; body_font_size=\u00bb13&#8243; body_line_height=\u00bb1.8em\u00bb background_color=\u00bbrgba(255,255,255,0)\u00bb]<\/p>\n<p class=\"p1\"><span class=\"s1\">Me ha gustado mucho trabajar contigo desde el otro lado \ud83d\ude09 Te has preocupado para entender muy bien la idea que ten\u00eda en la cabeza y me has ayudado a planificar este trabajo con tiempo, de forma eficiente y me he sentido muy cuidada. Y el resultado: \u00a1una propuesta de\u00a0<\/span><span class=\"s2\">ilustraci\u00f3n<\/span><span class=\"s1\">\u00a0a la primera! \u00a1Gracias!<\/span><\/p>\n<p>[\/et_pb_testimonial][\/et_pb_column][\/et_pb_row][\/et_pb_section][et_pb_section fb_built=\u00bb1&#8243; fullwidth=\u00bbon\u00bb _builder_version=\u00bb3.22&#8243;][et_pb_fullwidth_header title=\u00bbFeliz de haber ilustrado tambi\u00e9n estas marcas m\u00e1s:\u00bb text_orientation=\u00bbcenter\u00bb admin_label=\u00bbT\u00edtulo slide marcas clientes\u00bb _builder_version=\u00bb3.19.1&#8243; title_font=\u00bbCaveat||||||||\u00bb title_text_color=\u00bb#000000&#8243; title_font_size=\u00bb36px\u00bb content_text_color=\u00bb#000000&#8243; content_font_size=\u00bb20px\u00bb background_color=\u00bbrgba(255, 255, 255, 0)\u00bb background_layout=\u00bblight\u00bb custom_padding=\u00bb0px||\u00bb button_one_text_size__hover_enabled=\u00bboff\u00bb button_two_text_size__hover_enabled=\u00bboff\u00bb button_one_text_color__hover_enabled=\u00bboff\u00bb button_two_text_color__hover_enabled=\u00bboff\u00bb button_one_border_width__hover_enabled=\u00bboff\u00bb button_two_border_width__hover_enabled=\u00bboff\u00bb button_one_border_color__hover_enabled=\u00bboff\u00bb button_two_border_color__hover_enabled=\u00bboff\u00bb button_one_border_radius__hover_enabled=\u00bboff\u00bb button_two_border_radius__hover_enabled=\u00bboff\u00bb button_one_letter_spacing__hover_enabled=\u00bboff\u00bb button_two_letter_spacing__hover_enabled=\u00bboff\u00bb button_one_bg_color__hover_enabled=\u00bboff\u00bb button_two_bg_color__hover_enabled=\u00bboff\u00bb][\/et_pb_fullwidth_header][\/et_pb_section][et_pb_section fb_built=\u00bb1&#8243; _builder_version=\u00bb3.22&#8243;][et_pb_row _builder_version=\u00bb3.25&#8243; background_size=\u00bbinitial\u00bb background_position=\u00bbtop_left\u00bb background_repeat=\u00bbrepeat\u00bb][et_pb_column type=\u00bb4_4&#8243; _builder_version=\u00bb3.25&#8243; custom_padding=\u00bb|||\u00bb custom_padding__hover=\u00bb|||\u00bb][et_pb_code admin_label=\u00bbSlide logo empresas\u00bb max_width=\u00bb70%\u00bb max_width_tablet=\u00bb\u00bb max_width_phone=\u00bb\u00bb max_width_last_edited=\u00bbon|desktop\u00bb module_alignment=\u00bbcenter\u00bb]\n\t\t<style>\n\t\t\t#wpls-logo-showcase-slider-1 .wpls-fix-box,\n\t\t\t#wpls-logo-showcase-slider-1 .wpls-fix-box img.wp-post-image{max-height:250px; }\n\t\t<\/style>\n\n\t\t<div class=\"wpls-wrap wpls-logo-showcase-slider-wrp wpls-logo-clearfix wpls-design-1 \" data-conf=\"{&quot;slides_column&quot;:4,&quot;slides_scroll&quot;:1,&quot;dots&quot;:&quot;true&quot;,&quot;arrows&quot;:&quot;true&quot;,&quot;autoplay&quot;:&quot;true&quot;,&quot;autoplay_interval&quot;:3000,&quot;loop&quot;:&quot;true&quot;,&quot;rtl&quot;:&quot;false&quot;,&quot;speed&quot;:800,&quot;center_mode&quot;:&quot;false&quot;,&quot;lazyload&quot;:&quot;&quot;}\">\n\t\t\t<div class=\"wpls-logo-showcase logo_showcase wpls-logo-slider  sliderimage_hide_border \" id=\"wpls-logo-showcase-slider-1\" >\n\t\t\t\t<div class=\"wpls-logo-cnt\">\n\t<div class=\"wpls-fix-box\">\n\t\t\t\t<img decoding=\"async\" class=\"wp-post-image\"  src=\"https:\/\/old.immamestre.com\/wp-content\/uploads\/2018\/08\/Logo-Biblio_Esparreguera-BN.jpg\" alt=\"\" \/>\n\t\t\t<\/div>\n\t<\/div><div class=\"wpls-logo-cnt\">\n\t<div class=\"wpls-fix-box\">\n\t\t\t\t<img decoding=\"async\" class=\"wp-post-image\"  src=\"https:\/\/old.immamestre.com\/wp-content\/uploads\/2018\/02\/Logo-Monsac-BN.jpg\" alt=\"\" \/>\n\t\t\t<\/div>\n\t<\/div><div class=\"wpls-logo-cnt\">\n\t<div class=\"wpls-fix-box\">\n\t\t\t\t<img decoding=\"async\" class=\"wp-post-image\"  src=\"https:\/\/old.immamestre.com\/wp-content\/uploads\/2018\/02\/Logo-Laboratorios-Thea-BN.jpg\" alt=\"\" \/>\n\t\t\t<\/div>\n\t<\/div><div class=\"wpls-logo-cnt\">\n\t<div class=\"wpls-fix-box\">\n\t\t\t\t<img decoding=\"async\" class=\"wp-post-image\"  src=\"https:\/\/old.immamestre.com\/wp-content\/uploads\/2018\/02\/Logo-Canblau-BN.jpg\" alt=\"\" \/>\n\t\t\t<\/div>\n\t<\/div><div class=\"wpls-logo-cnt\">\n\t<div class=\"wpls-fix-box\">\n\t\t\t\t<img decoding=\"async\" class=\"wp-post-image\"  src=\"https:\/\/old.immamestre.com\/wp-content\/uploads\/2018\/02\/Logo-Anna-Llopart-Xavi-G-Cabre-BN.jpg\" alt=\"\" \/>\n\t\t\t<\/div>\n\t<\/div><div class=\"wpls-logo-cnt\">\n\t<div class=\"wpls-fix-box\">\n\t\t\t\t<img decoding=\"async\" class=\"wp-post-image\"  src=\"https:\/\/old.immamestre.com\/wp-content\/uploads\/2018\/02\/Logo-Epickids-BN.jpg\" alt=\"\" \/>\n\t\t\t<\/div>\n\t<\/div><div class=\"wpls-logo-cnt\">\n\t<div class=\"wpls-fix-box\">\n\t\t\t\t<img decoding=\"async\" class=\"wp-post-image\"  src=\"https:\/\/old.immamestre.com\/wp-content\/uploads\/2018\/02\/Logo-Viladecans-BN.jpg\" alt=\"\" \/>\n\t\t\t<\/div>\n\t<\/div><div class=\"wpls-logo-cnt\">\n\t<div class=\"wpls-fix-box\">\n\t\t\t\t<img decoding=\"async\" class=\"wp-post-image\"  src=\"https:\/\/old.immamestre.com\/wp-content\/uploads\/2018\/02\/Logo-Escola-Estel-BN.jpg\" alt=\"\" \/>\n\t\t\t<\/div>\n\t<\/div><div class=\"wpls-logo-cnt\">\n\t<div class=\"wpls-fix-box\">\n\t\t\t\t<img decoding=\"async\" class=\"wp-post-image\"  src=\"https:\/\/old.immamestre.com\/wp-content\/uploads\/2018\/02\/Logo-SAB-BN.jpg\" alt=\"\" \/>\n\t\t\t<\/div>\n\t<\/div>\t\t\t<\/div>\n\t\t<\/div>\n\n\t\t[\/et_pb_code][\/et_pb_column][\/et_pb_row][\/et_pb_section]<\/p>\n","protected":false},"excerpt":{"rendered":"<p>[et_pb_section fb_built=\u00bb1&#8243; fullwidth=\u00bbon\u00bb _builder_version=\u00bb3.22&#8243; custom_padding=\u00bb0px|0px|0|0px|false|false\u00bb][et_pb_fullwidth_image _builder_version=\u00bb3.19.1&#8243; background_image=\u00bbhttps:\/\/old.immamestre.com\/wp-content\/uploads\/2018\/03\/CapceleraIlustracioCorporativa.jpg\u00bb custom_padding=\u00bb200px||200px\u00bb][\/et_pb_fullwidth_image][\/et_pb_section][et_pb_section fb_built=\u00bb1&#8243; _builder_version=\u00bb3.22&#8243;][et_pb_row _builder_version=\u00bb3.25&#8243;][et_pb_column type=\u00bb4_4&#8243; _builder_version=\u00bb3.25&#8243; custom_padding=\u00bb|||\u00bb custom_padding__hover=\u00bb|||\u00bb][et_pb_text _builder_version=\u00bb3.27.4&#8243;] Ilustraci\u00f3n corporativa Ilustraci\u00f3n para marcas que quieran sacarle punta a su proyecto. Empatiza con tu p\u00fablico y haz que se sienta identificado con tu marca. \u00a0 [\/et_pb_text][\/et_pb_column][\/et_pb_row][\/et_pb_section][et_pb_section fb_built=\u00bb1&#8243; _builder_version=\u00bb3.22&#8243; background_color=\u00bbrgba(112,113,115,0.05)\u00bb][et_pb_row _builder_version=\u00bb3.25&#8243;][et_pb_column type=\u00bb4_4&#8243; _builder_version=\u00bb3.25&#8243; custom_padding=\u00bb|||\u00bb custom_padding__hover=\u00bb|||\u00bb][et_pb_text _builder_version=\u00bb3.27.4&#8243;] \u00bfQu\u00e9 obtendr\u00e1s con [&hellip;]<\/p>\n","protected":false},"author":1,"featured_media":0,"parent":0,"menu_order":0,"comment_status":"closed","ping_status":"closed","template":"","meta":{"_et_pb_use_builder":"on","_et_pb_old_content":"","_et_gb_content_width":"","_monsterinsights_skip_tracking":false,"_monsterinsights_sitenote_active":false,"_monsterinsights_sitenote_note":"","_monsterinsights_sitenote_category":0,"footnotes":""},"class_list":["post-8172","page","type-page","status-publish","hentry"],"yoast_head":"<!-- This site is optimized with the Yoast SEO plugin v26.1.1 - https:\/\/yoast.com\/wordpress\/plugins\/seo\/ -->\n<title>Ilustracion corporativa - Imma Mestre | Ilustraci\u00f3n<\/title>\n<meta name=\"robots\" content=\"index, follow, max-snippet:-1, max-image-preview:large, max-video-preview:-1\" \/>\n<link rel=\"canonical\" href=\"https:\/\/old.immamestre.com\/illustracio-corporativa\/\" \/>\n<meta property=\"og:locale\" content=\"es_ES\" \/>\n<meta property=\"og:type\" content=\"article\" \/>\n<meta property=\"og:title\" content=\"Ilustracion corporativa - Imma Mestre | Ilustraci\u00f3n\" \/>\n<meta property=\"og:description\" content=\"[et_pb_section fb_built=\u00bb1&#8243; fullwidth=\u00bbon\u00bb _builder_version=\u00bb3.22&#8243; custom_padding=\u00bb0px|0px|0|0px|false|false\u00bb][et_pb_fullwidth_image _builder_version=\u00bb3.19.1&#8243; background_image=\u00bbhttps:\/\/old.immamestre.com\/wp-content\/uploads\/2018\/03\/CapceleraIlustracioCorporativa.jpg\u00bb custom_padding=\u00bb200px||200px\u00bb][\/et_pb_fullwidth_image][\/et_pb_section][et_pb_section fb_built=\u00bb1&#8243; _builder_version=\u00bb3.22&#8243;][et_pb_row _builder_version=\u00bb3.25&#8243;][et_pb_column type=\u00bb4_4&#8243; _builder_version=\u00bb3.25&#8243; custom_padding=\u00bb|||\u00bb custom_padding__hover=\u00bb|||\u00bb][et_pb_text _builder_version=\u00bb3.27.4&#8243;] Ilustraci\u00f3n corporativa Ilustraci\u00f3n para marcas que quieran sacarle punta a su proyecto. Empatiza con tu p\u00fablico y haz que se sienta identificado con tu marca. \u00a0 [\/et_pb_text][\/et_pb_column][\/et_pb_row][\/et_pb_section][et_pb_section fb_built=\u00bb1&#8243; _builder_version=\u00bb3.22&#8243; background_color=\u00bbrgba(112,113,115,0.05)\u00bb][et_pb_row _builder_version=\u00bb3.25&#8243;][et_pb_column type=\u00bb4_4&#8243; _builder_version=\u00bb3.25&#8243; custom_padding=\u00bb|||\u00bb custom_padding__hover=\u00bb|||\u00bb][et_pb_text _builder_version=\u00bb3.27.4&#8243;] \u00bfQu\u00e9 obtendr\u00e1s con [&hellip;]\" \/>\n<meta property=\"og:url\" content=\"https:\/\/old.immamestre.com\/illustracio-corporativa\/\" \/>\n<meta property=\"og:site_name\" content=\"Imma Mestre | Ilustraci\u00f3n\" \/>\n<meta property=\"article:modified_time\" content=\"2020-01-27T13:36:21+00:00\" \/>\n<meta property=\"og:image\" content=\"https:\/\/old.immamestre.com\/wp-content\/uploads\/2018\/03\/unic-blau.png\" \/>\n<meta name=\"twitter:label1\" content=\"Tiempo de lectura\" \/>\n\t<meta name=\"twitter:data1\" content=\"12 minutos\" \/>\n<script type=\"application\/ld+json\" class=\"yoast-schema-graph\">{\"@context\":\"https:\/\/schema.org\",\"@graph\":[{\"@type\":\"WebPage\",\"@id\":\"https:\/\/old.immamestre.com\/illustracio-corporativa\/\",\"url\":\"https:\/\/old.immamestre.com\/illustracio-corporativa\/\",\"name\":\"Ilustracion corporativa - Imma Mestre | Ilustraci\u00f3n\",\"isPartOf\":{\"@id\":\"https:\/\/old.immamestre.com\/#website\"},\"primaryImageOfPage\":{\"@id\":\"https:\/\/old.immamestre.com\/illustracio-corporativa\/#primaryimage\"},\"image\":{\"@id\":\"https:\/\/old.immamestre.com\/illustracio-corporativa\/#primaryimage\"},\"thumbnailUrl\":\"https:\/\/old.immamestre.com\/wp-content\/uploads\/2018\/03\/unic-blau.png\",\"datePublished\":\"2018-02-27T18:30:23+00:00\",\"dateModified\":\"2020-01-27T13:36:21+00:00\",\"breadcrumb\":{\"@id\":\"https:\/\/old.immamestre.com\/illustracio-corporativa\/#breadcrumb\"},\"inLanguage\":\"es\",\"potentialAction\":[{\"@type\":\"ReadAction\",\"target\":[\"https:\/\/old.immamestre.com\/illustracio-corporativa\/\"]}]},{\"@type\":\"ImageObject\",\"inLanguage\":\"es\",\"@id\":\"https:\/\/old.immamestre.com\/illustracio-corporativa\/#primaryimage\",\"url\":\"https:\/\/old.immamestre.com\/wp-content\/uploads\/2018\/03\/unic-blau.png\",\"contentUrl\":\"https:\/\/old.immamestre.com\/wp-content\/uploads\/2018\/03\/unic-blau.png\"},{\"@type\":\"BreadcrumbList\",\"@id\":\"https:\/\/old.immamestre.com\/illustracio-corporativa\/#breadcrumb\",\"itemListElement\":[{\"@type\":\"ListItem\",\"position\":1,\"name\":\"Home\",\"item\":\"https:\/\/old.immamestre.com\/\"},{\"@type\":\"ListItem\",\"position\":2,\"name\":\"Ilustracion corporativa\"}]},{\"@type\":\"WebSite\",\"@id\":\"https:\/\/old.immamestre.com\/#website\",\"url\":\"https:\/\/old.immamestre.com\/\",\"name\":\"Imma Mestre | Ilustraci\u00f3n\",\"description\":\"ilustraci\u00f3n\",\"publisher\":{\"@id\":\"https:\/\/old.immamestre.com\/#\/schema\/person\/f649c9039586af566b698906bc9da076\"},\"potentialAction\":[{\"@type\":\"SearchAction\",\"target\":{\"@type\":\"EntryPoint\",\"urlTemplate\":\"https:\/\/old.immamestre.com\/?s={search_term_string}\"},\"query-input\":{\"@type\":\"PropertyValueSpecification\",\"valueRequired\":true,\"valueName\":\"search_term_string\"}}],\"inLanguage\":\"es\"},{\"@type\":[\"Person\",\"Organization\"],\"@id\":\"https:\/\/old.immamestre.com\/#\/schema\/person\/f649c9039586af566b698906bc9da076\",\"name\":\"Imma Mestre\",\"image\":{\"@type\":\"ImageObject\",\"inLanguage\":\"es\",\"@id\":\"https:\/\/old.immamestre.com\/#\/schema\/person\/image\/\",\"url\":\"https:\/\/secure.gravatar.com\/avatar\/fe9530742331fb8e4cb4de875d82303426947d472e41eb783b6dc62694aa6aff?s=96&d=mm&r=g\",\"contentUrl\":\"https:\/\/secure.gravatar.com\/avatar\/fe9530742331fb8e4cb4de875d82303426947d472e41eb783b6dc62694aa6aff?s=96&d=mm&r=g\",\"caption\":\"Imma Mestre\"},\"logo\":{\"@id\":\"https:\/\/old.immamestre.com\/#\/schema\/person\/image\/\"},\"description\":\"Hola soy Imma. Ilustradora. Hablo a trav\u00e9s de ilustraciones. Dame un l\u00e1piz y pinto tu mundo con historias ilustradas que te har\u00e1n despuntar.\",\"sameAs\":[\"https:\/\/www.immamestre.com\"]}]}<\/script>\n<!-- \/ Yoast SEO plugin. -->","yoast_head_json":{"title":"Ilustracion corporativa - Imma Mestre | Ilustraci\u00f3n","robots":{"index":"index","follow":"follow","max-snippet":"max-snippet:-1","max-image-preview":"max-image-preview:large","max-video-preview":"max-video-preview:-1"},"canonical":"https:\/\/old.immamestre.com\/illustracio-corporativa\/","og_locale":"es_ES","og_type":"article","og_title":"Ilustracion corporativa - Imma Mestre | Ilustraci\u00f3n","og_description":"[et_pb_section fb_built=\u00bb1&#8243; fullwidth=\u00bbon\u00bb _builder_version=\u00bb3.22&#8243; custom_padding=\u00bb0px|0px|0|0px|false|false\u00bb][et_pb_fullwidth_image _builder_version=\u00bb3.19.1&#8243; background_image=\u00bbhttps:\/\/old.immamestre.com\/wp-content\/uploads\/2018\/03\/CapceleraIlustracioCorporativa.jpg\u00bb custom_padding=\u00bb200px||200px\u00bb][\/et_pb_fullwidth_image][\/et_pb_section][et_pb_section fb_built=\u00bb1&#8243; _builder_version=\u00bb3.22&#8243;][et_pb_row _builder_version=\u00bb3.25&#8243;][et_pb_column type=\u00bb4_4&#8243; _builder_version=\u00bb3.25&#8243; custom_padding=\u00bb|||\u00bb custom_padding__hover=\u00bb|||\u00bb][et_pb_text _builder_version=\u00bb3.27.4&#8243;] Ilustraci\u00f3n corporativa Ilustraci\u00f3n para marcas que quieran sacarle punta a su proyecto. Empatiza con tu p\u00fablico y haz que se sienta identificado con tu marca. \u00a0 [\/et_pb_text][\/et_pb_column][\/et_pb_row][\/et_pb_section][et_pb_section fb_built=\u00bb1&#8243; _builder_version=\u00bb3.22&#8243; background_color=\u00bbrgba(112,113,115,0.05)\u00bb][et_pb_row _builder_version=\u00bb3.25&#8243;][et_pb_column type=\u00bb4_4&#8243; _builder_version=\u00bb3.25&#8243; custom_padding=\u00bb|||\u00bb custom_padding__hover=\u00bb|||\u00bb][et_pb_text _builder_version=\u00bb3.27.4&#8243;] \u00bfQu\u00e9 obtendr\u00e1s con [&hellip;]","og_url":"https:\/\/old.immamestre.com\/illustracio-corporativa\/","og_site_name":"Imma Mestre | Ilustraci\u00f3n","article_modified_time":"2020-01-27T13:36:21+00:00","og_image":[{"url":"https:\/\/old.immamestre.com\/wp-content\/uploads\/2018\/03\/unic-blau.png","type":"","width":"","height":""}],"twitter_misc":{"Tiempo de lectura":"12 minutos"},"schema":{"@context":"https:\/\/schema.org","@graph":[{"@type":"WebPage","@id":"https:\/\/old.immamestre.com\/illustracio-corporativa\/","url":"https:\/\/old.immamestre.com\/illustracio-corporativa\/","name":"Ilustracion corporativa - Imma Mestre | Ilustraci\u00f3n","isPartOf":{"@id":"https:\/\/old.immamestre.com\/#website"},"primaryImageOfPage":{"@id":"https:\/\/old.immamestre.com\/illustracio-corporativa\/#primaryimage"},"image":{"@id":"https:\/\/old.immamestre.com\/illustracio-corporativa\/#primaryimage"},"thumbnailUrl":"https:\/\/old.immamestre.com\/wp-content\/uploads\/2018\/03\/unic-blau.png","datePublished":"2018-02-27T18:30:23+00:00","dateModified":"2020-01-27T13:36:21+00:00","breadcrumb":{"@id":"https:\/\/old.immamestre.com\/illustracio-corporativa\/#breadcrumb"},"inLanguage":"es","potentialAction":[{"@type":"ReadAction","target":["https:\/\/old.immamestre.com\/illustracio-corporativa\/"]}]},{"@type":"ImageObject","inLanguage":"es","@id":"https:\/\/old.immamestre.com\/illustracio-corporativa\/#primaryimage","url":"https:\/\/old.immamestre.com\/wp-content\/uploads\/2018\/03\/unic-blau.png","contentUrl":"https:\/\/old.immamestre.com\/wp-content\/uploads\/2018\/03\/unic-blau.png"},{"@type":"BreadcrumbList","@id":"https:\/\/old.immamestre.com\/illustracio-corporativa\/#breadcrumb","itemListElement":[{"@type":"ListItem","position":1,"name":"Home","item":"https:\/\/old.immamestre.com\/"},{"@type":"ListItem","position":2,"name":"Ilustracion corporativa"}]},{"@type":"WebSite","@id":"https:\/\/old.immamestre.com\/#website","url":"https:\/\/old.immamestre.com\/","name":"Imma Mestre | Ilustraci\u00f3n","description":"ilustraci\u00f3n","publisher":{"@id":"https:\/\/old.immamestre.com\/#\/schema\/person\/f649c9039586af566b698906bc9da076"},"potentialAction":[{"@type":"SearchAction","target":{"@type":"EntryPoint","urlTemplate":"https:\/\/old.immamestre.com\/?s={search_term_string}"},"query-input":{"@type":"PropertyValueSpecification","valueRequired":true,"valueName":"search_term_string"}}],"inLanguage":"es"},{"@type":["Person","Organization"],"@id":"https:\/\/old.immamestre.com\/#\/schema\/person\/f649c9039586af566b698906bc9da076","name":"Imma Mestre","image":{"@type":"ImageObject","inLanguage":"es","@id":"https:\/\/old.immamestre.com\/#\/schema\/person\/image\/","url":"https:\/\/secure.gravatar.com\/avatar\/fe9530742331fb8e4cb4de875d82303426947d472e41eb783b6dc62694aa6aff?s=96&d=mm&r=g","contentUrl":"https:\/\/secure.gravatar.com\/avatar\/fe9530742331fb8e4cb4de875d82303426947d472e41eb783b6dc62694aa6aff?s=96&d=mm&r=g","caption":"Imma Mestre"},"logo":{"@id":"https:\/\/old.immamestre.com\/#\/schema\/person\/image\/"},"description":"Hola soy Imma. Ilustradora. Hablo a trav\u00e9s de ilustraciones. Dame un l\u00e1piz y pinto tu mundo con historias ilustradas que te har\u00e1n despuntar.","sameAs":["https:\/\/www.immamestre.com"]}]}},"_links":{"self":[{"href":"https:\/\/old.immamestre.com\/es\/wp-json\/wp\/v2\/pages\/8172","targetHints":{"allow":["GET"]}}],"collection":[{"href":"https:\/\/old.immamestre.com\/es\/wp-json\/wp\/v2\/pages"}],"about":[{"href":"https:\/\/old.immamestre.com\/es\/wp-json\/wp\/v2\/types\/page"}],"author":[{"embeddable":true,"href":"https:\/\/old.immamestre.com\/es\/wp-json\/wp\/v2\/users\/1"}],"replies":[{"embeddable":true,"href":"https:\/\/old.immamestre.com\/es\/wp-json\/wp\/v2\/comments?post=8172"}],"version-history":[{"count":76,"href":"https:\/\/old.immamestre.com\/es\/wp-json\/wp\/v2\/pages\/8172\/revisions"}],"predecessor-version":[{"id":12053,"href":"https:\/\/old.immamestre.com\/es\/wp-json\/wp\/v2\/pages\/8172\/revisions\/12053"}],"wp:attachment":[{"href":"https:\/\/old.immamestre.com\/es\/wp-json\/wp\/v2\/media?parent=8172"}],"curies":[{"name":"wp","href":"https:\/\/api.w.org\/{rel}","templated":true}]}}