{"id":7770,"date":"2017-10-13T09:38:37","date_gmt":"2017-10-13T07:38:37","guid":{"rendered":"http:\/\/www.immamestre.com\/?page_id=7770"},"modified":"2022-09-01T15:31:37","modified_gmt":"2022-09-01T13:31:37","slug":"terminos-y-condiciones","status":"publish","type":"page","link":"https:\/\/old.immamestre.com\/es\/terminos-y-condiciones\/","title":{"rendered":"T\u00e9rminos y condiciones"},"content":{"rendered":"<h3><span style=\"color: #000000;\">Propiedad intelectual<\/span><\/h3>\n<p>Toda la informaci\u00f3n que como visitante ver\u00e1s en <a href=\"http:\/\/www.immamestre.com\/\">www.immamestre.com<\/a>, as\u00ed como las redes sociales derivadas de ella, ha sido creada por Imma, igual que todas las ilustraciones, logos, fotograf\u00edas, archivos o ficheros audiovisuales o de texto, por lo que no puedes usarlas, reproducirlas o distribuirlas, de forma parcial ni total, ni modificarlas. Para poderlas usar deber\u00e1s solicitar mi autorizaci\u00f3n enviando un email a hola@immamestre.com. Todos los derechos sobre las mismas est\u00e1n reservados, no las uses por favor sin mi consentimiento.<\/p>\n<p>Las im\u00e1genes que se publican son usadas como medio para entender y explicar mejor el producto o servicio que se muestra. Si para conseguir este objetivo salen terceras personas, en el caso que se reconozcan, s\u00f3lo se publicar\u00e1n con el previo consentimiento expreso de cada una de ellas y, si se trata de menores, con la previa y expresa autorizaci\u00f3n de sus padres o tutores.<\/p>\n<p>Las ilustraciones que se encuentran en <a href=\"http:\/\/www.immamestre.com\/\">www.immamestre.com<\/a> est\u00e1n protegidas por derechos de autor y por las leyes relacionadas con la propiedad industrial. La marca Imma Mestre, en su representaci\u00f3n gr\u00e1fica y fon\u00e9tica, es de exclusiva propiedad de Imma, y todos los derechos est\u00e1n reservados a favor de ella. En ning\u00fan caso, ninguna de las ilustraciones podr\u00e1n ser utilizadas de forma alguna sin el consentimiento expreso de Imma, estando totalmente prohibida la reproducci\u00f3n, transformaci\u00f3n, distribuci\u00f3n, comunicaci\u00f3n p\u00fablica o cualquier otra forma de explotaci\u00f3n, por cualquier procedimiento, de todo o parte de los contenidos de <a href=\"http:\/\/www.immamestre.com\/\">www.immamestre.com<\/a> y las redes sociales relacionadas mencionadas en la parte superior del texto, as\u00ed como de su dise\u00f1o. No se podr\u00e1 hacer uso sin el consentimiento expreso de Imma, para lo cual el visitante o el interesado deber\u00e1 escribir a hola@immamestre.com.<\/p>\n<p>Las ilustraciones, fotograf\u00edas, archivos multimedia o cualquier otro elemento gr\u00e1fico o textual que se encuentren en\u00a0<a href=\"http:\/\/www.immmamestre.com\">www.immamestre.com<\/a>, que se refieran a trabajos realizados a clientes o terceros, han sido publicados con la autorizaci\u00f3n de sus respectivos propietarios, quienes tienen todos los derechos de autor y de propiedad industrial reservados a su favor.<\/p>\n<p>&nbsp;<\/p>\n<h3><span style=\"color: #000000;\">Relaci\u00f3n con terceros<\/span><\/h3>\n<p>Imma no se hace responsable por enlaces rotos o que el contenido de las p\u00e1ginas de los enlaces encontrados en <a href=\"http:\/\/www.immamestre.com\">www.immamestre.com<\/a> hayan sido modificado. Se excluye tambi\u00e9n la responsabilidad de Imma sobre los contenidos de los enlaces de terceros, su veracidad o que contengan virus o software malicioso, a\u00fan cuando las medidas de seguridad impuestas hayan sido programadas para evitar da\u00f1os al visitante.<\/p>\n<p>&nbsp;<\/p>\n<h3><span style=\"color: #000000;\">Responsabilidades del visitante<\/span><\/h3>\n<p>Siendo visitante, hay ciertas responsabilidades que son exclusivamente tuyas, te doy unos ejemplos a manera enunciativa y no limitativa:<\/p>\n<ul>\n<li>Los datos que ofreces en los formularios deber\u00e1n ser veraces y l\u00edcitos<\/li>\n<li>Las ilustraciones que encargas no deber\u00e1n infringir cualquier derecho de autor, de propiedad industrial o de cualquier otra \u00edndole que puedan pertenecer a terceros, ubicados o no en territorio de Espa\u00f1a.<\/li>\n<li>Las opiniones que emitas como visitante son de tu exclusiva responsabilidad. Imma est\u00e1 en contra de cualquier comentario que incite al racismo, a la xenofobia, al terrorismo, violencia o cualquier otro asunto que est\u00e9 en contra del orden p\u00fablico, por lo que se reserva el total derecho de eliminar cualquier comentario que realice un visitante que pueda irrespetar otros visitantes.<\/li>\n<li>El contenido que se encuentra en <a href=\"http:\/\/www.immamestre.com\">www.immamestre.com<\/a>, as\u00ed como en las redes sociales relacionadas, est\u00e1n creados para ser utilizados de manera adecuada, no debiendo ser usados para realizar cualquier actividad il\u00edcita, ilegal, o contraria al orden p\u00fablico, la moral y las buenas costumbres, o que infrinja las normas legalmente establecidas, violando cualquier derecho propio de Imma o de terceros.<\/li>\n<li>Como visitante no deber\u00e1s violar, eliminar, modificar, manipular de forma alguna los controles de seguridad que se encuentren en <a href=\"http:\/\/www.immamestre.com\/\">www.immamestre.com<\/a>, ni buscar de forma alguna obtener los datos personales de los visitantes o usuarios de <a href=\"http:\/\/www.immamestre.com\/\">www.immamestre.com<\/a>, mucho menos si es de una forma il\u00edcita o ilegal.<\/li>\n<li>Deber\u00e1s respetar los derechos de autor y los derivados de la propiedad industrial de las fotograf\u00edas, textos, im\u00e1genes, ficheros, archivos audiovisuales o de cualquier tipo, y de todo el contenido en general de este dominio web como de sus redes sociales vinculadas. Todo es de exclusiva propiedad de Imma, por lo que est\u00e1 totalmente prohibida su reproducci\u00f3n, transformaci\u00f3n, comunicaci\u00f3n p\u00fablica o distribuci\u00f3n, ya sea total o parcial de cualquiera de los elementos que se encuentren dentro del dominio <a href=\"http:\/\/www.immamestre.com\/\">www.immamestre.com<\/a> as\u00ed como de las redes sociales que puedan estar asociadas, ya sean estas reproducciones con fines comerciales o no. Si deseas alguna de las im\u00e1genes o realizar alguna actividad relacionada con ella, puedes escribirme a hola@immamestre.com y con gusto te indicar\u00e9 como proceder.<\/li>\n<\/ul>\n<p>&nbsp;<\/p>\n<h3><span style=\"color: #000000;\">Mi cuenta<\/span><\/h3>\n<p>Imma tiene a disposici\u00f3n de aquellos visitantes que hayan comprado alguno de sus productos o servicios, quien se denominar\u00e1n, en lo adelante, como cliente, un espacio exclusivo para ellos.<\/p>\n<p>Este espacio dentro del sitio web\u00a0<a href=\"http:\/\/www.immamestre.com\/\">www.immamestre.com<\/a> ser\u00e1 de uso exclusivo de los clientes, quienes podr\u00e1n acceder a \u00e9l, despu\u00e9s de realizar una compra, eligiendo la clave a utilizar.\u00a0 Imma no podr\u00e1 visualizar en ning\u00fan momento esta clave y quedar\u00e1 bajo \u00fanica custodia del cliente. Ante la necesidad de renovar la contrase\u00f1a, el cliente deber\u00e1 seguir los pasos indicados en el sitio web <a href=\"http:\/\/www.immamestre.com\/\">www.immamestre.com<\/a>.<\/p>\n<p>Dentro de este espacio virtual, el cliente podr\u00e1 tener acceso a los pedidos realizados o estados de las encomiendas efectuadas.<\/p>\n<p>&nbsp;<\/p>\n<h3><span style=\"color: #000000;\">Zona de suscriptores<\/span><\/h3>\n<p>Para aquellos visitantes que hayan decidido, con voluntad propia, unirse al listado de suscriptores para recibir los correos electr\u00f3nicos promocionales que Imma decida enviar, existir\u00e1 una zona con contenido especial para ellos.<\/p>\n<p>En ning\u00fan momento se deber\u00e1 entender que este contenido es para uso comercial, o que se puede disponer del mismo libremente. Se aplicar\u00e1, para esta zona de suscriptores, las mismas condiciones que se encuentran en estos t\u00e9rminos y condiciones relacionadas con la propiedad intelectual, no pudiendo en consecuencia ser utilizados de forma alguna sin el consentimiento expreso de Imma. Est\u00e1 totalmente prohibida la reproducci\u00f3n, transformaci\u00f3n, distribuci\u00f3n, comunicaci\u00f3n p\u00fablica o cualquier otra forma de explotaci\u00f3n, por cualquier procedimiento, de todo o parte de los contenidos de\u00a0<a href=\"http:\/\/www.immamestre.com\/\">www.immamestre.com<\/a> y las redes sociales relacionadas, mencionadas en la parte superior del texto, as\u00ed como de su dise\u00f1o. No se podr\u00e1 hacer uso sin el consentimiento expreso de Imma, para lo cual el visitante o el interesado deber\u00e1 escribir a hola@immamestre.com.<\/p>\n<p>Las ilustraciones, fotograf\u00edas, archivos multimedia o cualquier otro elemento gr\u00e1fico o textual que se encuentren en\u00a0<a href=\"http:\/\/www.immamestre.com\/\">www.immamestre.com<\/a>, que se refieran a trabajos realizados a clientes o terceros, han sido publicados con la autorizaci\u00f3n de sus respectivos propietarios, quienes tienen todos los derechos de autor y de propiedad industrial reservados a su favor.<\/p>\n<p>El contenido expuesto en este espacio virtual no podr\u00e1 ser distribuido por otra v\u00eda, y para su publicaci\u00f3n en redes sociales u otros sitios virtuales o espacios f\u00edsicos, deber\u00e1 contar con la menci\u00f3n de su autora, Imma, as\u00ed como con su aprobaci\u00f3n.<\/p>\n<p>&nbsp;<\/p>\n<h3><span style=\"color: #000000;\">Acciones legales<\/span><\/h3>\n<p>Imma puede, en cualquier momento, ejercer acciones legales de car\u00e1cter civil o penal, contra cualquier persona que realice un uso indebido del contenido expuesto en <a href=\"http:\/\/www.immamestre.com\">www.immamestre.com<\/a> o por incumplir con estos t\u00e9rminos y condiciones. Se aplicar\u00e1 en todo momento la\u00a0 legislaci\u00f3n del territorio espa\u00f1ol y en caso de alg\u00fan conflicto, las partes se someter\u00e1n a la jurisdicci\u00f3n de Barcelona, Espa\u00f1a, por ser el domicilio de la titular de <a href=\"http:\/\/www.immamestre.com\/\">www.immamestre.com<\/a>.<\/p>\n<p>En todo momento Imma podr\u00e1 modificar el contenido de <a href=\"http:\/\/www.immamestre.com\/\">www.immamestre.com<\/a> en la forma que prefiera, sin notificaci\u00f3n previa o posterior alguna, igualmente lo podr\u00e1 hacer con estos t\u00e9rminos y condiciones, los cuales estar\u00e1n vigentes hasta que no se modifiquen y mientras exista <a href=\"http:\/\/www.immamestre.com\/\">www.immamestre.com<\/a>.<\/p>\n<p>Todos estos t\u00e9rminos y condiciones se aplican tambi\u00e9n para las redes sociales relacionadas con <a href=\"https:\/\/www.immamestre.com\">www.immamestre.com<\/a>, es decir: <a href=\"https:\/\/www.facebook.com\/ImmaMestre\" target=\"_blank\" rel=\"noopener\">www.facebook.com\/ImmaMestre<\/a>, <a href=\"https:\/\/www.instagram.com\/imma.mestre\" target=\"_blank\" rel=\"noopener\">www.instagram.com\/imma.mestre<\/a>, <a href=\"https:\/\/www.twitter.com\/ImmaMestre\" target=\"_blank\" rel=\"noopener\">www.twitter.com\/ImmaMestre<\/a>.<\/p>\n<p>Cualquier duda, comentario o sugerencia, puedes escribirme a hola@immamestre.com.<\/p>\n","protected":false},"excerpt":{"rendered":"<p>Propiedad intelectual Toda la informaci\u00f3n que como visitante ver\u00e1s en www.immamestre.com, as\u00ed como las redes sociales derivadas de ella, ha sido creada por Imma, igual que todas las ilustraciones, logos, fotograf\u00edas, archivos o ficheros audiovisuales o de texto, por lo que no puedes usarlas, reproducirlas o distribuirlas, de forma parcial ni total, ni modificarlas. Para [&hellip;]<\/p>\n","protected":false},"author":1,"featured_media":0,"parent":0,"menu_order":0,"comment_status":"closed","ping_status":"closed","template":"","meta":{"_et_pb_use_builder":"","_et_pb_old_content":"","_et_gb_content_width":"","_monsterinsights_skip_tracking":false,"_monsterinsights_sitenote_active":false,"_monsterinsights_sitenote_note":"","_monsterinsights_sitenote_category":0,"footnotes":""},"class_list":["post-7770","page","type-page","status-publish","hentry"],"yoast_head":"<!-- This site is optimized with the Yoast SEO plugin v26.1.1 - https:\/\/yoast.com\/wordpress\/plugins\/seo\/ -->\n<title>T\u00e9rminos y condiciones - Imma Mestre | Ilustraci\u00f3n<\/title>\n<meta name=\"robots\" content=\"index, follow, max-snippet:-1, max-image-preview:large, max-video-preview:-1\" \/>\n<link rel=\"canonical\" href=\"https:\/\/old.immamestre.com\/terminis-i-condicions\/\" \/>\n<meta property=\"og:locale\" content=\"es_ES\" \/>\n<meta property=\"og:type\" content=\"article\" \/>\n<meta property=\"og:title\" content=\"T\u00e9rminos y condiciones - Imma Mestre | Ilustraci\u00f3n\" \/>\n<meta property=\"og:description\" content=\"Propiedad intelectual Toda la informaci\u00f3n que como visitante ver\u00e1s en www.immamestre.com, as\u00ed como las redes sociales derivadas de ella, ha sido creada por Imma, igual que todas las ilustraciones, logos, fotograf\u00edas, archivos o ficheros audiovisuales o de texto, por lo que no puedes usarlas, reproducirlas o distribuirlas, de forma parcial ni total, ni modificarlas. Para [&hellip;]\" \/>\n<meta property=\"og:url\" content=\"https:\/\/old.immamestre.com\/terminis-i-condicions\/\" \/>\n<meta property=\"og:site_name\" content=\"Imma Mestre | Ilustraci\u00f3n\" \/>\n<meta property=\"article:modified_time\" content=\"2022-09-01T13:31:37+00:00\" \/>\n<meta name=\"twitter:label1\" content=\"Tiempo de lectura\" \/>\n\t<meta name=\"twitter:data1\" content=\"6 minutos\" \/>\n<script type=\"application\/ld+json\" class=\"yoast-schema-graph\">{\"@context\":\"https:\/\/schema.org\",\"@graph\":[{\"@type\":\"WebPage\",\"@id\":\"https:\/\/old.immamestre.com\/terminis-i-condicions\/\",\"url\":\"https:\/\/old.immamestre.com\/terminis-i-condicions\/\",\"name\":\"T\u00e9rminos y condiciones - Imma Mestre | Ilustraci\u00f3n\",\"isPartOf\":{\"@id\":\"https:\/\/old.immamestre.com\/#website\"},\"datePublished\":\"2017-10-13T07:38:37+00:00\",\"dateModified\":\"2022-09-01T13:31:37+00:00\",\"breadcrumb\":{\"@id\":\"https:\/\/old.immamestre.com\/terminis-i-condicions\/#breadcrumb\"},\"inLanguage\":\"es\",\"potentialAction\":[{\"@type\":\"ReadAction\",\"target\":[\"https:\/\/old.immamestre.com\/terminis-i-condicions\/\"]}]},{\"@type\":\"BreadcrumbList\",\"@id\":\"https:\/\/old.immamestre.com\/terminis-i-condicions\/#breadcrumb\",\"itemListElement\":[{\"@type\":\"ListItem\",\"position\":1,\"name\":\"Home\",\"item\":\"https:\/\/old.immamestre.com\/\"},{\"@type\":\"ListItem\",\"position\":2,\"name\":\"T\u00e9rminos y condiciones\"}]},{\"@type\":\"WebSite\",\"@id\":\"https:\/\/old.immamestre.com\/#website\",\"url\":\"https:\/\/old.immamestre.com\/\",\"name\":\"Imma Mestre | Ilustraci\u00f3n\",\"description\":\"ilustraci\u00f3n\",\"publisher\":{\"@id\":\"https:\/\/old.immamestre.com\/#\/schema\/person\/f649c9039586af566b698906bc9da076\"},\"potentialAction\":[{\"@type\":\"SearchAction\",\"target\":{\"@type\":\"EntryPoint\",\"urlTemplate\":\"https:\/\/old.immamestre.com\/?s={search_term_string}\"},\"query-input\":{\"@type\":\"PropertyValueSpecification\",\"valueRequired\":true,\"valueName\":\"search_term_string\"}}],\"inLanguage\":\"es\"},{\"@type\":[\"Person\",\"Organization\"],\"@id\":\"https:\/\/old.immamestre.com\/#\/schema\/person\/f649c9039586af566b698906bc9da076\",\"name\":\"Imma Mestre\",\"image\":{\"@type\":\"ImageObject\",\"inLanguage\":\"es\",\"@id\":\"https:\/\/old.immamestre.com\/#\/schema\/person\/image\/\",\"url\":\"https:\/\/secure.gravatar.com\/avatar\/fe9530742331fb8e4cb4de875d82303426947d472e41eb783b6dc62694aa6aff?s=96&d=mm&r=g\",\"contentUrl\":\"https:\/\/secure.gravatar.com\/avatar\/fe9530742331fb8e4cb4de875d82303426947d472e41eb783b6dc62694aa6aff?s=96&d=mm&r=g\",\"caption\":\"Imma Mestre\"},\"logo\":{\"@id\":\"https:\/\/old.immamestre.com\/#\/schema\/person\/image\/\"},\"description\":\"Hola soy Imma. Ilustradora. Hablo a trav\u00e9s de ilustraciones. Dame un l\u00e1piz y pinto tu mundo con historias ilustradas que te har\u00e1n despuntar.\",\"sameAs\":[\"https:\/\/www.immamestre.com\"]}]}<\/script>\n<!-- \/ Yoast SEO plugin. -->","yoast_head_json":{"title":"T\u00e9rminos y condiciones - Imma Mestre | Ilustraci\u00f3n","robots":{"index":"index","follow":"follow","max-snippet":"max-snippet:-1","max-image-preview":"max-image-preview:large","max-video-preview":"max-video-preview:-1"},"canonical":"https:\/\/old.immamestre.com\/terminis-i-condicions\/","og_locale":"es_ES","og_type":"article","og_title":"T\u00e9rminos y condiciones - Imma Mestre | Ilustraci\u00f3n","og_description":"Propiedad intelectual Toda la informaci\u00f3n que como visitante ver\u00e1s en www.immamestre.com, as\u00ed como las redes sociales derivadas de ella, ha sido creada por Imma, igual que todas las ilustraciones, logos, fotograf\u00edas, archivos o ficheros audiovisuales o de texto, por lo que no puedes usarlas, reproducirlas o distribuirlas, de forma parcial ni total, ni modificarlas. Para [&hellip;]","og_url":"https:\/\/old.immamestre.com\/terminis-i-condicions\/","og_site_name":"Imma Mestre | Ilustraci\u00f3n","article_modified_time":"2022-09-01T13:31:37+00:00","twitter_misc":{"Tiempo de lectura":"6 minutos"},"schema":{"@context":"https:\/\/schema.org","@graph":[{"@type":"WebPage","@id":"https:\/\/old.immamestre.com\/terminis-i-condicions\/","url":"https:\/\/old.immamestre.com\/terminis-i-condicions\/","name":"T\u00e9rminos y condiciones - Imma Mestre | Ilustraci\u00f3n","isPartOf":{"@id":"https:\/\/old.immamestre.com\/#website"},"datePublished":"2017-10-13T07:38:37+00:00","dateModified":"2022-09-01T13:31:37+00:00","breadcrumb":{"@id":"https:\/\/old.immamestre.com\/terminis-i-condicions\/#breadcrumb"},"inLanguage":"es","potentialAction":[{"@type":"ReadAction","target":["https:\/\/old.immamestre.com\/terminis-i-condicions\/"]}]},{"@type":"BreadcrumbList","@id":"https:\/\/old.immamestre.com\/terminis-i-condicions\/#breadcrumb","itemListElement":[{"@type":"ListItem","position":1,"name":"Home","item":"https:\/\/old.immamestre.com\/"},{"@type":"ListItem","position":2,"name":"T\u00e9rminos y condiciones"}]},{"@type":"WebSite","@id":"https:\/\/old.immamestre.com\/#website","url":"https:\/\/old.immamestre.com\/","name":"Imma Mestre | Ilustraci\u00f3n","description":"ilustraci\u00f3n","publisher":{"@id":"https:\/\/old.immamestre.com\/#\/schema\/person\/f649c9039586af566b698906bc9da076"},"potentialAction":[{"@type":"SearchAction","target":{"@type":"EntryPoint","urlTemplate":"https:\/\/old.immamestre.com\/?s={search_term_string}"},"query-input":{"@type":"PropertyValueSpecification","valueRequired":true,"valueName":"search_term_string"}}],"inLanguage":"es"},{"@type":["Person","Organization"],"@id":"https:\/\/old.immamestre.com\/#\/schema\/person\/f649c9039586af566b698906bc9da076","name":"Imma Mestre","image":{"@type":"ImageObject","inLanguage":"es","@id":"https:\/\/old.immamestre.com\/#\/schema\/person\/image\/","url":"https:\/\/secure.gravatar.com\/avatar\/fe9530742331fb8e4cb4de875d82303426947d472e41eb783b6dc62694aa6aff?s=96&d=mm&r=g","contentUrl":"https:\/\/secure.gravatar.com\/avatar\/fe9530742331fb8e4cb4de875d82303426947d472e41eb783b6dc62694aa6aff?s=96&d=mm&r=g","caption":"Imma Mestre"},"logo":{"@id":"https:\/\/old.immamestre.com\/#\/schema\/person\/image\/"},"description":"Hola soy Imma. Ilustradora. Hablo a trav\u00e9s de ilustraciones. Dame un l\u00e1piz y pinto tu mundo con historias ilustradas que te har\u00e1n despuntar.","sameAs":["https:\/\/www.immamestre.com"]}]}},"_links":{"self":[{"href":"https:\/\/old.immamestre.com\/es\/wp-json\/wp\/v2\/pages\/7770","targetHints":{"allow":["GET"]}}],"collection":[{"href":"https:\/\/old.immamestre.com\/es\/wp-json\/wp\/v2\/pages"}],"about":[{"href":"https:\/\/old.immamestre.com\/es\/wp-json\/wp\/v2\/types\/page"}],"author":[{"embeddable":true,"href":"https:\/\/old.immamestre.com\/es\/wp-json\/wp\/v2\/users\/1"}],"replies":[{"embeddable":true,"href":"https:\/\/old.immamestre.com\/es\/wp-json\/wp\/v2\/comments?post=7770"}],"version-history":[{"count":4,"href":"https:\/\/old.immamestre.com\/es\/wp-json\/wp\/v2\/pages\/7770\/revisions"}],"predecessor-version":[{"id":13915,"href":"https:\/\/old.immamestre.com\/es\/wp-json\/wp\/v2\/pages\/7770\/revisions\/13915"}],"wp:attachment":[{"href":"https:\/\/old.immamestre.com\/es\/wp-json\/wp\/v2\/media?parent=7770"}],"curies":[{"name":"wp","href":"https:\/\/api.w.org\/{rel}","templated":true}]}}