{"id":2780,"date":"2015-01-04T16:59:14","date_gmt":"2015-01-04T15:59:14","guid":{"rendered":"http:\/\/www.immamestre.com\/?page_id=2780"},"modified":"2020-08-06T11:33:39","modified_gmt":"2020-08-06T09:33:39","slug":"politica-privacidad","status":"publish","type":"page","link":"https:\/\/old.immamestre.com\/es\/politica-privacidad\/","title":{"rendered":"Pol\u00edtica de privacidad"},"content":{"rendered":"<p><strong>Responsable de los datos personales: <\/strong>Immaculada Mestre Cunillera, identificada con el n\u00famero de identificaci\u00f3n fiscal ES46680356Q, con domicilio en Barcelona, Espa\u00f1a, en lo adelante \u201cImma\u201d, y cuyo correo electr\u00f3nico de contacto es: hola@immamestre.com.<\/p>\n<h3>Datos solicitados en el sitio web y finalidad del tratamiento.<\/h3>\n<ul>\n<li><strong>Nombre, apellidos y correo electr\u00f3nico en los formularios de contacto: <\/strong>para realizar cualquier contacto directo contigo, ya sea para plantear dudas, comentarios, sugerencias, solicitar un servicio o producto o cualquier otra informaci\u00f3n. No suministrar los datos personales m\u00ednimos necesarios imposibilitar\u00e1 a \u201cImma\u201d responder a la petici\u00f3n.<\/li>\n<\/ul>\n<ul>\n<li><strong>Nombre y correo electr\u00f3nico: <\/strong>para poder realizar comentarios en el blog del sitio web.<\/li>\n<\/ul>\n<ul>\n<li><strong>Nombre, apellidos, direcci\u00f3n, tel\u00e9fono, correo electr\u00f3nico: <\/strong>se solicitar\u00e1 esta informaci\u00f3n al momento de la compra, para poder procesar el pedido.<\/li>\n<\/ul>\n<ul>\n<li><strong>Nombre y correo electr\u00f3nico para newsletter: <\/strong>con el debido consentimiento expreso y voluntario del titular de los datos, se solicitar\u00e1 en el sitio web la informaci\u00f3n m\u00ednima necesaria para enviar un bolet\u00edn comercial automatizado, donde se informar\u00e1 sobre publicidad, promociones y otra informaci\u00f3n de los servicios o productos ofrecidos por \u201cImma\u201d.<strong>\u00a0<\/strong><\/li>\n<\/ul>\n<ul>\n<li><strong>Correo electr\u00f3nico: <\/strong>se solicitar\u00e1 el correo electr\u00f3nico para poder acceder al \u00e1rea de cliente, de acuerdo con los datos suministrados al momento de crear la cuenta.<\/li>\n<\/ul>\n<ul>\n<li><strong>Nombre, tel\u00e9fono, correo electr\u00f3nico, n\u00famero de personas, fecha de evento, direcci\u00f3n: <\/strong>Se solicitar\u00e1 esta informaci\u00f3n para poder elaborar un presupuesto de los servicios o productos que \u201cImma\u201d puede ofrecer al participante. Sin estos datos, no se podr\u00e1 realizar un an\u00e1lisis del monto que el posible participante deber\u00e1 pagar por los servicios o productos ofrecidos en el sitio web.<\/li>\n<\/ul>\n<p>Si el usuario tiene menos de 16 a\u00f1os, ya cumplidos, deber\u00e1 tener la autorizaci\u00f3n de sus padres o tutores legales para entregar sus datos personales. \u201cImma\u201d no tiene manera de comprobar efectivamente la edad de los usuarios, por lo que queda eximida de cualquier responsabilidad, si el usuario no cumple con lo aqu\u00ed indicado.<\/p>\n<p>\u201cImma\u201d en todo momento velar\u00e1 que el uso que se le da al sitio web, a los contenidos, y al tratamiento de los datos personales del usuario, se realicen de la forma m\u00e1s correcta. Para ello, el usuario siempre podr\u00e1 ejercer sus derechos de acceso, rectificaci\u00f3n, cancelaci\u00f3n, portabilidad, olvido u oposici\u00f3n, todo ello en fiel cumplimiento de las directrices de las leyes espa\u00f1olas y europeas, escribiendo al correo electr\u00f3nico: hola@immamestre.com.<\/p>\n<p>En ning\u00fan momento \u201cImma\u201d compartir\u00e1 con terceros los datos que posee. En caso de hacerlo para poder cumplir con el env\u00edo de los productos que haya adquirido el comprador, ofrecer los servicios contratados por alg\u00fan participante, enviar la newsletter, cumplir con exigencias legales o para la administraci\u00f3n del sitio web, se proporcionar\u00e1n los debidos acuerdos de confidencialidad entre las partes.<\/p>\n<p>Los enlaces a terceros que se puedan encontrar en el sitio web poseen pol\u00edticas de privacidad ajenas a \u201cImma\u201d. El acceso a estos sitios deber\u00e1 ser responsabilidad del usuario, siendo su responsabilidad conocerlas y su decisi\u00f3n aceptarlas o no.<\/p>\n<p>&nbsp;<\/p>\n<h3>FORMULARIOS<\/h3>\n<p>El sitio web dispone de 3 tipos de formularios:<\/p>\n<ul>\n<li><strong>De contacto: <\/strong>el usuario, comprador o participante podr\u00e1 encontrar formularios que facilitar\u00e1n la comunicaci\u00f3n con \u201cImma\u201d, para plantear dudas, comentarios, solicitar un presupuesto, reservar alguno de los productos o servicios ofrecidos en el sitio web o exigir alg\u00fan derecho que tenga. No suministrar los datos personales m\u00ednimos necesarios imposibilitar\u00e1 a \u201cImma\u201d responder a la petici\u00f3n. Este tratamiento se considerar\u00e1 leg\u00edtimo por ser parte de una diligencia pre-contractual.<\/li>\n<li><strong>De publicidad:<\/strong> se solicitar\u00e1 a los usuarios, compradores o participantes su consentimiento expreso y voluntario para entregar a \u201cImma\u201d, los m\u00ednimos datos necesarios para enviar publicidad e informaci\u00f3n comercial relacionada con los productos o servicios ofrecidos por \u201cImma\u201d, para que se agregue a un fichero automatizado de <em>email marketing.<\/em><\/li>\n<li><strong>Para comentarios en el blog: <\/strong>en aras de evitar el <em>spam<\/em>, mensajes inadecuados, y hacer un correcto seguimiento, se solicitar\u00e1 al usuario su nombre, email y sitio web para identificarlo en los comentarios que desee realizar en las entradas del blog. Estos datos ser\u00e1n visibles para otros usuarios del sitio web. Si no desea que los datos sean visibles por otras personas, deber\u00e1 comunicarse con \u201cImma\u201d al correo electr\u00f3nico: hola@immamestre.com.<\/li>\n<\/ul>\n<p>&nbsp;<\/p>\n<h3>ENCARGADOS DEL TRATAMIENTO<\/h3>\n<p>\u201cImma\u201d necesita el apoyo de terceros para poder ofrecer adecuadamente sus productos o servicios, con los cuales ha celebrado los debidos acuerdos de confidencialidad y ha verificado que cumplen con las normativas espa\u00f1olas sobre protecci\u00f3n de datos personales.<\/p>\n<p>Los datos suministrados a estos terceros no podr\u00e1n ser utilizados para otros fines no autorizados por el titular de los datos.<\/p>\n<p>En cumplimiento de los principios de informaci\u00f3n y transparencia, se hace saber que estos terceros son:<\/p>\n<ul>\n<li><strong>CDmon:<\/strong> empresa dedicada al alojamiento web y dominios. Servicio prestado por CDmon (10DENCEHISPAHARD, S.L.), est\u00e1 ubicada C\/ Girona 81-83 local 6, Malgrat de Mar 08380, Barcelona, Espa\u00f1a. Para consultar m\u00e1s informaci\u00f3n puedes visitar <a href=\"https:\/\/www.cdmon.com\/es\/contratos\/aviso-legal-y-politica-de-privacidad-de-datos\" target=\"_blank\" rel=\"noopener noreferrer\">https:\/\/www.cdmon.com\/es\/contratos\/aviso-legal-y-politica-de-privacidad-de-datos<\/a>.<\/li>\n<li><strong>Google Analytics:<\/strong> Google Analytics: Servicio de an\u00e1lisis web, para ver las estad\u00edsticas del uso del sitio web, a cargo de la empresa Google LLC, ubicada en Mountain View, California, Estados Unidos de Am\u00e9rica. Han adoptado cl\u00e1usulas tipo de procesamiento de datos aprobadas por la Comisi\u00f3n Europea que pueden ser consultadas en: <a href=\"https:\/\/cloud.google.com\/security\/gdpr\/resource-center\" target=\"_blank\" rel=\"noopener noreferrer\">https:\/\/cloud.google.com\/security\/gdpr\/resource-center<\/a>. Puedes ver m\u00e1s informaci\u00f3n sobre la pol\u00edtica de privacidad en <a href=\"https:\/\/policies.google.com\/privacy?hl=en.\" target=\"_blank\" rel=\"noopener noreferrer\">https:\/\/policies.google.com\/privacy?hl=en.<\/a><\/li>\n<li><strong>Active Campaign:<\/strong> Utilizada para el email marketing y gesti\u00f3n de clientes. Este servicio estar\u00e1 cargo de la compa\u00f1\u00eda ActiveCampaign, LLC, cuya oficina est\u00e1 ubicada en la ciudad de Chicago, EEUU. Han adoptado cl\u00e1usulas tipo de procesamiento de datos aprobadas por la Comisi\u00f3n Europea, que pueden ser consultadas en este enlace: <a href=\"https:\/\/www.activecampaign.com\/gdpr-updates\/\" target=\"_blank\" rel=\"noopener noreferrer\">https:\/\/www.activecampaign.com\/gdpr-updates\/<\/a>. Puedes ver m\u00e1s informaci\u00f3n sobre pol\u00edtica de privacidad aqu\u00ed en <a href=\"https:\/\/www.activecampaign.com\/privacy-policy\/\" target=\"_blank\" rel=\"noopener noreferrer\">https:\/\/www.activecampaign.com\/privacy-policy\/<\/a><\/li>\n<li><strong>Akismet: <\/strong>utilizada como servicio anti-spam, para recopilar informaci\u00f3n sobre los visitantes que dejan alg\u00fan comentario en el sitio web. La informaci\u00f3n que se recopila incluye la direcci\u00f3n IP del comentarista, el navegador del usuario, el sitio de referencia y la URL del sitio (adem\u00e1s de otra informaci\u00f3n directamente facilitada por el comentarista, como su nombre, nombre de usuario, direcci\u00f3n de correo electr\u00f3nico y el mismo comentario). Puedes obtener m\u00e1s informaci\u00f3n de la pol\u00edtica de privacidad de la aplicaci\u00f3n en\u00a0<a href=\"https:\/\/automattic.com\/privacy\/\" target=\"_blank\" rel=\"noopener noreferrer\">https:\/\/automattic.com\/privacy\/<\/a><\/li>\n<li><strong>Skype:<\/strong> herramienta utilizada para videoconferencias. Este servicio est\u00e1 a cargo de la empresa Microsoft Corporation, ubicada en Redmond, Washington, Estados Unidos de Am\u00e9rica. Ha adoptado cl\u00e1usulas tipo de procesamiento de datos aprobadas por la Comisi\u00f3n Europea que pueden ser consultadas en: https:\/\/docs.microsoft.com\/en-us\/microsoft-365\/compliance\/gdpr?view=o365-worldwide. Si desea obtener m\u00e1s informaci\u00f3n sobre su pol\u00edtica de privacidad puede consultar: https:\/\/privacy.microsoft.com\/es-mx\/privacystatement<\/li>\n<li><strong>Correos:<\/strong> Operador espa\u00f1ol de servicio postal y env\u00edo de paqueter\u00eda nacional e internacional. Es prestado por la Sociedad Estatal Correos y Tel\u00e9grafos, S.A., con domicilio social en V\u00eda Dubl\u00edn n\u00ba 7 (Campo de las Naciones) 28070 Madrid (Espa\u00f1a), CIF n\u00famero A83052407, e inscrita en el Registro Mercantil de Madrid, Tomo16.665, Libro 0, Folio 20, Secci\u00f3n 8, Hoja M-284323, Inscripci\u00f3n 1\u00aa (datos registrales del nombre de dominio \u00abcorreos.es\u00bb: Inscripci\u00f3n 1\/M en la Hoja, Secci\u00f3n, Folio, Libro y Tomo anteriormente indicados). Para m\u00e1s informaci\u00f3n sobre su pol\u00edtica de privacidad puedes ingresar en <a href=\"http:\/\/www.correos.es\/ss\/Satellite\/site\/pagina-privacidad\/sidioma=es_ES\" target=\"_blank\" rel=\"noopener noreferrer\">http:\/\/www.correos.es\/ss\/Satellite\/site\/pagina-privacidad\/sidioma=es_ES<\/a>.<\/li>\n<li><strong>Mail Boxes:<\/strong> empresa dedicada al transporte o env\u00edo de paqueter\u00edas o encomiendas a nivel nacional e internacional. Es un servicio prestado por MBE SPAIN 2000 S.L, cuyas oficinas se encuentran en la Gran V\u00eda de les Corts Catalanes, 129-131, planta 12, 08014 Barcelona, Espa\u00f1a. Si desea obtener mayor informaci\u00f3n sobre su pol\u00edtica de privacidad puede consultar: <a href=\"https:\/\/www.mbe.es\/es\/politica-de-privacidad\" target=\"_blank\" rel=\"noopener noreferrer\">https:\/\/www.mbe.es\/es\/politica-de-privacidad<\/a>.<\/li>\n<li><strong>MRW:<\/strong> empresa dedicada al transporte o env\u00edo de paqueter\u00edas o encomiendas a nivel nacional e internacional. Este servicio es prestado por la compa\u00f1\u00eda FITMAN, S.L., sociedad franquiciadora de la marca MRW, con domicilio social en Pol\u00edgono Industrial El Oliveral, Sub Pol\u00edgono II, parcela n\u00famero 13, 46190 Ribarroja de Turia (Valencia), sociedad inscrita en el Registro Mercantil de Barcelona en el tomo 38.192, Folio 47, Hoja B-44174, provista de CIF n\u00ba B-59060715. Si deseas consultar m\u00e1s informaci\u00f3n sobre su pol\u00edtica de privacidad ingresa a <a href=\"http:\/\/www.mrw.es\/uso_MRW_mensajeria\/transporte_condiciones.asp#capitol2\">mrw.es\/uso_MRW_mensajeria\/transporte_condiciones.asp#capitol2<\/a>.<\/li>\n<li><strong>Paypal:<\/strong> PayPal (Europe) S.\u00e0 r.l. et Cie, S.C.A. es la empresa utilizada para gestionar los pagos mediante tarjeta de d\u00e9bito y cr\u00e9dito en este sitio web. Ubicada en 22-24 Boulevard Royal L-2449, Luxemburgo. Para m\u00e1s informaci\u00f3n puede visitar https:\/\/www.paypal.com\/es\/webapps\/mpp\/ua\/privacy-full?locale.x=es_ES<\/li>\n<li><strong>Caribay Camacho:<\/strong> La asesor\u00eda legal est\u00e1 a cargo de Caribay Camacho, identificada con el NIF PT249431343, propietaria del sitio web marcacraft.com, y a quien puedes contactar mediante correo postal al Apartado Postal 745, 4501-901, Espinho-Portugal, o escribiendo al correo electr\u00f3nico \u00a0<a href=\"mailto:info@marcacraft.com\">info@marcacraft.com<\/a>. Si deseas conocer m\u00e1s sobre su pol\u00edtica de privacidad puedes ingresar en <a href=\"https:\/\/www.marcacraft.com\/terminos-y-condiciones\/\" target=\"_blank\" rel=\"noopener noreferrer\">https:\/\/www.marcacraft.com\/terminos-y-condiciones\/<\/a>.<\/li>\n<\/ul>\n<p>&nbsp;<\/p>\n<h3>POL\u00cdTICAS RELACIONADAS CON LA NEWSLETTER<\/h3>\n<p>Estas pol\u00edticas se entender\u00e1n en todo momento como parte complementaria de los t\u00e9rminos y condiciones expuestos en el sitio web, siendo ambos de igual aplicaci\u00f3n al momento de una controversia. La pol\u00edtica de privacidad y de propiedad intelectual aplicada ser\u00e1 la misma que se expone en los t\u00e9rminos y condiciones del sitio web.<\/p>\n<p>Se entender\u00e1 como \u201cnewsletter\u201d al bolet\u00edn digital que \u201cImma\u201d realiza de forma peri\u00f3dica y que hace llegar a sus suscriptores a trav\u00e9s de un proveedor de servicios de correo electr\u00f3nico externo, al cual el usuario se ha suscrito de manera voluntaria.<\/p>\n<p>\u201cImma\u201d no est\u00e1 en la obligaci\u00f3n de enviar en per\u00edodos de tiempo definidos la newsletter, por lo que es totalmente libre de hacerlo cuando lo estime conveniente. El usuario podr\u00e1 en todo momento ejercer sus derechos de acceso, rectificaci\u00f3n, cancelaci\u00f3n u oposici\u00f3n siguiendo las instrucciones que encontrar\u00e1 en el pie de p\u00e1gina de la newsletter.<\/p>\n<p>El usuario no deber\u00e1 compartir su contenido con terceros, ya que esto violar\u00eda los derechos de autor de \u201cImma\u201d. El \u00fanico canal de distribuci\u00f3n posible es el administrado y\/o autorizado por \u201cImma\u201d.<\/p>\n<p>\u201cImma\u201d no se har\u00e1 responsable por el contenido de terceros expuesto en la newsletter, cualquier controversia que surja deber\u00e1 ser tratada directamente con la persona o empresa de la cual se hace menci\u00f3n.<\/p>\n<p>Todo el material que se expone en la newsletter est\u00e1 protegido por derechos de autor a favor de \u201cImma\u201d, y en el caso de pertenecer a terceros, se entender\u00e1 que \u201cImma\u201d tiene la debida autorizaci\u00f3n para utilizarlo como se haya convenido con el autor.<\/p>\n<p>&nbsp;<\/p>\n<h3>DURACI\u00d3N DEL TRATAMIENTO<\/h3>\n<p>En el caso de los datos personales suministrados para facturaci\u00f3n y compra de productos o servicios, ser\u00e1n guardados por el tiempo legalmente aplicable.<\/p>\n<p>En el caso de los datos personales suministrados para boletines comerciales electr\u00f3nicos, ser\u00e1 por el tiempo que el titular de los datos desee permanecer en la lista de suscripci\u00f3n, por lo que podr\u00e1 darse de baja en el momento que as\u00ed lo desee, de forma autom\u00e1tica como se indica en cada bolet\u00edn, o escribiendo a hola@immamestre.com.<\/p>\n","protected":false},"excerpt":{"rendered":"<p>Responsable de los datos personales: Immaculada Mestre Cunillera, identificada con el n\u00famero de identificaci\u00f3n fiscal ES46680356Q, con domicilio en Barcelona, Espa\u00f1a, en lo adelante \u201cImma\u201d, y cuyo correo electr\u00f3nico de contacto es: hola@immamestre.com. Datos solicitados en el sitio web y finalidad del tratamiento. Nombre, apellidos y correo electr\u00f3nico en los formularios de contacto: para realizar [&hellip;]<\/p>\n","protected":false},"author":1,"featured_media":0,"parent":0,"menu_order":0,"comment_status":"closed","ping_status":"closed","template":"","meta":{"_et_pb_use_builder":"","_et_pb_old_content":"","_et_gb_content_width":"","_monsterinsights_skip_tracking":false,"_monsterinsights_sitenote_active":false,"_monsterinsights_sitenote_note":"","_monsterinsights_sitenote_category":0,"footnotes":""},"class_list":["post-2780","page","type-page","status-publish","hentry"],"yoast_head":"<!-- This site is optimized with the Yoast SEO plugin v26.1.1 - https:\/\/yoast.com\/wordpress\/plugins\/seo\/ -->\n<title>Pol\u00edtica de privacidad - Imma Mestre | Ilustraci\u00f3n<\/title>\n<meta name=\"robots\" content=\"index, follow, max-snippet:-1, max-image-preview:large, max-video-preview:-1\" \/>\n<link rel=\"canonical\" href=\"https:\/\/old.immamestre.com\/politica-de-privacitat\/\" \/>\n<meta property=\"og:locale\" content=\"es_ES\" \/>\n<meta property=\"og:type\" content=\"article\" \/>\n<meta property=\"og:title\" content=\"Pol\u00edtica de privacidad - Imma Mestre | Ilustraci\u00f3n\" \/>\n<meta property=\"og:description\" content=\"Responsable de los datos personales: Immaculada Mestre Cunillera, identificada con el n\u00famero de identificaci\u00f3n fiscal ES46680356Q, con domicilio en Barcelona, Espa\u00f1a, en lo adelante \u201cImma\u201d, y cuyo correo electr\u00f3nico de contacto es: hola@immamestre.com. Datos solicitados en el sitio web y finalidad del tratamiento. Nombre, apellidos y correo electr\u00f3nico en los formularios de contacto: para realizar [&hellip;]\" \/>\n<meta property=\"og:url\" content=\"https:\/\/old.immamestre.com\/politica-de-privacitat\/\" \/>\n<meta property=\"og:site_name\" content=\"Imma Mestre | Ilustraci\u00f3n\" \/>\n<meta property=\"article:modified_time\" content=\"2020-08-06T09:33:39+00:00\" \/>\n<meta name=\"twitter:label1\" content=\"Tiempo de lectura\" \/>\n\t<meta name=\"twitter:data1\" content=\"10 minutos\" \/>\n<script type=\"application\/ld+json\" class=\"yoast-schema-graph\">{\"@context\":\"https:\/\/schema.org\",\"@graph\":[{\"@type\":\"WebPage\",\"@id\":\"https:\/\/old.immamestre.com\/politica-de-privacitat\/\",\"url\":\"https:\/\/old.immamestre.com\/politica-de-privacitat\/\",\"name\":\"Pol\u00edtica de privacidad - Imma Mestre | Ilustraci\u00f3n\",\"isPartOf\":{\"@id\":\"https:\/\/old.immamestre.com\/#website\"},\"datePublished\":\"2015-01-04T15:59:14+00:00\",\"dateModified\":\"2020-08-06T09:33:39+00:00\",\"breadcrumb\":{\"@id\":\"https:\/\/old.immamestre.com\/politica-de-privacitat\/#breadcrumb\"},\"inLanguage\":\"es\",\"potentialAction\":[{\"@type\":\"ReadAction\",\"target\":[\"https:\/\/old.immamestre.com\/politica-de-privacitat\/\"]}]},{\"@type\":\"BreadcrumbList\",\"@id\":\"https:\/\/old.immamestre.com\/politica-de-privacitat\/#breadcrumb\",\"itemListElement\":[{\"@type\":\"ListItem\",\"position\":1,\"name\":\"Home\",\"item\":\"https:\/\/old.immamestre.com\/\"},{\"@type\":\"ListItem\",\"position\":2,\"name\":\"Pol\u00edtica de privacidad\"}]},{\"@type\":\"WebSite\",\"@id\":\"https:\/\/old.immamestre.com\/#website\",\"url\":\"https:\/\/old.immamestre.com\/\",\"name\":\"Imma Mestre | Ilustraci\u00f3n\",\"description\":\"ilustraci\u00f3n\",\"publisher\":{\"@id\":\"https:\/\/old.immamestre.com\/#\/schema\/person\/f649c9039586af566b698906bc9da076\"},\"potentialAction\":[{\"@type\":\"SearchAction\",\"target\":{\"@type\":\"EntryPoint\",\"urlTemplate\":\"https:\/\/old.immamestre.com\/?s={search_term_string}\"},\"query-input\":{\"@type\":\"PropertyValueSpecification\",\"valueRequired\":true,\"valueName\":\"search_term_string\"}}],\"inLanguage\":\"es\"},{\"@type\":[\"Person\",\"Organization\"],\"@id\":\"https:\/\/old.immamestre.com\/#\/schema\/person\/f649c9039586af566b698906bc9da076\",\"name\":\"Imma Mestre\",\"image\":{\"@type\":\"ImageObject\",\"inLanguage\":\"es\",\"@id\":\"https:\/\/old.immamestre.com\/#\/schema\/person\/image\/\",\"url\":\"https:\/\/secure.gravatar.com\/avatar\/fe9530742331fb8e4cb4de875d82303426947d472e41eb783b6dc62694aa6aff?s=96&d=mm&r=g\",\"contentUrl\":\"https:\/\/secure.gravatar.com\/avatar\/fe9530742331fb8e4cb4de875d82303426947d472e41eb783b6dc62694aa6aff?s=96&d=mm&r=g\",\"caption\":\"Imma Mestre\"},\"logo\":{\"@id\":\"https:\/\/old.immamestre.com\/#\/schema\/person\/image\/\"},\"description\":\"Hola soy Imma. Ilustradora. Hablo a trav\u00e9s de ilustraciones. Dame un l\u00e1piz y pinto tu mundo con historias ilustradas que te har\u00e1n despuntar.\",\"sameAs\":[\"https:\/\/www.immamestre.com\"]}]}<\/script>\n<!-- \/ Yoast SEO plugin. -->","yoast_head_json":{"title":"Pol\u00edtica de privacidad - Imma Mestre | Ilustraci\u00f3n","robots":{"index":"index","follow":"follow","max-snippet":"max-snippet:-1","max-image-preview":"max-image-preview:large","max-video-preview":"max-video-preview:-1"},"canonical":"https:\/\/old.immamestre.com\/politica-de-privacitat\/","og_locale":"es_ES","og_type":"article","og_title":"Pol\u00edtica de privacidad - Imma Mestre | Ilustraci\u00f3n","og_description":"Responsable de los datos personales: Immaculada Mestre Cunillera, identificada con el n\u00famero de identificaci\u00f3n fiscal ES46680356Q, con domicilio en Barcelona, Espa\u00f1a, en lo adelante \u201cImma\u201d, y cuyo correo electr\u00f3nico de contacto es: hola@immamestre.com. Datos solicitados en el sitio web y finalidad del tratamiento. Nombre, apellidos y correo electr\u00f3nico en los formularios de contacto: para realizar [&hellip;]","og_url":"https:\/\/old.immamestre.com\/politica-de-privacitat\/","og_site_name":"Imma Mestre | Ilustraci\u00f3n","article_modified_time":"2020-08-06T09:33:39+00:00","twitter_misc":{"Tiempo de lectura":"10 minutos"},"schema":{"@context":"https:\/\/schema.org","@graph":[{"@type":"WebPage","@id":"https:\/\/old.immamestre.com\/politica-de-privacitat\/","url":"https:\/\/old.immamestre.com\/politica-de-privacitat\/","name":"Pol\u00edtica de privacidad - Imma Mestre | Ilustraci\u00f3n","isPartOf":{"@id":"https:\/\/old.immamestre.com\/#website"},"datePublished":"2015-01-04T15:59:14+00:00","dateModified":"2020-08-06T09:33:39+00:00","breadcrumb":{"@id":"https:\/\/old.immamestre.com\/politica-de-privacitat\/#breadcrumb"},"inLanguage":"es","potentialAction":[{"@type":"ReadAction","target":["https:\/\/old.immamestre.com\/politica-de-privacitat\/"]}]},{"@type":"BreadcrumbList","@id":"https:\/\/old.immamestre.com\/politica-de-privacitat\/#breadcrumb","itemListElement":[{"@type":"ListItem","position":1,"name":"Home","item":"https:\/\/old.immamestre.com\/"},{"@type":"ListItem","position":2,"name":"Pol\u00edtica de privacidad"}]},{"@type":"WebSite","@id":"https:\/\/old.immamestre.com\/#website","url":"https:\/\/old.immamestre.com\/","name":"Imma Mestre | Ilustraci\u00f3n","description":"ilustraci\u00f3n","publisher":{"@id":"https:\/\/old.immamestre.com\/#\/schema\/person\/f649c9039586af566b698906bc9da076"},"potentialAction":[{"@type":"SearchAction","target":{"@type":"EntryPoint","urlTemplate":"https:\/\/old.immamestre.com\/?s={search_term_string}"},"query-input":{"@type":"PropertyValueSpecification","valueRequired":true,"valueName":"search_term_string"}}],"inLanguage":"es"},{"@type":["Person","Organization"],"@id":"https:\/\/old.immamestre.com\/#\/schema\/person\/f649c9039586af566b698906bc9da076","name":"Imma Mestre","image":{"@type":"ImageObject","inLanguage":"es","@id":"https:\/\/old.immamestre.com\/#\/schema\/person\/image\/","url":"https:\/\/secure.gravatar.com\/avatar\/fe9530742331fb8e4cb4de875d82303426947d472e41eb783b6dc62694aa6aff?s=96&d=mm&r=g","contentUrl":"https:\/\/secure.gravatar.com\/avatar\/fe9530742331fb8e4cb4de875d82303426947d472e41eb783b6dc62694aa6aff?s=96&d=mm&r=g","caption":"Imma Mestre"},"logo":{"@id":"https:\/\/old.immamestre.com\/#\/schema\/person\/image\/"},"description":"Hola soy Imma. Ilustradora. Hablo a trav\u00e9s de ilustraciones. Dame un l\u00e1piz y pinto tu mundo con historias ilustradas que te har\u00e1n despuntar.","sameAs":["https:\/\/www.immamestre.com"]}]}},"_links":{"self":[{"href":"https:\/\/old.immamestre.com\/es\/wp-json\/wp\/v2\/pages\/2780","targetHints":{"allow":["GET"]}}],"collection":[{"href":"https:\/\/old.immamestre.com\/es\/wp-json\/wp\/v2\/pages"}],"about":[{"href":"https:\/\/old.immamestre.com\/es\/wp-json\/wp\/v2\/types\/page"}],"author":[{"embeddable":true,"href":"https:\/\/old.immamestre.com\/es\/wp-json\/wp\/v2\/users\/1"}],"replies":[{"embeddable":true,"href":"https:\/\/old.immamestre.com\/es\/wp-json\/wp\/v2\/comments?post=2780"}],"version-history":[{"count":29,"href":"https:\/\/old.immamestre.com\/es\/wp-json\/wp\/v2\/pages\/2780\/revisions"}],"predecessor-version":[{"id":12444,"href":"https:\/\/old.immamestre.com\/es\/wp-json\/wp\/v2\/pages\/2780\/revisions\/12444"}],"wp:attachment":[{"href":"https:\/\/old.immamestre.com\/es\/wp-json\/wp\/v2\/media?parent=2780"}],"curies":[{"name":"wp","href":"https:\/\/api.w.org\/{rel}","templated":true}]}}